{"id":1489,"date":"2023-03-01T15:53:56","date_gmt":"2023-03-01T18:53:56","guid":{"rendered":"https:\/\/sauceviejo.gob.ar\/sauceonline\/?page_id=1489"},"modified":"2025-04-30T05:35:44","modified_gmt":"2025-04-30T08:35:44","slug":"medio-ambiente-y-zoonosis","status":"publish","type":"page","link":"https:\/\/sauceviejo.gob.ar\/sauceonline\/medio-ambiente-y-zoonosis\/","title":{"rendered":"Ambiente y Zoonosis"},"content":{"rendered":"<!-- VideographyWP Plugin Message: Automatic video embedding prevented by plugin options. -->\n\n<div style=\"height:59px\" aria-hidden=\"true\" class=\"wp-block-spacer\"><\/div>\n\n\n\n<div class=\"wp-block-uagb-advanced-heading uagb-block-89490be8\"><h2 class=\"uagb-heading-text\">Ambiente y Zoonosis<\/h2><\/div>\n\n\n<style>\r\n\r\n#wpsm_counter_b_row_2416 .wpsm_counterbox\r\n{\r\n\ttext-align:center;\r\n\tmargin-top:50px;\r\n\tmargin-bottom:50px;\r\n}\r\n#wpsm_counter_b_row_2416 .wpsm_counterbox .wpsm_count-icon{\r\n\tdisplay:block;\r\n\tmargin-top:20px;\r\n\tpadding-top:0px;\r\n\tpadding-bottom:0px;\r\n\tmargin-bottom:0px;\r\n\tmargin:0 auto;\r\n}\r\n#wpsm_counter_b_row_2416 .wpsm_counterbox .wpsm_count-icon i{\r\n\tfont-size:50px;\r\n\tcolor:#dd3333;\r\n}\r\n#wpsm_counter_b_row_2416 .wpsm_counterbox .wpsm_number{\r\n\tfont-size:60px;\r\n\tfont-weight:400;\r\n\tcolor:#000000;\r\n\tfont-family:'Arial';\r\n\tletter-spacing:2px;\r\n\tmargin-top:20px;\r\n\tline-height: 1.3em;\r\n\tpadding-top:0px;\r\n\tpadding-bottom:0px;\r\n\tmargin-bottom:0px;\r\n}\r\n#wpsm_counter_b_row_2416 .wpsm_counterbox .wpsm_count-title{\r\n    font-size:15px;\r\n\tfont-weight:bolder;\r\n\tfont-family:'Arial';\r\n\tletter-spacing:2px;\r\n    color: #000000;\r\n\tfont-weight:400;\r\n\tmargin-top:20px;\r\n\tpadding-top:0px;\r\n\tpadding-bottom:0px;\r\n\tmargin-bottom:0px;\r\n\tline-height: 1.3em;\r\n}\r\n\r\n<\/style> \r\n\t\t \r\n\t\t\r\n\t\t<style>\r\n\t\t#wpsm_counter_b_row_2416\t\t\t{\r\n\t\t\t\t\r\n\t\t\t\tposition:relative;\r\n\t\t\t\twidth:100%;\r\n\t\t\t\toverflow:hidden;\r\n\t\t\t\ttext-align:center;\r\n\t\t\t}\r\n\t\t\t \r\n\t\t\t#wpsm_counter_b_row_2416 .wpsm_row{\r\n\t\t\toverflow:hidden;\r\n\t\t\tdisplay:block;\r\n\t\t\twidth:100%;\r\n\t\t\t} \r\n\t\t\t \r\n\t\t\t#wpsm_counter_b_row_2416 .wpsm_row{\r\n\t\t\toverflow:visible;\r\n\t\t\t} \r\n\t\t\t \r\n\t\t\t#wpsm_counter_b_row_2416 .wpsm_counterbox .wpsm_count-title{\r\n\t\t\tmin-height:56px;\r\n\t\t\t}}\r\n\t\t\t \r\n\t\t<\/style>\r\n\t\t\r\n\t\t<div class=\"wpsm_counter_b_row\" id=\"wpsm_counter_b_row_2416\">\r\n\t\t\t<div>\r\n\t\t\t\t<div class=\"wpsm_row\">\r\n\t\t\r\n\t\t\t\t\t\t<div class=\"wpsm_col-md-3 wpsm_col-sm-6\">\r\n\t\t\t\t\t<div class=\"wpsm_counterbox\">\r\n\t\t\t\t\t\t \r\n\t\t\t\t\t\t<div class=\"wpsm_count-icon\"><i #dd3333 class=\"fa fa-stethoscope\"><\/i><\/div>\r\n\t\t\t\t\t\t\t\t\t\t\t\t<div class=\"wpsm_number\" style=\"#000000\" >\r\n\t\t\t\t\t\t   <span class=\"counter\">6404\t\t\t\t\t\t   <\/span>\r\n\t\t\t\t\t\t    \r\n\t\t\t\t\t    <\/div>\r\n\t\t\t\t\t\t<h3 class=\"wpsm_count-title\" #000000> Vacunaci\u00f3n antirr\u00e1bica<\/h3>\r\n\t\t\t\t\t\t \r\n\t\t\t\t\t<\/div>\r\n\t\t\t\t<\/div>\r\n\t\t\t\t\t\t\t\t\t<div class=\"wpsm_col-md-3 wpsm_col-sm-6\">\r\n\t\t\t\t\t<div class=\"wpsm_counterbox\">\r\n\t\t\t\t\t\t \r\n\t\t\t\t\t\t<div class=\"wpsm_count-icon\"><i #dd3333 class=\"fa fa-ambulance\"><\/i><\/div>\r\n\t\t\t\t\t\t\t\t\t\t\t\t<div class=\"wpsm_number\" style=\"#000000\" >\r\n\t\t\t\t\t\t   <span class=\"counter\">3789\t\t\t\t\t\t   <\/span>\r\n\t\t\t\t\t\t    \r\n\t\t\t\t\t    <\/div>\r\n\t\t\t\t\t\t<h3 class=\"wpsm_count-title\" #000000> Esterilizaciones<\/h3>\r\n\t\t\t\t\t\t \r\n\t\t\t\t\t<\/div>\r\n\t\t\t\t<\/div>\r\n\t\t\t\t\t\t\t\t\t<div class=\"wpsm_col-md-3 wpsm_col-sm-6\">\r\n\t\t\t\t\t<div class=\"wpsm_counterbox\">\r\n\t\t\t\t\t\t \r\n\t\t\t\t\t\t<div class=\"wpsm_count-icon\"><i #dd3333 class=\"fa fa-arrow-circle-o-down\"><\/i><\/div>\r\n\t\t\t\t\t\t\t\t\t\t\t\t<div class=\"wpsm_number\" style=\"#000000\" >\r\n\t\t\t\t\t\t   <span class=\"counter\">583\t\t\t\t\t\t   <\/span>\r\n\t\t\t\t\t\t    \r\n\t\t\t\t\t    <\/div>\r\n\t\t\t\t\t\t<h3 class=\"wpsm_count-title\" #000000> \u00c1rboles plantados<\/h3>\r\n\t\t\t\t\t\t \r\n\t\t\t\t\t<\/div>\r\n\t\t\t\t<\/div>\r\n\t\t\t\t\t\t\t\t\t<div class=\"wpsm_col-md-3 wpsm_col-sm-6\">\r\n\t\t\t\t\t<div class=\"wpsm_counterbox\">\r\n\t\t\t\t\t\t \r\n\t\t\t\t\t\t<div class=\"wpsm_count-icon\"><i #dd3333 class=\"fa fa-laptop\"><\/i><\/div>\r\n\t\t\t\t\t\t\t\t\t\t\t\t<div class=\"wpsm_number\" style=\"#000000\" >\r\n\t\t\t\t\t\t   <span class=\"counter\">28\t\t\t\t\t\t   <\/span>\r\n\t\t\t\t\t\t    \r\n\t\t\t\t\t    <\/div>\r\n\t\t\t\t\t\t<h3 class=\"wpsm_count-title\" #000000> Jornadas Atenci\u00f3n primaria<\/h3>\r\n\t\t\t\t\t\t \r\n\t\t\t\t\t<\/div>\r\n\t\t\t\t<\/div>\r\n\t\t\t\t\t\t<\/div>\r\n\t\t\t<div class=\"wpsm_row\">\r\n\t\t\t\t\t\t\t\t<div class=\"wpsm_col-md-3 wpsm_col-sm-6\">\r\n\t\t\t\t\t<div class=\"wpsm_counterbox\">\r\n\t\t\t\t\t\t \r\n\t\t\t\t\t\t<div class=\"wpsm_count-icon\"><i #dd3333 class=\"fa fa-calendar\"><\/i><\/div>\r\n\t\t\t\t\t\t\t\t\t\t\t\t<div class=\"wpsm_number\" style=\"#000000\" >\r\n\t\t\t\t\t\t   <span class=\"counter\">163\t\t\t\t\t\t   <\/span>\r\n\t\t\t\t\t\t    \r\n\t\t\t\t\t    <\/div>\r\n\t\t\t\t\t\t<h3 class=\"wpsm_count-title\" #000000> Jornadas de castraci\u00f3n<\/h3>\r\n\t\t\t\t\t\t \r\n\t\t\t\t\t<\/div>\r\n\t\t\t\t<\/div>\r\n\t\t\t\t\t\t\t\r\n\t\t\t<\/div>\t\t\t\t<\/div>\r\n\t\t<\/div>\r\n\t\t\r\n\t\n\n\n\n<p>Desde el comienzo de la gesti\u00f3n se vacunaron contra la rabia a 5168 animales incluyendo en este mes vacunas antirrabicas en una jornada especial en veterinarias particulares.<\/p>\n\n\n\n<p>Fueron 3603 animales esterilizados enfatizando la importancia de dicha pr\u00e1ctica<\/p>\n\n\n\n<p>23 jornadas de Atenci\u00f3n Veterinaria Basica d\u00e1ndole atenci\u00f3n primaria a 786 animales<\/p>\n\n\n\n<p>Trabajando en coordinaci\u00f3n con el 911, policia ecologica y guardia urbana atendiendo a 108 situaciones especiales con denuncias y reclamos\u00a0particulares<\/p>\n\n\n\n<div class=\"wp-block-uagb-container uagb-block-3ef90849 alignfull uagb-is-root-container\"><div class=\"uagb-container-inner-blocks-wrap\">\n<div class=\"wp-block-uagb-container uagb-block-507127dd\"><div class=\"wp-block-image\">\n<figure class=\"alignright size-large is-resized\"><a href=\"https:\/\/sauceviejo.gob.ar\/sauceonline\/wp-content\/uploads\/2023\/03\/Pirotecnia-cero-1.jpg\"><img loading=\"lazy\" decoding=\"async\" width=\"818\" height=\"1024\" src=\"https:\/\/sauceviejo.gob.ar\/sauceonline\/wp-content\/uploads\/2023\/03\/Pirotecnia-cero-1-818x1024.jpg\" alt=\"\" class=\"wp-image-3924\" style=\"width:409px;height:512px\" srcset=\"https:\/\/sauceviejo.gob.ar\/sauceonline\/wp-content\/uploads\/2023\/03\/Pirotecnia-cero-1-818x1024.jpg 818w, https:\/\/sauceviejo.gob.ar\/sauceonline\/wp-content\/uploads\/2023\/03\/Pirotecnia-cero-1-240x300.jpg 240w, https:\/\/sauceviejo.gob.ar\/sauceonline\/wp-content\/uploads\/2023\/03\/Pirotecnia-cero-1-768x961.jpg 768w, https:\/\/sauceviejo.gob.ar\/sauceonline\/wp-content\/uploads\/2023\/03\/Pirotecnia-cero-1.jpg 1023w\" sizes=\"auto, (max-width: 818px) 100vw, 818px\" \/><\/a><\/figure><\/div><\/div>\n\n\n\n<div class=\"wp-block-uagb-container uagb-block-09d61701\">\n<p>Con el objetivo de mejorar la&nbsp;convivencia&nbsp;y calidad de vida de animales, beb\u00e9s, adultos mayores y personas con discapacidad o trastornos, en 2018 se sancion\u00f3 la ordenanza N\u00b0 3546 que proh\u00edbe en todo el \u00e1mbito del ejido municipal la tenencia, fabricaci\u00f3n, manipulaci\u00f3n, circulaci\u00f3n, transporte, comercializaci\u00f3n, dep\u00f3sito y expendio al p\u00fablico mayorista o minorista y uso particular de todo elemento de pirotecnia o coheter\u00eda.<\/p>\n\n\n\n<p>En la mencionada ordenanza, se establecen los motivos que llevaron a sancionar esta normativa.<\/p>\n\n\n\n<p>Los antecedentes y experiencias llevadas a cabo en diversas Comunas y Municipios de nuestro pa\u00eds acerca del amplio y abarcativo resultado, referente al mejoramiento de la salud y la convivencia p\u00fablica, que ha dado la promulgaci\u00f3n de Ordenanzas relativas a Pirotecnia Cero<\/p>\n<\/div>\n<\/div><\/div>\n\n\n\n<div style=\"height:55px\" aria-hidden=\"true\" class=\"wp-block-spacer\"><\/div>\n\n\n\n<h2 class=\"wp-block-heading has-text-align-center\"><strong><strong><mark style=\"background-color:rgba(0, 0, 0, 0)\" class=\"has-inline-color has-ast-global-color-1-color\">VISI\u00d3N, MISI\u00d3N Y OBJETIVOS:<\/mark><\/strong><\/strong><\/h2>\n\n\n\n<div style=\"height:43px\" aria-hidden=\"true\" class=\"wp-block-spacer\"><\/div>\n\n\n\n<div class=\"wp-block-media-text alignwide is-stacked-on-mobile is-vertically-aligned-center\" style=\"grid-template-columns:45% auto\"><figure class=\"wp-block-media-text__media\"><img loading=\"lazy\" decoding=\"async\" width=\"1024\" height=\"630\" src=\"https:\/\/sauceviejo.gob.ar\/sauceonline\/wp-content\/uploads\/2023\/03\/Medio-ambiente-y-zoonosis-1024x630.jpg\" alt=\"\" class=\"wp-image-2412 size-full\" srcset=\"https:\/\/sauceviejo.gob.ar\/sauceonline\/wp-content\/uploads\/2023\/03\/Medio-ambiente-y-zoonosis-1024x630.jpg 1024w, https:\/\/sauceviejo.gob.ar\/sauceonline\/wp-content\/uploads\/2023\/03\/Medio-ambiente-y-zoonosis-300x185.jpg 300w, https:\/\/sauceviejo.gob.ar\/sauceonline\/wp-content\/uploads\/2023\/03\/Medio-ambiente-y-zoonosis-768x473.jpg 768w, https:\/\/sauceviejo.gob.ar\/sauceonline\/wp-content\/uploads\/2023\/03\/Medio-ambiente-y-zoonosis.jpg 1280w\" sizes=\"auto, (max-width: 1024px) 100vw, 1024px\" \/><\/figure><div class=\"wp-block-media-text__content\">\n<h3 class=\"wp-block-heading has-text-align-center has-text-color\" style=\"color:#000000\"><\/h3>\n\n\n\n<p>La Direcci\u00f3n de Ambiente y Zoonosis tiene como visi\u00f3n lograr una calidad de vida acorde a la cultura e idiosincrasia local, ofrecer un servicio p\u00fablico de calidad en el cuidado del ambiente y la salud p\u00fablica, promoviendo adem\u00e1s por su compromiso, dedicaci\u00f3n e innovaci\u00f3n en la formaci\u00f3n, capacitaci\u00f3n y desarrollo de los integrantes de las distintas \u00e1reas que la componen.<\/p>\n\n\n\n<p>Nuestra misi\u00f3n es contribuir al desarrollo humano sustentable e inclusivo, por medio de la promoci\u00f3n del cuidado ambiental y la salud p\u00fablica como objetivo social; respondiendo a los requerimientos ciudadanos en base al uso eficiente de los recursos y motivando la participaci\u00f3n ciudadana.<\/p>\n<\/div><\/div>\n\n\n\n<div style=\"height:31px\" aria-hidden=\"true\" class=\"wp-block-spacer\"><\/div>\n\n\n\n<p class=\"has-text-align-center has-ast-global-color-8-background-color has-background\" id=\"inicio\"><strong>La oficina de ambiente y zoonosis se encuentra continuando la calle presidente Agust\u00edn Justo, hac\u00eda el oeste.<br>El horario de atenci\u00f3n es de&nbsp;7:00&nbsp;a&nbsp;13:00 hs.<\/strong><\/p>\n\n\n\n<div style=\"height:32px\" aria-hidden=\"true\" class=\"wp-block-spacer\"><\/div>\n\n\n\n<h4 class=\"wp-block-heading has-text-align-center\">En nuestra Direcci\u00f3n tenemos puesta la mirada en:<\/h4>\n\n\n\n<div style=\"height:33px\" aria-hidden=\"true\" class=\"wp-block-spacer\"><\/div>\n\n\n\n<div class=\"wp-block-buttons alignwide is-content-justification-space-between is-layout-flex wp-container-core-buttons-is-layout-1 wp-block-buttons-is-layout-flex\">\n<div class=\"wp-block-button has-custom-font-size is-style-outline has-small-font-size is-style-outline--1\"><a class=\"wp-block-button__link wp-element-button\" href=\"#arbolado\">Arbolado P\u00fablico<\/a><\/div>\n\n\n\n<div class=\"wp-block-button has-custom-font-size is-style-outline has-small-font-size is-style-outline--2\"><a class=\"wp-block-button__link wp-element-button\" href=\"#educacion-ambiental\">Educ. Ambiental<\/a><\/div>\n\n\n\n<div class=\"wp-block-button has-custom-font-size is-style-outline has-small-font-size is-style-outline--3\"><a class=\"wp-block-button__link wp-element-button\" href=\"#castraciones\">Castraciones<\/a><\/div>\n\n\n\n<div class=\"wp-block-button has-custom-font-size is-style-outline has-small-font-size is-style-outline--4\"><a class=\"wp-block-button__link wp-element-button\" href=\"#zoonosis\">ZOONOSIS<\/a><\/div>\n\n\n\n<div class=\"wp-block-button has-custom-font-size is-style-outline has-small-font-size is-style-outline--5\"><a class=\"wp-block-button__link wp-element-button\" href=\"#noticias_ambiente\">Noticias<\/a><\/div>\n<\/div>\n\n\n\n<div style=\"height:29px\" aria-hidden=\"true\" class=\"wp-block-spacer\"><\/div>\n\n\n\n<p class=\"has-text-align-center\"><em><strong>Hac\u00e9 un clic en cualquier opci\u00f3n para conocer m\u00e1s detalles<\/strong><\/em><\/p>\n\n\n\n<div style=\"height:54px\" aria-hidden=\"true\" id=\"arbolado\" class=\"wp-block-spacer\"><\/div>\n\n\n\n<h3 class=\"wp-block-heading has-ast-global-color-5-color has-ast-global-color-1-background-color has-text-color has-background has-medium-font-size\">Arbolado P\u00fablico<\/h3>\n\n\n\n<div style=\"height:47px\" aria-hidden=\"true\" class=\"wp-block-spacer\"><\/div>\n\n\n\n<div class=\"wp-block-columns is-layout-flex wp-container-core-columns-is-layout-1 wp-block-columns-is-layout-flex\">\n<div class=\"wp-block-column is-layout-flow wp-block-column-is-layout-flow\">\n<p class=\"has-text-align-center\"><strong>Solicitud de verificaci\u00f3n <\/strong><br><strong>poda y\/o extracci\u00f3n de ejemplares arb\u00f3reos<\/strong><br><\/p>\n\n\n\n<p class=\"has-text-align-left\"><em><strong>En esta misma p\u00e1gina, por debajo, se puede descargar el formulario para solicitar la verificaci\u00f3n de ejemplar para poda, verificaci\u00f3n o extracci\u00f3n de \u00e1rboles<\/strong><\/em>. El mismo debe presentarse por duplicado en la <strong>Mesa de Entrada Municipal <\/strong>(Rivadavia 1164), de lunes a viernes en el horario de 7:00 a 13:00.<br>Centro municipal norte (calle 17 y 6) de lunes a viernes de 7:00 a 13:00.<\/p>\n\n\n\n<p>Desde la Direcci\u00f3n de ambiente y zoonosis, se recuerda que est\u00e1 vigente la Ley Provincial N\u00ba 13836\/16, por lo cual se encuentra prohibida la intervenci\u00f3n particular sobre el arbolado p\u00fablico ya sea para la poda, extracci\u00f3n, corte de ra\u00edces o plantaci\u00f3n de ejemplares.<\/p>\n\n\n\n<p>Tambi\u00e9n se recuerda que el volumen de restos de poda a depositar en la v\u00eda p\u00fablica nunca debe exceder los dos&nbsp;metros&nbsp;c\u00fabicos.<\/p>\n<\/div>\n\n\n\n<div class=\"wp-block-column is-layout-flow wp-block-column-is-layout-flow\">\n<p class=\"has-text-align-center\"><strong>Forestaci\u00f3n en veredas: (cap 12 de la ordenanza de edificaciones&nbsp;privadas)<\/strong><\/p>\n\n\n\n<div data-wp-interactive=\"core\/file\" class=\"wp-block-file\"><object data-wp-bind--hidden=\"!state.hasPdfPreview\" hidden class=\"wp-block-file__embed\" data=\"https:\/\/sauceviejo.gob.ar\/sauceonline\/wp-content\/uploads\/2023\/03\/Forestacion.pdf\" type=\"application\/pdf\" style=\"width:100%;height:600px\" aria-label=\"Incrustado de Forestacion.\"><\/object><a id=\"wp-block-file--media-e2164904-1ebd-452e-b539-ccbe3787eacc\" href=\"https:\/\/sauceviejo.gob.ar\/sauceonline\/wp-content\/uploads\/2023\/03\/Forestacion.pdf\">Forestacion<\/a><a href=\"https:\/\/sauceviejo.gob.ar\/sauceonline\/wp-content\/uploads\/2023\/03\/Forestacion.pdf\" class=\"wp-block-file__button wp-element-button\" download aria-describedby=\"wp-block-file--media-e2164904-1ebd-452e-b539-ccbe3787eacc\">Descarga<\/a><\/div>\n<\/div>\n<\/div>\n\n\n\n<h5 class=\"wp-block-heading has-text-align-center\">Descarg\u00e1 el formulario desde ac\u00e1<\/h5>\n\n\n\n<div class=\"wp-block-columns is-layout-flex wp-container-core-columns-is-layout-2 wp-block-columns-is-layout-flex\">\n<div class=\"wp-block-column is-layout-flow wp-block-column-is-layout-flow\">\n<div data-wp-interactive=\"core\/file\" class=\"wp-block-file\"><object data-wp-bind--hidden=\"!state.hasPdfPreview\" hidden class=\"wp-block-file__embed\" data=\"https:\/\/sauceviejo.gob.ar\/sauceonline\/wp-content\/uploads\/2023\/03\/Verificacion-de-especie.pdf\" type=\"application\/pdf\" style=\"width:100%;height:600px\" aria-label=\"Incrustado de Verificaci\u00f3n de especie.\"><\/object><a id=\"wp-block-file--media-25a7cb69-babd-4cf1-aa66-0be021fa1be0\" href=\"https:\/\/sauceviejo.gob.ar\/sauceonline\/wp-content\/uploads\/2023\/03\/Verificacion-de-especie.pdf\">Verificaci\u00f3n de especie<\/a><a href=\"https:\/\/sauceviejo.gob.ar\/sauceonline\/wp-content\/uploads\/2023\/03\/Verificacion-de-especie.pdf\" class=\"wp-block-file__button wp-element-button\" download aria-describedby=\"wp-block-file--media-25a7cb69-babd-4cf1-aa66-0be021fa1be0\">Descarga<\/a><\/div>\n<\/div>\n\n\n\n<div class=\"wp-block-column is-layout-flow wp-block-column-is-layout-flow\">\n<div data-wp-interactive=\"core\/file\" class=\"wp-block-file\"><object data-wp-bind--hidden=\"!state.hasPdfPreview\" hidden class=\"wp-block-file__embed\" data=\"https:\/\/sauceviejo.gob.ar\/sauceonline\/wp-content\/uploads\/2023\/03\/Solicitud-Arbolado-frentista1.pdf\" type=\"application\/pdf\" style=\"width:100%;height:600px\" aria-label=\"Incrustado de Solicitud-Arbolado-frentista1.\"><\/object><a id=\"wp-block-file--media-f231553a-eca4-47f9-a561-432f0ee4d23c\" href=\"https:\/\/sauceviejo.gob.ar\/sauceonline\/wp-content\/uploads\/2023\/03\/Solicitud-Arbolado-frentista1.pdf\">Solicitud-Arbolado-frentista1<\/a><a href=\"https:\/\/sauceviejo.gob.ar\/sauceonline\/wp-content\/uploads\/2023\/03\/Solicitud-Arbolado-frentista1.pdf\" class=\"wp-block-file__button wp-element-button\" download aria-describedby=\"wp-block-file--media-f231553a-eca4-47f9-a561-432f0ee4d23c\">Descarga<\/a><\/div>\n<\/div>\n<\/div>\n\n\n\n<div class=\"wp-block-buttons is-content-justification-center is-layout-flex wp-container-core-buttons-is-layout-2 wp-block-buttons-is-layout-flex\">\n<div class=\"wp-block-button\"><a class=\"wp-block-button__link wp-element-button\" href=\"#inicio\">Volver<\/a><\/div>\n<\/div>\n\n\n\n<div style=\"height:100px\" aria-hidden=\"true\" class=\"wp-block-spacer\"><\/div>\n\n\n\n<h3 class=\"wp-block-heading has-ast-global-color-5-color has-ast-global-color-1-background-color has-text-color has-background has-medium-font-size\" id=\"educacion-ambiental\">Educaci\u00f3n Ambiental<\/h3>\n\n\n\n<div style=\"height:68px\" aria-hidden=\"true\" id=\"castraciones\" class=\"wp-block-spacer\"><\/div>\n\n\n\n<p>La<strong> Educaci\u00f3n Ambiental<\/strong> cumple un rol fundamental como herramienta de gesti\u00f3n.<br>Desde la Direcci\u00f3n de Ambiente y Zoonosis se est\u00e1 trabajando arduamente en la comunicaci\u00f3n y ense\u00f1anza de informaci\u00f3n que hacen a la mejora del ambiente en general, tales como:<\/p>\n\n\n\n<p>\u2022 <strong>Gesti\u00f3n Integral de los Residuos S\u00f3lidos Urbanos<\/strong>: el mismo tiene un enfoque integral y conduce a una mejor calidad de vida de la poblaci\u00f3n y al cuidado de la Naturaleza. Se basa en las siguientes pr\u00e1cticas: consumo responsable, reducci\u00f3n, reutilizaci\u00f3n, reciclaje, valorizaci\u00f3n de la energ\u00eda y separaci\u00f3n de residuos. La puesta en marcha de estas pr\u00e1cticas exige una transici\u00f3n en la recolecci\u00f3n de los residuos que se llevar\u00e1 a cabo de manera diferenciada. Para ello, se ubicar\u00e1n contenedores espec\u00edficos en los diferentes barrios del distrito, de esta manera, los vecinos podr\u00e1n depositar los residuos recuperables para que puedan ser reciclados.<br>\u2022 <strong>Compostaje<\/strong>: se invita a los vecinos a realizar compost domiciliario y de esta manera gestionar sus residuos org\u00e1nicos. Se concientiza e informa sobre todos los beneficios que genera realizar esta pr\u00e1ctica en los hogares.<br>\u2022 <strong>Arbolado P\u00fablico<\/strong>: concientizar sobre los servicios ecosist\u00e9micos que brindan los \u00e1rboles, especies adecuadas a plantar en cada lugar, condiciones y cuidados que requieren los ejemplares.<br>\u2022 <strong>Huerta domiciliaria y soberan\u00eda alimentaria<\/strong>: fomentar la importancia de conseguir la soberan\u00eda alimentaria a partir de la confecci\u00f3n de la huerta domiciliaria y la cosecha de semillas propias. Se capacita a los vecinos y se les brinda los pasos a seguir para que se inicien en esta tarea y se les entrega semillas en cada temporada (oto\u00f1o-invierno y primavera-verano).<\/p>\n\n\n\n<p>El objetivo principal es que la sociedad sauce\u00f1a pueda comenzar a tener m\u00e1s h\u00e1bitos sustentables, se comprometan con la tem\u00e1tica ambiental y sean part\u00edcipes del cambio que se busca para Sauce Viejo: Construir entre todos una Ciudad m\u00e1s Sustentable.<br>El trabajo articulado con las instituciones educativas es clave para transformar a los estudiantes en agentes multiplicadores del mensaje, con las vecinales para tener m\u00e1s llegada a los vecinos sauce\u00f1os y saber las necesidades e inquietudes&nbsp;que&nbsp;presentan.<\/p>\n\n\n\n<div class=\"wp-block-buttons is-content-justification-center is-layout-flex wp-container-core-buttons-is-layout-3 wp-block-buttons-is-layout-flex\">\n<div class=\"wp-block-button\"><a class=\"wp-block-button__link wp-element-button\" href=\"#inicio\">volver<\/a><\/div>\n<\/div>\n\n\n\n<div style=\"height:64px\" aria-hidden=\"true\" class=\"wp-block-spacer\"><\/div>\n\n\n\n<h3 class=\"wp-block-heading has-ast-global-color-5-color has-ast-global-color-1-background-color has-text-color has-background has-medium-font-size\">Castraciones<\/h3>\n\n\n\n<div class=\"wp-block-columns is-layout-flex wp-container-core-columns-is-layout-3 wp-block-columns-is-layout-flex\">\n<div class=\"wp-block-column is-layout-flow wp-block-column-is-layout-flow\" style=\"border-width:1px;padding-top:0;padding-right:0;padding-bottom:0;padding-left:0\">\n<p><\/p>\n\n\n\n<p>La direcci\u00f3n de ambiente y zoonosis <strong>realiza las jornadas de castraci\u00f3n gratuitas para caninos y felinos<\/strong>, tanto machos como hembras.<\/p>\n\n\n\n<p><br>Las jornadas se realizan 3 veces al mes, abarcando los barrios de la localidad y s<strong>e dan 30 turnos<\/strong>. Los d\u00edas son publicados con anticipaci\u00f3n y se solicita el turno mediante un <strong>mensaje de WhatsApp al n\u00famero: 3425939940<\/strong> con los siguientes datos:<\/p>\n<\/div>\n\n\n\n<div class=\"wp-block-column has-ast-global-color-5-background-color has-background is-layout-flow wp-block-column-is-layout-flow\" style=\"border-width:1px\">\n<p class=\"has-text-align-left\"><strong>&#x2714;Datos del responsable:<\/strong><br>Nombre y apellido:<br>Tel\u00e9fono:<br>Barrio:<br>Domicilio:<\/p>\n\n\n\n<p><strong>&#x2714;Datos del animal:<\/strong><br>Canino<br>Nombre: macho<br>Edad:<br>Fecha de la \u00faltima vez que tuvo cr\u00edas:<br>Buen estado de salud: SI\/NO<br>Enviar foto del animal<\/p>\n<\/div>\n<\/div>\n\n\n\n<p class=\"has-text-align-center has-ast-global-color-5-color has-ast-global-color-7-background-color has-text-color has-background\"><strong>Se priorizan a los vecinos del barrio donde es la jornada, si llegada pr\u00f3xima la fecha quedan cupos se dan a&nbsp;otros&nbsp;barrios<\/strong>.<\/p>\n\n\n\n<figure class=\"wp-block-gallery has-nested-images columns-default is-cropped wp-block-gallery-6 is-layout-flex wp-block-gallery-is-layout-flex\">\n<figure class=\"wp-block-image size-large\"><a href=\"https:\/\/sauceviejo.gob.ar\/sauceonline\/wp-content\/uploads\/2023\/03\/Castracion-01-1.jpg\"><img loading=\"lazy\" decoding=\"async\" width=\"1024\" height=\"1024\" data-id=\"2968\" src=\"https:\/\/sauceviejo.gob.ar\/sauceonline\/wp-content\/uploads\/2023\/03\/Castracion-01-1-1024x1024.jpg\" alt=\"\" class=\"wp-image-2968\" srcset=\"https:\/\/sauceviejo.gob.ar\/sauceonline\/wp-content\/uploads\/2023\/03\/Castracion-01-1-1024x1024.jpg 1024w, https:\/\/sauceviejo.gob.ar\/sauceonline\/wp-content\/uploads\/2023\/03\/Castracion-01-1-300x300.jpg 300w, https:\/\/sauceviejo.gob.ar\/sauceonline\/wp-content\/uploads\/2023\/03\/Castracion-01-1-150x150.jpg 150w, https:\/\/sauceviejo.gob.ar\/sauceonline\/wp-content\/uploads\/2023\/03\/Castracion-01-1-768x767.jpg 768w, https:\/\/sauceviejo.gob.ar\/sauceonline\/wp-content\/uploads\/2023\/03\/Castracion-01-1.jpg 1280w\" sizes=\"auto, (max-width: 1024px) 100vw, 1024px\" \/><\/a><\/figure>\n\n\n\n<figure class=\"wp-block-image size-large\"><a href=\"https:\/\/sauceviejo.gob.ar\/sauceonline\/wp-content\/uploads\/2023\/03\/Castracion-02-1.jpg\"><img loading=\"lazy\" decoding=\"async\" width=\"1024\" height=\"991\" data-id=\"2967\" src=\"https:\/\/sauceviejo.gob.ar\/sauceonline\/wp-content\/uploads\/2023\/03\/Castracion-02-1-1024x991.jpg\" alt=\"\" class=\"wp-image-2967\" srcset=\"https:\/\/sauceviejo.gob.ar\/sauceonline\/wp-content\/uploads\/2023\/03\/Castracion-02-1-1024x991.jpg 1024w, https:\/\/sauceviejo.gob.ar\/sauceonline\/wp-content\/uploads\/2023\/03\/Castracion-02-1-300x290.jpg 300w, https:\/\/sauceviejo.gob.ar\/sauceonline\/wp-content\/uploads\/2023\/03\/Castracion-02-1-768x743.jpg 768w, https:\/\/sauceviejo.gob.ar\/sauceonline\/wp-content\/uploads\/2023\/03\/Castracion-02-1.jpg 1080w\" sizes=\"auto, (max-width: 1024px) 100vw, 1024px\" \/><\/a><\/figure>\n<\/figure>\n\n\n\n<div style=\"height:41px\" aria-hidden=\"true\" class=\"wp-block-spacer\"><\/div>\n\n\n\n<div class=\"wp-block-buttons is-layout-flex wp-block-buttons-is-layout-flex\">\n<div class=\"wp-block-button aligncenter\"><a class=\"wp-block-button__link wp-element-button\" href=\"#inicio\">Volver<\/a><\/div>\n<\/div>\n\n\n\n<div style=\"height:41px\" aria-hidden=\"true\" id=\"zoonosis\" class=\"wp-block-spacer\"><\/div>\n\n\n\n<h3 class=\"wp-block-heading has-ast-global-color-5-color has-ast-global-color-1-background-color has-text-color has-background has-medium-font-size\">Zoonosis<\/h3>\n\n\n\n<div class=\"wp-block-columns is-layout-flex wp-container-core-columns-is-layout-4 wp-block-columns-is-layout-flex\">\n<div class=\"wp-block-column is-layout-flow wp-block-column-is-layout-flow\" style=\"flex-basis:10%\"><\/div>\n\n\n\n<div class=\"wp-block-column is-layout-flow wp-block-column-is-layout-flow\" style=\"flex-basis:80%\"><p>[WPSM_AC id=3906]<\/p>\n<\/div>\n\n\n\n<div class=\"wp-block-column is-layout-flow wp-block-column-is-layout-flow\" style=\"flex-basis:10%\"><\/div>\n<\/div>\n\n\n\n<div style=\"height:58px\" aria-hidden=\"true\" class=\"wp-block-spacer\"><\/div>\n\n\n\n<div class=\"wp-block-buttons is-layout-flex wp-block-buttons-is-layout-flex\">\n<div class=\"wp-block-button aligncenter\"><a class=\"wp-block-button__link wp-element-button\" href=\"#inicio\">Volver<\/a><\/div>\n<\/div>\n\n\n\n<div style=\"height:58px\" aria-hidden=\"true\" class=\"wp-block-spacer\"><\/div>\n\n\n\n<h3 class=\"wp-block-heading has-ast-global-color-5-color has-ast-global-color-1-background-color has-text-color has-background has-medium-font-size\" id=\"noticias_ambiente\">\u00daltimas noticias de la Direcci\u00f3n<\/h3>\n\n\n\n<div style=\"height:10px\" aria-hidden=\"true\" id=\"noticias_ambiente\" class=\"wp-block-spacer\"><\/div>\n\n\n<div ><style id=\"sp_pcp_dynamic_style2479\">#pcp_wrapper-2479:not(.sps-glossary-layout) .sp-pcp-row,#pcp_wrapper-2479 .sps-glossary-items-group .sps-glossary-items-content {margin-right: -10px;margin-left: -10px;}#pcp_wrapper-2479 .sp-pcp-row [class*='sp-pcp-col-']{padding-right: 10px;padding-left: 10px; padding-bottom:20px;}.pcp-wrapper-2479 .sp-pcp-title a {color: #111;display: inherit;} .pcp-wrapper-2479 .sp-pcp-title a:hover {color: #e1624b;}#pcp_wrapper-2479 .dots .swiper-pagination-bullet{ background: #cccccc; } #pcp_wrapper-2479 .dots .swiper-pagination-bullet-active { background: #D64224; }#pcp_wrapper-2479 .pcp-button-prev,#pcp_wrapper-2479 .pcp-button-next{ background-image: none; background-size: auto; background-color: #fff; height: 33px; width: 33px; margin-top: 8px; border: 1px solid #aaa; text-align: center; line-height: 30px; -webkit-transition: 0.3s; border-radius: 3px; }#pcp_wrapper-2479 .pcp-button-prev:hover, #pcp_wrapper-2479 .pcp-button-next:hover{ background-color: #D64224; border-color: #D64224; } #pcp_wrapper-2479 .pcp-button-prev .fa, #pcp_wrapper-2479 .pcp-button-next .fa { color: #aaa; } #pcp_wrapper-2479 .pcp-button-prev:hover .fa, #pcp_wrapper-2479 .pcp-button-next:hover .fa { color: #fff; } #pcp_wrapper-2479.pcp-carousel-wrapper .sp-pcp-post{ margin-top: 0; }#pcp_wrapper-2479 .sp-pcp-post {padding: 0 0 0 0;}#pcp_wrapper-2479.sp-slider_layout .sp-pcp-post .sp-pcp-post-details {top: 0; right:0; bottom:0; left:0;}#pcp_wrapper-2479 .sp-pcp-post {border: 0px solid #e2e2e2; border-radius: 0px }#pcp_wrapper-2479 .sp-pcp-post{background-color: transparent;}#pcp_wrapper-2479 .pcp-post-thumb-wrapper{border: 0px solid #dddddd;border-radius:0px;}.pcp-wrapper-2479 .sp-pcp-post-meta li,.pcp-wrapper-2479 .sp-pcp-post-meta ul,.pcp-wrapper-2479 .sp-pcp-post-meta li a{color: #888;}.pcp-wrapper-2479 .sp-pcp-post-meta li a:hover{color: #e1624b;}#pcp_wrapper-2479 .pcp-readmore-link{ background: transparent; color: #111; border: 1px solid #888; border-radius: 0px; } #pcp_wrapper-2479 .pcp-readmore-link:hover { background-color: #e1624b; color: #fff; border-color: #e1624b; }#pcp_wrapper-2479 .pcp-post-pagination .page-numbers.current, #pcp_wrapper-2479 .pcp-post-pagination a.active , #pcp_wrapper-2479 .pcp-post-pagination a:hover{ color: #ffffff; background: #e1624b; border-color: #e1624b; }#pcp_wrapper-2479 .pcp-post-pagination .page-numbers, .pcp-post-pagination a{ background: #ffffff; color:#5e5e5e; border: 2px solid #bbbbbb;border-radius: 2px; }#pcp_wrapper-2479 .pcp-post-pagination{text-align: left;}@media (min-width: 1200px) {.sp-pcp-row .sp-pcp-col-xl-1 {flex: 0 0 100%;}.sp-pcp-row .sp-pcp-col-xl-2 {flex: 1 1 calc( 50% - 20px);}.sp-pcp-row .sp-pcp-col-xl-3 {flex: 1 1 calc( 33.333% - 20px);}.sp-pcp-row .sp-pcp-col-xl-4 {flex: 1 1 calc( 25% - 20px);}.sp-pcp-row .sp-pcp-col-xl-5 { flex: 1 1 calc( 20% - 20px);}.sp-pcp-row .sp-pcp-col-xl-6 {flex: 1 1 calc( 16.66666666666667% - 20px);}.sp-pcp-row .sp-pcp-col-xl-7 {flex: 1 1 calc( 14.28571428% - 20px);}.sp-pcp-row .sp-pcp-col-xl-8 {flex: 1 1 calc( 12.5% - 20px);}}@media (max-width: 1200px) {.sp-pcp-row .sp-pcp-col-lg-1 {flex: 0 0 100%;}.sp-pcp-row .sp-pcp-col-lg-2 {flex: 1 1 calc( 50% - 20px);}.sp-pcp-row .sp-pcp-col-lg-3 {flex: 1 1 calc( 33.333% - 20px);}.sp-pcp-row .sp-pcp-col-lg-4 {flex: 1 1 calc( 25% - 20px);}.sp-pcp-row .sp-pcp-col-lg-5 { flex: 1 1 calc( 20% - 20px);}.sp-pcp-row .sp-pcp-col-lg-6 {flex: 1 1 calc( 16.66666666666667% - 20px);}.sp-pcp-row .sp-pcp-col-lg-7 {flex: 1 1 calc( 14.28571428% - 20px);}.sp-pcp-row .sp-pcp-col-lg-8 {flex: 1 1 calc( 12.5% - 20px);}}@media (max-width: 992px) {.sp-pcp-row .sp-pcp-col-md-1 {flex: 0 0 100%;}.sp-pcp-row .sp-pcp-col-md-2 {flex: 1 1 calc( 50% - 20px);}.sp-pcp-row .sp-pcp-col-md-2-5 {flex: 0 0 75%;}.sp-pcp-row .sp-pcp-col-md-3 {flex: 1 1 calc( 33.333% - 20px);}.sp-pcp-row .sp-pcp-col-md-4 {flex: 1 1 calc( 25% - 20px);}.sp-pcp-row .sp-pcp-col-md-5 { flex: 1 1 calc( 20% - 20px);}.sp-pcp-row .sp-pcp-col-md-6 {flex: 1 1 calc( 16.66666666666667% - 20px);}.sp-pcp-row .sp-pcp-col-md-7 {flex: 1 1 calc( 14.28571428% - 20px);}.sp-pcp-row .sp-pcp-col-md-8 {flex: 1 1 calc( 12.5% - 20px);}}@media (max-width: 768px) {.sp-pcp-row .sp-pcp-col-sm-1 {flex: 0 0 100%;}.sp-pcp-row .sp-pcp-col-sm-2 {flex: 1 1 calc( 50% - 20px);}.sp-pcp-row .sp-pcp-col-sm-2-5 {flex: 0 0 75%;}.sp-pcp-row .sp-pcp-col-sm-3 {flex: 1 1 calc( 33.333% - 20px);}.sp-pcp-row .sp-pcp-col-sm-4 {flex: 1 1 calc( 25% - 20px);}.sp-pcp-row .sp-pcp-col-sm-5 { flex: 1 1 calc( 20% - 20px);}.sp-pcp-row .sp-pcp-col-sm-6 {flex: 1 1 calc( 16.66666666666667% - 20px);}.sp-pcp-row .sp-pcp-col-sm-7 {flex: 1 1 calc( 14.28571428% - 20px);}.sp-pcp-row .sp-pcp-col-sm-8 {flex: 1 1 calc( 12.5% - 20px);}}@media (max-width: 420px) {.sp-pcp-row .sp-pcp-col-xs-1 {flex: 0 0 100%;}.sp-pcp-row .sp-pcp-col-xs-2 {flex: 1 1 calc( 50% - 20px);}.sp-pcp-row .sp-pcp-col-xs-3 {flex: 1 1 calc( 33.333% - 20px);}.sp-pcp-row .sp-pcp-col-xs-4 {flex: 1 1 calc( 25% - 20px);}.sp-pcp-row .sp-pcp-col-xs-5 { flex: 1 1 calc( 20% - 20px);}.sp-pcp-row .sp-pcp-col-xs-6 {flex: 1 1 calc( 16.66666666666667% - 20px);}.sp-pcp-row .sp-pcp-col-xs-7 {flex: 1 1 calc( 14.28571428% - 20px);}.sp-pcp-row .sp-pcp-col-xs-8 {flex: 1 1 calc( 12.5% - 20px);}}<\/style><!-- Markup Starts -->\n<div id=\"pcp_wrapper-2479\" class=\"sp-pcp-section sp-pcp-container pcp-wrapper-2479 pcp-carousel-wrapper standard sp-carousel_layout\" data-sid=\"2479\">\n\t<div id=\"sp-pcp-id-2479\" class=\"swiper-container sp-pcp-carousel top_right\" dir=\"ltr\" data-carousel='{ \"speed\":600, \"items\":4, \"spaceBetween\":20, \"navigation\":true, \"pagination\": true, \"autoplay\": false, \"autoplay_speed\": 2000, \"loop\": false, \"autoHeight\": false, \"lazy\":  true, \"simulateTouch\": true, \"freeMode\": false, \"slider_mouse_wheel\": false,\"allowTouchMove\": true, \"slidesPerView\": {\"lg_desktop\": 4, \"desktop\": 4, \"tablet\": 3, \"mobile_landscape\": 2, \"mobile\": 1}, \"navigation_mobile\": true, \"pagination_mobile\": true, \"stop_onHover\": true, \"enabled\": true, \"prevSlideMessage\": \"Previous slide\", \"nextSlideMessage\": \"Next slide\", \"firstSlideMessage\": \"This is the first slide\", \"lastSlideMessage\": \"This is the last slide\", \"keyboard\": \"true\", \"paginationBulletMessage\": \"Go to slide {{index}}\" }'>\n\t\t\t<div class=\"swiper-wrapper\">\n\t\t\t\t\t\t<div class=\" swiper-slide swiper-lazy\">\n\t\t\t\t\t\t<div class=\"sp-pcp-post pcp-item-10952\" data-id=\"10952\">\n\t\t\t\t\t\t\t\t<div class=\"pcp-post-thumb-wrapper\">\n\t\t\t\t\t<div class=\"sp-pcp-post-thumb-area\">\n\t\t\t\t\t\t\t\t\t\t\t\t<a class=\"sp-pcp-thumb\" href=\"https:\/\/sauceviejo.gob.ar\/sauceonline\/firma-de-convenio-entre-la-municipalidad-de-sauce-viejo-y-caritas-santa-fe\/\" target=\"_self\" >\n\t\t\t\t\t\t\t\t\t\t\t\t\t<img loading=\"lazy\" decoding=\"async\" src=\"https:\/\/sauceviejo.gob.ar\/sauceonline\/wp-content\/uploads\/2025\/08\/Caritas-scaled.jpg\" width=\"2560\" height=\"1151\" alt=\"\">\n\t\t\t\t\t\t<\/a>\n\t\t\t\t\t<\/div>\n\t\t\t\t<\/div>\n\t\t\t\t\t\t\t<h2 class=\"sp-pcp-title\">\n\t\t\t\t\t\t\t\t\t<a href=\"https:\/\/sauceviejo.gob.ar\/sauceonline\/firma-de-convenio-entre-la-municipalidad-de-sauce-viejo-y-caritas-santa-fe\/\"  target=\"_self\">Firma de convenio entre la Municipalidad de Sauce Viejo y C\u00e1ritas Santa Fe<\/a>\t\t\t\t\t\t\t<\/h2>\n\t\t\t\t\t\t<div class=\"sp-pcp-post-meta\">\n\t\t\t<ul><li>\t\t\t\t\t<i class=\"fa fa-user\"><\/i>\n\t\t\t\t\t<a href=\"https:\/\/sauceviejo.gob.ar\/sauceonline\/author\/prensa-web\/\"\n\t\t\t\t\t\trel=\"author\">Prensa Web<\/a>\n\t\t\t\t\t<\/li> <li>\t\t\t\t\t<i class=\"fa fa-calendar\"><\/i>\n\t\t\t\t\t<time class=\"entry-date published updated\">26\/08\/2025<\/time>\n\t\t\t\t\t<\/li><\/ul>\t\t<\/div>\n\t\t\t\t\t<div class=\"sp-pcp-post-content\">\n\t\t\t\t\t<div class=\"sp-pcp-readmore\">\n\t\t\t\t\t\t\t<a class=\"pcp-readmore-link\" target=\"_self\" href=\"https:\/\/sauceviejo.gob.ar\/sauceonline\/firma-de-convenio-entre-la-municipalidad-de-sauce-viejo-y-caritas-santa-fe\/\" >\n\t\t\t\t\t\tConocer m\u00e1s <\/a>\n\t\t<\/div>\n\t\t\t\t\t<\/div>\n\t\t\t\t\t\t<\/div>\n\t\t\t\t\t<\/div>\n\t\t\t\t<div class=\" swiper-slide swiper-lazy\">\n\t\t\t\t\t\t<div class=\"sp-pcp-post pcp-item-10901\" data-id=\"10901\">\n\t\t\t\t\t\t\t\t<div class=\"pcp-post-thumb-wrapper\">\n\t\t\t\t\t<div class=\"sp-pcp-post-thumb-area\">\n\t\t\t\t\t\t\t\t\t\t\t\t<a class=\"sp-pcp-thumb\" href=\"https:\/\/sauceviejo.gob.ar\/sauceonline\/sauce-viejo-te-espera\/\" target=\"_self\" >\n\t\t\t\t\t\t\t\t\t\t\t\t\t<img loading=\"lazy\" decoding=\"async\" src=\"https:\/\/sauceviejo.gob.ar\/sauceonline\/wp-content\/uploads\/2025\/07\/WhatsApp-Image-2025-07-30-at-09.26.26-1.jpeg\" width=\"2339\" height=\"1871\" alt=\"\">\n\t\t\t\t\t\t<\/a>\n\t\t\t\t\t<\/div>\n\t\t\t\t<\/div>\n\t\t\t\t\t\t\t<h2 class=\"sp-pcp-title\">\n\t\t\t\t\t\t\t\t\t<a href=\"https:\/\/sauceviejo.gob.ar\/sauceonline\/sauce-viejo-te-espera\/\"  target=\"_self\">Sauce Viejo te espera&#8230;!<\/a>\t\t\t\t\t\t\t<\/h2>\n\t\t\t\t\t\t<div class=\"sp-pcp-post-meta\">\n\t\t\t<ul><li>\t\t\t\t\t<i class=\"fa fa-user\"><\/i>\n\t\t\t\t\t<a href=\"https:\/\/sauceviejo.gob.ar\/sauceonline\/author\/vu000925\/\"\n\t\t\t\t\t\trel=\"author\">Pablo Bellafronte<\/a>\n\t\t\t\t\t<\/li> <li>\t\t\t\t\t<i class=\"fa fa-calendar\"><\/i>\n\t\t\t\t\t<time class=\"entry-date published updated\">30\/07\/2025<\/time>\n\t\t\t\t\t<\/li><\/ul>\t\t<\/div>\n\t\t\t\t\t<div class=\"sp-pcp-post-content\">\n\t\t\t\t\t<div class=\"sp-pcp-readmore\">\n\t\t\t\t\t\t\t<a class=\"pcp-readmore-link\" target=\"_self\" href=\"https:\/\/sauceviejo.gob.ar\/sauceonline\/sauce-viejo-te-espera\/\" >\n\t\t\t\t\t\tConocer m\u00e1s <\/a>\n\t\t<\/div>\n\t\t\t\t\t<\/div>\n\t\t\t\t\t\t<\/div>\n\t\t\t\t\t<\/div>\n\t\t\t\t<div class=\" swiper-slide swiper-lazy\">\n\t\t\t\t\t\t<div class=\"sp-pcp-post pcp-item-10120\" data-id=\"10120\">\n\t\t\t\t\t\t\t\t<div class=\"pcp-post-thumb-wrapper\">\n\t\t\t\t\t<div class=\"sp-pcp-post-thumb-area\">\n\t\t\t\t\t\t\t\t\t\t\t\t<a class=\"sp-pcp-thumb\" href=\"https:\/\/sauceviejo.gob.ar\/sauceonline\/objetivo-dengue-sauce-viejo-comprometida-en-la-lucha-contra-la-enfermedad\/\" target=\"_self\" >\n\t\t\t\t\t\t\t\t\t\t\t\t\t<img loading=\"lazy\" decoding=\"async\" src=\"https:\/\/sauceviejo.gob.ar\/sauceonline\/wp-content\/uploads\/2024\/12\/OBJETIVO-DENGUE-SAUCE-VIEJO-COMPROMETIDA-EN-LA-LUCHA-CONTRA-LA-ENFERMEDAD.jpg\" width=\"640\" height=\"480\" alt=\"\">\n\t\t\t\t\t\t<\/a>\n\t\t\t\t\t<\/div>\n\t\t\t\t<\/div>\n\t\t\t\t\t\t\t<h2 class=\"sp-pcp-title\">\n\t\t\t\t\t\t\t\t\t<a href=\"https:\/\/sauceviejo.gob.ar\/sauceonline\/objetivo-dengue-sauce-viejo-comprometida-en-la-lucha-contra-la-enfermedad\/\"  target=\"_self\">\u00abOBJETIVO DENGUE\u00bb: SAUCE VIEJO COMPROMETIDA EN LA LUCHA CONTRA LA ENFERMEDAD<\/a>\t\t\t\t\t\t\t<\/h2>\n\t\t\t\t\t\t<div class=\"sp-pcp-post-meta\">\n\t\t\t<ul><li>\t\t\t\t\t<i class=\"fa fa-user\"><\/i>\n\t\t\t\t\t<a href=\"https:\/\/sauceviejo.gob.ar\/sauceonline\/author\/pablo-bellafronte\/\"\n\t\t\t\t\t\trel=\"author\">Pablo Bellafronte<\/a>\n\t\t\t\t\t<\/li> <li>\t\t\t\t\t<i class=\"fa fa-calendar\"><\/i>\n\t\t\t\t\t<time class=\"entry-date published updated\">19\/12\/2024<\/time>\n\t\t\t\t\t<\/li><\/ul>\t\t<\/div>\n\t\t\t\t\t<div class=\"sp-pcp-post-content\">\n\t\t\t\t\t<div class=\"sp-pcp-readmore\">\n\t\t\t\t\t\t\t<a class=\"pcp-readmore-link\" target=\"_self\" href=\"https:\/\/sauceviejo.gob.ar\/sauceonline\/objetivo-dengue-sauce-viejo-comprometida-en-la-lucha-contra-la-enfermedad\/\" >\n\t\t\t\t\t\tConocer m\u00e1s <\/a>\n\t\t<\/div>\n\t\t\t\t\t<\/div>\n\t\t\t\t\t\t<\/div>\n\t\t\t\t\t<\/div>\n\t\t\t\t<div class=\" swiper-slide swiper-lazy\">\n\t\t\t\t\t\t<div class=\"sp-pcp-post pcp-item-10102\" data-id=\"10102\">\n\t\t\t\t\t\t\t\t<div class=\"pcp-post-thumb-wrapper\">\n\t\t\t\t\t<div class=\"sp-pcp-post-thumb-area\">\n\t\t\t\t\t\t\t\t\t\t\t\t<a class=\"sp-pcp-thumb\" href=\"https:\/\/sauceviejo.gob.ar\/sauceonline\/por-una-feliz-navidad-para-todos-los-saucenos\/\" target=\"_self\" >\n\t\t\t\t\t\t\t\t\t\t\t\t\t<img loading=\"lazy\" decoding=\"async\" src=\"https:\/\/sauceviejo.gob.ar\/sauceonline\/wp-content\/uploads\/2024\/12\/Feliz-navidad.jpg\" width=\"1080\" height=\"1080\" alt=\"\">\n\t\t\t\t\t\t<\/a>\n\t\t\t\t\t<\/div>\n\t\t\t\t<\/div>\n\t\t\t\t\t\t\t<h2 class=\"sp-pcp-title\">\n\t\t\t\t\t\t\t\t\t<a href=\"https:\/\/sauceviejo.gob.ar\/sauceonline\/por-una-feliz-navidad-para-todos-los-saucenos\/\"  target=\"_self\">POR UNA FELIZ NAVIDAD PARA TODOS LOS SAUCE\u00d1OS<\/a>\t\t\t\t\t\t\t<\/h2>\n\t\t\t\t\t\t<div class=\"sp-pcp-post-meta\">\n\t\t\t<ul><li>\t\t\t\t\t<i class=\"fa fa-user\"><\/i>\n\t\t\t\t\t<a href=\"https:\/\/sauceviejo.gob.ar\/sauceonline\/author\/pablo-bellafronte\/\"\n\t\t\t\t\t\trel=\"author\">Pablo Bellafronte<\/a>\n\t\t\t\t\t<\/li> <li>\t\t\t\t\t<i class=\"fa fa-calendar\"><\/i>\n\t\t\t\t\t<time class=\"entry-date published updated\">19\/12\/2024<\/time>\n\t\t\t\t\t<\/li><\/ul>\t\t<\/div>\n\t\t\t\t\t<div class=\"sp-pcp-post-content\">\n\t\t\t\t\t<div class=\"sp-pcp-readmore\">\n\t\t\t\t\t\t\t<a class=\"pcp-readmore-link\" target=\"_self\" href=\"https:\/\/sauceviejo.gob.ar\/sauceonline\/por-una-feliz-navidad-para-todos-los-saucenos\/\" >\n\t\t\t\t\t\tConocer m\u00e1s <\/a>\n\t\t<\/div>\n\t\t\t\t\t<\/div>\n\t\t\t\t\t\t<\/div>\n\t\t\t\t\t<\/div>\n\t\t\t\t<div class=\" swiper-slide swiper-lazy\">\n\t\t\t\t\t\t<div class=\"sp-pcp-post pcp-item-10060\" data-id=\"10060\">\n\t\t\t\t\t\t\t\t<div class=\"pcp-post-thumb-wrapper\">\n\t\t\t\t\t<div class=\"sp-pcp-post-thumb-area\">\n\t\t\t\t\t\t\t\t\t\t\t\t<a class=\"sp-pcp-thumb\" href=\"https:\/\/sauceviejo.gob.ar\/sauceonline\/la-muni-en-tu-barrio-otra-jornada-de-cercania\/\" target=\"_self\" >\n\t\t\t\t\t\t\t\t\t\t\t\t\t<img loading=\"lazy\" decoding=\"async\" src=\"https:\/\/sauceviejo.gob.ar\/sauceonline\/wp-content\/uploads\/2024\/12\/Muni.jpg\" width=\"1080\" height=\"1080\" alt=\"\">\n\t\t\t\t\t\t<\/a>\n\t\t\t\t\t<\/div>\n\t\t\t\t<\/div>\n\t\t\t\t\t\t\t<h2 class=\"sp-pcp-title\">\n\t\t\t\t\t\t\t\t\t<a href=\"https:\/\/sauceviejo.gob.ar\/sauceonline\/la-muni-en-tu-barrio-otra-jornada-de-cercania\/\"  target=\"_self\">\u00abLA MUNI EN TU BARRIO\u00bb: OTRA JORNADA DE CERCAN\u00cdA<\/a>\t\t\t\t\t\t\t<\/h2>\n\t\t\t\t\t\t<div class=\"sp-pcp-post-meta\">\n\t\t\t<ul><li>\t\t\t\t\t<i class=\"fa fa-user\"><\/i>\n\t\t\t\t\t<a href=\"https:\/\/sauceviejo.gob.ar\/sauceonline\/author\/pablo-bellafronte\/\"\n\t\t\t\t\t\trel=\"author\">Pablo Bellafronte<\/a>\n\t\t\t\t\t<\/li> <li>\t\t\t\t\t<i class=\"fa fa-calendar\"><\/i>\n\t\t\t\t\t<time class=\"entry-date published updated\">11\/12\/2024<\/time>\n\t\t\t\t\t<\/li><\/ul>\t\t<\/div>\n\t\t\t\t\t<div class=\"sp-pcp-post-content\">\n\t\t\t\t\t<div class=\"sp-pcp-readmore\">\n\t\t\t\t\t\t\t<a class=\"pcp-readmore-link\" target=\"_self\" href=\"https:\/\/sauceviejo.gob.ar\/sauceonline\/la-muni-en-tu-barrio-otra-jornada-de-cercania\/\" >\n\t\t\t\t\t\tConocer m\u00e1s <\/a>\n\t\t<\/div>\n\t\t\t\t\t<\/div>\n\t\t\t\t\t\t<\/div>\n\t\t\t\t\t<\/div>\n\t\t\t\t<div class=\" swiper-slide swiper-lazy\">\n\t\t\t\t\t\t<div class=\"sp-pcp-post pcp-item-10053\" data-id=\"10053\">\n\t\t\t\t\t\t\t\t<div class=\"pcp-post-thumb-wrapper\">\n\t\t\t\t\t<div class=\"sp-pcp-post-thumb-area\">\n\t\t\t\t\t\t\t\t\t\t\t\t<a class=\"sp-pcp-thumb\" href=\"https:\/\/sauceviejo.gob.ar\/sauceonline\/atencion-basica-veterinaria-en-barrio-rio-parque-jardin\/\" target=\"_self\" >\n\t\t\t\t\t\t\t\t\t\t\t\t\t<img loading=\"lazy\" decoding=\"async\" src=\"https:\/\/sauceviejo.gob.ar\/sauceonline\/wp-content\/uploads\/2024\/12\/Veterinaria.jpg\" width=\"1080\" height=\"1080\" alt=\"\">\n\t\t\t\t\t\t<\/a>\n\t\t\t\t\t<\/div>\n\t\t\t\t<\/div>\n\t\t\t\t\t\t\t<h2 class=\"sp-pcp-title\">\n\t\t\t\t\t\t\t\t\t<a href=\"https:\/\/sauceviejo.gob.ar\/sauceonline\/atencion-basica-veterinaria-en-barrio-rio-parque-jardin\/\"  target=\"_self\">ATENCI\u00d3N B\u00c1SICA VETERINARIA EN BARRIO R\u00cdO PARQUE JARD\u00cdN<\/a>\t\t\t\t\t\t\t<\/h2>\n\t\t\t\t\t\t<div class=\"sp-pcp-post-meta\">\n\t\t\t<ul><li>\t\t\t\t\t<i class=\"fa fa-user\"><\/i>\n\t\t\t\t\t<a href=\"https:\/\/sauceviejo.gob.ar\/sauceonline\/author\/pablo-bellafronte\/\"\n\t\t\t\t\t\trel=\"author\">Pablo Bellafronte<\/a>\n\t\t\t\t\t<\/li> <li>\t\t\t\t\t<i class=\"fa fa-calendar\"><\/i>\n\t\t\t\t\t<time class=\"entry-date published updated\">09\/12\/2024<\/time>\n\t\t\t\t\t<\/li><\/ul>\t\t<\/div>\n\t\t\t\t\t<div class=\"sp-pcp-post-content\">\n\t\t\t\t\t<div class=\"sp-pcp-readmore\">\n\t\t\t\t\t\t\t<a class=\"pcp-readmore-link\" target=\"_self\" href=\"https:\/\/sauceviejo.gob.ar\/sauceonline\/atencion-basica-veterinaria-en-barrio-rio-parque-jardin\/\" >\n\t\t\t\t\t\tConocer m\u00e1s <\/a>\n\t\t<\/div>\n\t\t\t\t\t<\/div>\n\t\t\t\t\t\t<\/div>\n\t\t\t\t\t<\/div>\n\t\t\t\t<div class=\" swiper-slide swiper-lazy\">\n\t\t\t\t\t\t<div class=\"sp-pcp-post pcp-item-10037\" data-id=\"10037\">\n\t\t\t\t\t\t\t\t<div class=\"pcp-post-thumb-wrapper\">\n\t\t\t\t\t<div class=\"sp-pcp-post-thumb-area\">\n\t\t\t\t\t\t\t\t\t\t\t\t<a class=\"sp-pcp-thumb\" href=\"https:\/\/sauceviejo.gob.ar\/sauceonline\/ambiente-y-zoonosis-realizo-una-intervencion-en-la-plaza-rivadavia\/\" target=\"_self\" >\n\t\t\t\t\t\t\t\t\t\t\t\t\t<img loading=\"lazy\" decoding=\"async\" src=\"https:\/\/sauceviejo.gob.ar\/sauceonline\/wp-content\/uploads\/2024\/12\/Plaza-05.jpg\" width=\"810\" height=\"1014\" alt=\"\">\n\t\t\t\t\t\t<\/a>\n\t\t\t\t\t<\/div>\n\t\t\t\t<\/div>\n\t\t\t\t\t\t\t<h2 class=\"sp-pcp-title\">\n\t\t\t\t\t\t\t\t\t<a href=\"https:\/\/sauceviejo.gob.ar\/sauceonline\/ambiente-y-zoonosis-realizo-una-intervencion-en-la-plaza-rivadavia\/\"  target=\"_self\">AMBIENTE Y ZOONOSIS REALIZ\u00d3 UNA INTERVENCION EN LA PLAZA RIVADAVIA<\/a>\t\t\t\t\t\t\t<\/h2>\n\t\t\t\t\t\t<div class=\"sp-pcp-post-meta\">\n\t\t\t<ul><li>\t\t\t\t\t<i class=\"fa fa-user\"><\/i>\n\t\t\t\t\t<a href=\"https:\/\/sauceviejo.gob.ar\/sauceonline\/author\/pablo-bellafronte\/\"\n\t\t\t\t\t\trel=\"author\">Pablo Bellafronte<\/a>\n\t\t\t\t\t<\/li> <li>\t\t\t\t\t<i class=\"fa fa-calendar\"><\/i>\n\t\t\t\t\t<time class=\"entry-date published updated\">09\/12\/2024<\/time>\n\t\t\t\t\t<\/li><\/ul>\t\t<\/div>\n\t\t\t\t\t<div class=\"sp-pcp-post-content\">\n\t\t\t\t\t<div class=\"sp-pcp-readmore\">\n\t\t\t\t\t\t\t<a class=\"pcp-readmore-link\" target=\"_self\" href=\"https:\/\/sauceviejo.gob.ar\/sauceonline\/ambiente-y-zoonosis-realizo-una-intervencion-en-la-plaza-rivadavia\/\" >\n\t\t\t\t\t\tConocer m\u00e1s <\/a>\n\t\t<\/div>\n\t\t\t\t\t<\/div>\n\t\t\t\t\t\t<\/div>\n\t\t\t\t\t<\/div>\n\t\t\t\t<div class=\" swiper-slide swiper-lazy\">\n\t\t\t\t\t\t<div class=\"sp-pcp-post pcp-item-9959\" data-id=\"9959\">\n\t\t\t\t\t\t\t\t<div class=\"pcp-post-thumb-wrapper\">\n\t\t\t\t\t<div class=\"sp-pcp-post-thumb-area\">\n\t\t\t\t\t\t\t\t\t\t\t\t<a class=\"sp-pcp-thumb\" href=\"https:\/\/sauceviejo.gob.ar\/sauceonline\/la-muni-en-tu-barrio-gracias-por-cuidar-a-sus-animalitos-de-compania\/\" target=\"_self\" >\n\t\t\t\t\t\t\t\t\t\t\t\t\t<img loading=\"lazy\" decoding=\"async\" src=\"https:\/\/sauceviejo.gob.ar\/sauceonline\/wp-content\/uploads\/2024\/12\/muni-01.jpg\" width=\"899\" height=\"899\" alt=\"\">\n\t\t\t\t\t\t<\/a>\n\t\t\t\t\t<\/div>\n\t\t\t\t<\/div>\n\t\t\t\t\t\t\t<h2 class=\"sp-pcp-title\">\n\t\t\t\t\t\t\t\t\t<a href=\"https:\/\/sauceviejo.gob.ar\/sauceonline\/la-muni-en-tu-barrio-gracias-por-cuidar-a-sus-animalitos-de-compania\/\"  target=\"_self\">LA MUNI EN TU BARRIO: \u00a1GRACIAS POR CUIDAR A SUS ANIMALITOS DE COMPA\u00d1\u00cdA!<\/a>\t\t\t\t\t\t\t<\/h2>\n\t\t\t\t\t\t<div class=\"sp-pcp-post-meta\">\n\t\t\t<ul><li>\t\t\t\t\t<i class=\"fa fa-user\"><\/i>\n\t\t\t\t\t<a href=\"https:\/\/sauceviejo.gob.ar\/sauceonline\/author\/pablo-bellafronte\/\"\n\t\t\t\t\t\trel=\"author\">Pablo Bellafronte<\/a>\n\t\t\t\t\t<\/li> <li>\t\t\t\t\t<i class=\"fa fa-calendar\"><\/i>\n\t\t\t\t\t<time class=\"entry-date published updated\">07\/12\/2024<\/time>\n\t\t\t\t\t<\/li><\/ul>\t\t<\/div>\n\t\t\t\t\t<div class=\"sp-pcp-post-content\">\n\t\t\t\t\t<div class=\"sp-pcp-readmore\">\n\t\t\t\t\t\t\t<a class=\"pcp-readmore-link\" target=\"_self\" href=\"https:\/\/sauceviejo.gob.ar\/sauceonline\/la-muni-en-tu-barrio-gracias-por-cuidar-a-sus-animalitos-de-compania\/\" >\n\t\t\t\t\t\tConocer m\u00e1s <\/a>\n\t\t<\/div>\n\t\t\t\t\t<\/div>\n\t\t\t\t\t\t<\/div>\n\t\t\t\t\t<\/div>\n\t\t\t\t<div class=\" swiper-slide swiper-lazy\">\n\t\t\t\t\t\t<div class=\"sp-pcp-post pcp-item-9879\" data-id=\"9879\">\n\t\t\t\t\t\t\t\t<div class=\"pcp-post-thumb-wrapper\">\n\t\t\t\t\t<div class=\"sp-pcp-post-thumb-area\">\n\t\t\t\t\t\t\t\t\t\t\t\t<a class=\"sp-pcp-thumb\" href=\"https:\/\/sauceviejo.gob.ar\/sauceonline\/la-muni-en-tu-barrio-otra-jornada-de-cercania-este-miercoles-en-el-barrio-uspallata\/\" target=\"_self\" >\n\t\t\t\t\t\t\t\t\t\t\t\t\t<img loading=\"lazy\" decoding=\"async\" src=\"https:\/\/sauceviejo.gob.ar\/sauceonline\/wp-content\/uploads\/2024\/12\/La-muni-en-tu-barrio.jpg\" width=\"1080\" height=\"1080\" alt=\"\">\n\t\t\t\t\t\t<\/a>\n\t\t\t\t\t<\/div>\n\t\t\t\t<\/div>\n\t\t\t\t\t\t\t<h2 class=\"sp-pcp-title\">\n\t\t\t\t\t\t\t\t\t<a href=\"https:\/\/sauceviejo.gob.ar\/sauceonline\/la-muni-en-tu-barrio-otra-jornada-de-cercania-este-miercoles-en-el-barrio-uspallata\/\"  target=\"_self\">\u00abLA MUNI EN TU BARRIO\u00bb: ESTE MI\u00c9RCOLES EN EL BARRIO USPALLATA<\/a>\t\t\t\t\t\t\t<\/h2>\n\t\t\t\t\t\t<div class=\"sp-pcp-post-meta\">\n\t\t\t<ul><li>\t\t\t\t\t<i class=\"fa fa-user\"><\/i>\n\t\t\t\t\t<a href=\"https:\/\/sauceviejo.gob.ar\/sauceonline\/author\/pablo-bellafronte\/\"\n\t\t\t\t\t\trel=\"author\">Pablo Bellafronte<\/a>\n\t\t\t\t\t<\/li> <li>\t\t\t\t\t<i class=\"fa fa-calendar\"><\/i>\n\t\t\t\t\t<time class=\"entry-date published updated\">03\/12\/2024<\/time>\n\t\t\t\t\t<\/li><\/ul>\t\t<\/div>\n\t\t\t\t\t<div class=\"sp-pcp-post-content\">\n\t\t\t\t\t<div class=\"sp-pcp-readmore\">\n\t\t\t\t\t\t\t<a class=\"pcp-readmore-link\" target=\"_self\" href=\"https:\/\/sauceviejo.gob.ar\/sauceonline\/la-muni-en-tu-barrio-otra-jornada-de-cercania-este-miercoles-en-el-barrio-uspallata\/\" >\n\t\t\t\t\t\tConocer m\u00e1s <\/a>\n\t\t<\/div>\n\t\t\t\t\t<\/div>\n\t\t\t\t\t\t<\/div>\n\t\t\t\t\t<\/div>\n\t\t\t\t<div class=\" swiper-slide swiper-lazy\">\n\t\t\t\t\t\t<div class=\"sp-pcp-post pcp-item-9820\" data-id=\"9820\">\n\t\t\t\t\t\t\t\t<div class=\"pcp-post-thumb-wrapper\">\n\t\t\t\t\t<div class=\"sp-pcp-post-thumb-area\">\n\t\t\t\t\t\t\t\t\t\t\t\t<a class=\"sp-pcp-thumb\" href=\"https:\/\/sauceviejo.gob.ar\/sauceonline\/atencion-basica-veterinaria-en-barrio-dona-margarita\/\" target=\"_self\" >\n\t\t\t\t\t\t\t\t\t\t\t\t\t<img loading=\"lazy\" decoding=\"async\" src=\"https:\/\/sauceviejo.gob.ar\/sauceonline\/wp-content\/uploads\/2024\/12\/Atencion-veterinaria.jpg\" width=\"1080\" height=\"1080\" alt=\"\">\n\t\t\t\t\t\t<\/a>\n\t\t\t\t\t<\/div>\n\t\t\t\t<\/div>\n\t\t\t\t\t\t\t<h2 class=\"sp-pcp-title\">\n\t\t\t\t\t\t\t\t\t<a href=\"https:\/\/sauceviejo.gob.ar\/sauceonline\/atencion-basica-veterinaria-en-barrio-dona-margarita\/\"  target=\"_self\">ATENCI\u00d3N B\u00c1SICA VETERINARIA EN BARRIO DO\u00d1A MARGARITA<\/a>\t\t\t\t\t\t\t<\/h2>\n\t\t\t\t\t\t<div class=\"sp-pcp-post-meta\">\n\t\t\t<ul><li>\t\t\t\t\t<i class=\"fa fa-user\"><\/i>\n\t\t\t\t\t<a href=\"https:\/\/sauceviejo.gob.ar\/sauceonline\/author\/pablo-bellafronte\/\"\n\t\t\t\t\t\trel=\"author\">Pablo Bellafronte<\/a>\n\t\t\t\t\t<\/li> <li>\t\t\t\t\t<i class=\"fa fa-calendar\"><\/i>\n\t\t\t\t\t<time class=\"entry-date published updated\">02\/12\/2024<\/time>\n\t\t\t\t\t<\/li><\/ul>\t\t<\/div>\n\t\t\t\t\t<div class=\"sp-pcp-post-content\">\n\t\t\t\t\t<div class=\"sp-pcp-readmore\">\n\t\t\t\t\t\t\t<a class=\"pcp-readmore-link\" target=\"_self\" href=\"https:\/\/sauceviejo.gob.ar\/sauceonline\/atencion-basica-veterinaria-en-barrio-dona-margarita\/\" >\n\t\t\t\t\t\tConocer m\u00e1s <\/a>\n\t\t<\/div>\n\t\t\t\t\t<\/div>\n\t\t\t\t\t\t<\/div>\n\t\t\t\t\t<\/div>\n\t\t\t\t<div class=\" swiper-slide swiper-lazy\">\n\t\t\t\t\t\t<div class=\"sp-pcp-post pcp-item-9570\" data-id=\"9570\">\n\t\t\t\t\t\t\t\t<div class=\"pcp-post-thumb-wrapper\">\n\t\t\t\t\t<div class=\"sp-pcp-post-thumb-area\">\n\t\t\t\t\t\t\t\t\t\t\t\t<a class=\"sp-pcp-thumb\" href=\"https:\/\/sauceviejo.gob.ar\/sauceonline\/la-muni-en-tu-barrio-el-miercoles-27-11-en-altos-del-sauce\/\" target=\"_self\" >\n\t\t\t\t\t\t\t\t\t\t\t\t\t<img loading=\"lazy\" decoding=\"async\" src=\"https:\/\/sauceviejo.gob.ar\/sauceonline\/wp-content\/uploads\/2024\/11\/La-muni-en-tu-barrio-02.jpg\" width=\"1080\" height=\"1080\" alt=\"\">\n\t\t\t\t\t\t<\/a>\n\t\t\t\t\t<\/div>\n\t\t\t\t<\/div>\n\t\t\t\t\t\t\t<h2 class=\"sp-pcp-title\">\n\t\t\t\t\t\t\t\t\t<a href=\"https:\/\/sauceviejo.gob.ar\/sauceonline\/la-muni-en-tu-barrio-el-miercoles-27-11-en-altos-del-sauce\/\"  target=\"_self\">\u00a1GRACIAS A LOS VECINOS POR SUMARSE A LA MUNI EN TU BARRIO!<\/a>\t\t\t\t\t\t\t<\/h2>\n\t\t\t\t\t\t<div class=\"sp-pcp-post-meta\">\n\t\t\t<ul><li>\t\t\t\t\t<i class=\"fa fa-user\"><\/i>\n\t\t\t\t\t<a href=\"https:\/\/sauceviejo.gob.ar\/sauceonline\/author\/pablo-bellafronte\/\"\n\t\t\t\t\t\trel=\"author\">Pablo Bellafronte<\/a>\n\t\t\t\t\t<\/li> <li>\t\t\t\t\t<i class=\"fa fa-calendar\"><\/i>\n\t\t\t\t\t<time class=\"entry-date published updated\">28\/11\/2024<\/time>\n\t\t\t\t\t<\/li><\/ul>\t\t<\/div>\n\t\t\t\t\t<div class=\"sp-pcp-post-content\">\n\t\t\t\t\t<div class=\"sp-pcp-readmore\">\n\t\t\t\t\t\t\t<a class=\"pcp-readmore-link\" target=\"_self\" href=\"https:\/\/sauceviejo.gob.ar\/sauceonline\/la-muni-en-tu-barrio-el-miercoles-27-11-en-altos-del-sauce\/\" >\n\t\t\t\t\t\tConocer m\u00e1s <\/a>\n\t\t<\/div>\n\t\t\t\t\t<\/div>\n\t\t\t\t\t\t<\/div>\n\t\t\t\t\t<\/div>\n\t\t\t\t<div class=\" swiper-slide swiper-lazy\">\n\t\t\t\t\t\t<div class=\"sp-pcp-post pcp-item-9574\" data-id=\"9574\">\n\t\t\t\t\t\t\t\t<div class=\"pcp-post-thumb-wrapper\">\n\t\t\t\t\t<div class=\"sp-pcp-post-thumb-area\">\n\t\t\t\t\t\t\t\t\t\t\t\t<a class=\"sp-pcp-thumb\" href=\"https:\/\/sauceviejo.gob.ar\/sauceonline\/campana-de-castracion-cronograma-para-diciembre\/\" target=\"_self\" >\n\t\t\t\t\t\t\t\t\t\t\t\t\t<img loading=\"lazy\" decoding=\"async\" src=\"https:\/\/sauceviejo.gob.ar\/sauceonline\/wp-content\/uploads\/2024\/11\/Castraciones.jpg\" width=\"1080\" height=\"1080\" alt=\"\">\n\t\t\t\t\t\t<\/a>\n\t\t\t\t\t<\/div>\n\t\t\t\t<\/div>\n\t\t\t\t\t\t\t<h2 class=\"sp-pcp-title\">\n\t\t\t\t\t\t\t\t\t<a href=\"https:\/\/sauceviejo.gob.ar\/sauceonline\/campana-de-castracion-cronograma-para-diciembre\/\"  target=\"_self\">\u00abCAMPA\u00d1A DE CASTRACI\u00d3N\u00bb: CRONOGRAMA PARA DICIEMBRE<\/a>\t\t\t\t\t\t\t<\/h2>\n\t\t\t\t\t\t<div class=\"sp-pcp-post-meta\">\n\t\t\t<ul><li>\t\t\t\t\t<i class=\"fa fa-user\"><\/i>\n\t\t\t\t\t<a href=\"https:\/\/sauceviejo.gob.ar\/sauceonline\/author\/pablo-bellafronte\/\"\n\t\t\t\t\t\trel=\"author\">Pablo Bellafronte<\/a>\n\t\t\t\t\t<\/li> <li>\t\t\t\t\t<i class=\"fa fa-calendar\"><\/i>\n\t\t\t\t\t<time class=\"entry-date published updated\">27\/11\/2024<\/time>\n\t\t\t\t\t<\/li><\/ul>\t\t<\/div>\n\t\t\t\t\t<div class=\"sp-pcp-post-content\">\n\t\t\t\t\t<div class=\"sp-pcp-readmore\">\n\t\t\t\t\t\t\t<a class=\"pcp-readmore-link\" target=\"_self\" href=\"https:\/\/sauceviejo.gob.ar\/sauceonline\/campana-de-castracion-cronograma-para-diciembre\/\" >\n\t\t\t\t\t\tConocer m\u00e1s <\/a>\n\t\t<\/div>\n\t\t\t\t\t<\/div>\n\t\t\t\t\t\t<\/div>\n\t\t\t\t\t<\/div>\n\t\t\t\t<div class=\" swiper-slide swiper-lazy\">\n\t\t\t\t\t\t<div class=\"sp-pcp-post pcp-item-9517\" data-id=\"9517\">\n\t\t\t\t\t\t\t\t<div class=\"pcp-post-thumb-wrapper\">\n\t\t\t\t\t<div class=\"sp-pcp-post-thumb-area\">\n\t\t\t\t\t\t\t\t\t\t\t\t<a class=\"sp-pcp-thumb\" href=\"https:\/\/sauceviejo.gob.ar\/sauceonline\/avanza-la-aplicacion-del-programa-transformar\/\" target=\"_self\" >\n\t\t\t\t\t\t\t\t\t\t\t\t\t<img loading=\"lazy\" decoding=\"async\" src=\"https:\/\/sauceviejo.gob.ar\/sauceonline\/wp-content\/uploads\/2024\/11\/Transformar-01.jpg\" width=\"1080\" height=\"1080\" alt=\"\">\n\t\t\t\t\t\t<\/a>\n\t\t\t\t\t<\/div>\n\t\t\t\t<\/div>\n\t\t\t\t\t\t\t<h2 class=\"sp-pcp-title\">\n\t\t\t\t\t\t\t\t\t<a href=\"https:\/\/sauceviejo.gob.ar\/sauceonline\/avanza-la-aplicacion-del-programa-transformar\/\"  target=\"_self\">AVANZA LA APLICACI\u00d3N DEL PROGRAMA \u00abTRANSFORMAR\u00bb<\/a>\t\t\t\t\t\t\t<\/h2>\n\t\t\t\t\t\t<div class=\"sp-pcp-post-meta\">\n\t\t\t<ul><li>\t\t\t\t\t<i class=\"fa fa-user\"><\/i>\n\t\t\t\t\t<a href=\"https:\/\/sauceviejo.gob.ar\/sauceonline\/author\/pablo-bellafronte\/\"\n\t\t\t\t\t\trel=\"author\">Pablo Bellafronte<\/a>\n\t\t\t\t\t<\/li> <li>\t\t\t\t\t<i class=\"fa fa-calendar\"><\/i>\n\t\t\t\t\t<time class=\"entry-date published updated\">26\/11\/2024<\/time>\n\t\t\t\t\t<\/li><\/ul>\t\t<\/div>\n\t\t\t\t\t<div class=\"sp-pcp-post-content\">\n\t\t\t\t\t<div class=\"sp-pcp-readmore\">\n\t\t\t\t\t\t\t<a class=\"pcp-readmore-link\" target=\"_self\" href=\"https:\/\/sauceviejo.gob.ar\/sauceonline\/avanza-la-aplicacion-del-programa-transformar\/\" >\n\t\t\t\t\t\tConocer m\u00e1s <\/a>\n\t\t<\/div>\n\t\t\t\t\t<\/div>\n\t\t\t\t\t\t<\/div>\n\t\t\t\t\t<\/div>\n\t\t\t\t<div class=\" swiper-slide swiper-lazy\">\n\t\t\t\t\t\t<div class=\"sp-pcp-post pcp-item-9431\" data-id=\"9431\">\n\t\t\t\t\t\t\t\t<div class=\"pcp-post-thumb-wrapper\">\n\t\t\t\t\t<div class=\"sp-pcp-post-thumb-area\">\n\t\t\t\t\t\t\t\t\t\t\t\t<a class=\"sp-pcp-thumb\" href=\"https:\/\/sauceviejo.gob.ar\/sauceonline\/la-muni-en-tu-barrio-otra-jornada-de-cercania-el-miercoles-en-barrio-villa-industrial\/\" target=\"_self\" >\n\t\t\t\t\t\t\t\t\t\t\t\t\t<img loading=\"lazy\" decoding=\"async\" src=\"https:\/\/sauceviejo.gob.ar\/sauceonline\/wp-content\/uploads\/2024\/11\/vacunacion-antirrabica.jpg\" width=\"526\" height=\"526\" alt=\"\">\n\t\t\t\t\t\t<\/a>\n\t\t\t\t\t<\/div>\n\t\t\t\t<\/div>\n\t\t\t\t\t\t\t<h2 class=\"sp-pcp-title\">\n\t\t\t\t\t\t\t\t\t<a href=\"https:\/\/sauceviejo.gob.ar\/sauceonline\/la-muni-en-tu-barrio-otra-jornada-de-cercania-el-miercoles-en-barrio-villa-industrial\/\"  target=\"_self\">\u00abLA MUNI EN TU BARRIO\u00bb: EL MI\u00c9RCOLES 6\/11 EN BARRIO VILLA INDUSTRIAL<\/a>\t\t\t\t\t\t\t<\/h2>\n\t\t\t\t\t\t<div class=\"sp-pcp-post-meta\">\n\t\t\t<ul><li>\t\t\t\t\t<i class=\"fa fa-user\"><\/i>\n\t\t\t\t\t<a href=\"https:\/\/sauceviejo.gob.ar\/sauceonline\/author\/vu000925\/\"\n\t\t\t\t\t\trel=\"author\">Pablo Bellafronte<\/a>\n\t\t\t\t\t<\/li> <li>\t\t\t\t\t<i class=\"fa fa-calendar\"><\/i>\n\t\t\t\t\t<time class=\"entry-date published updated\">14\/11\/2024<\/time>\n\t\t\t\t\t<\/li><\/ul>\t\t<\/div>\n\t\t\t\t\t<div class=\"sp-pcp-post-content\">\n\t\t\t\t\t<div class=\"sp-pcp-readmore\">\n\t\t\t\t\t\t\t<a class=\"pcp-readmore-link\" target=\"_self\" href=\"https:\/\/sauceviejo.gob.ar\/sauceonline\/la-muni-en-tu-barrio-otra-jornada-de-cercania-el-miercoles-en-barrio-villa-industrial\/\" >\n\t\t\t\t\t\tConocer m\u00e1s <\/a>\n\t\t<\/div>\n\t\t\t\t\t<\/div>\n\t\t\t\t\t\t<\/div>\n\t\t\t\t\t<\/div>\n\t\t\t\t<div class=\" swiper-slide swiper-lazy\">\n\t\t\t\t\t\t<div class=\"sp-pcp-post pcp-item-9370\" data-id=\"9370\">\n\t\t\t\t\t\t\t\t<div class=\"pcp-post-thumb-wrapper\">\n\t\t\t\t\t<div class=\"sp-pcp-post-thumb-area\">\n\t\t\t\t\t\t\t\t\t\t\t\t<a class=\"sp-pcp-thumb\" href=\"https:\/\/sauceviejo.gob.ar\/sauceonline\/la-muni-en-tu-barrio-otra-jornada-de-cercania-el-miercoles-en-barrio-adelina-este\/\" target=\"_self\" >\n\t\t\t\t\t\t\t\t\t\t\t\t\t<img loading=\"lazy\" decoding=\"async\" src=\"https:\/\/sauceviejo.gob.ar\/sauceonline\/wp-content\/uploads\/2024\/09\/WhatsApp-Image-2024-09-24-at-08.11.02.jpeg\" width=\"1080\" height=\"1080\" alt=\"\">\n\t\t\t\t\t\t<\/a>\n\t\t\t\t\t<\/div>\n\t\t\t\t<\/div>\n\t\t\t\t\t\t\t<h2 class=\"sp-pcp-title\">\n\t\t\t\t\t\t\t\t\t<a href=\"https:\/\/sauceviejo.gob.ar\/sauceonline\/la-muni-en-tu-barrio-otra-jornada-de-cercania-el-miercoles-en-barrio-adelina-este\/\"  target=\"_self\">\u00abLA MUNI EN TU BARRIO\u00bb: EL MI\u00c9RCOLES 6\/11 EN BARRIO ADELINA ESTE<\/a>\t\t\t\t\t\t\t<\/h2>\n\t\t\t\t\t\t<div class=\"sp-pcp-post-meta\">\n\t\t\t<ul><li>\t\t\t\t\t<i class=\"fa fa-user\"><\/i>\n\t\t\t\t\t<a href=\"https:\/\/sauceviejo.gob.ar\/sauceonline\/author\/vu000925\/\"\n\t\t\t\t\t\trel=\"author\">Pablo Bellafronte<\/a>\n\t\t\t\t\t<\/li> <li>\t\t\t\t\t<i class=\"fa fa-calendar\"><\/i>\n\t\t\t\t\t<time class=\"entry-date published updated\">24\/09\/2024<\/time>\n\t\t\t\t\t<\/li><\/ul>\t\t<\/div>\n\t\t\t\t\t<div class=\"sp-pcp-post-content\">\n\t\t\t\t\t<div class=\"sp-pcp-readmore\">\n\t\t\t\t\t\t\t<a class=\"pcp-readmore-link\" target=\"_self\" href=\"https:\/\/sauceviejo.gob.ar\/sauceonline\/la-muni-en-tu-barrio-otra-jornada-de-cercania-el-miercoles-en-barrio-adelina-este\/\" >\n\t\t\t\t\t\tConocer m\u00e1s <\/a>\n\t\t<\/div>\n\t\t\t\t\t<\/div>\n\t\t\t\t\t\t<\/div>\n\t\t\t\t\t<\/div>\n\t\t\t\t<div class=\" swiper-slide swiper-lazy\">\n\t\t\t\t\t\t<div class=\"sp-pcp-post pcp-item-9301\" data-id=\"9301\">\n\t\t\t\t\t\t\t\t<div class=\"pcp-post-thumb-wrapper\">\n\t\t\t\t\t<div class=\"sp-pcp-post-thumb-area\">\n\t\t\t\t\t\t\t\t\t\t\t\t<a class=\"sp-pcp-thumb\" href=\"https:\/\/sauceviejo.gob.ar\/sauceonline\/seguimos-plantando-arboles-en-diferentes-puntos-de-la-ciudad\/\" target=\"_self\" >\n\t\t\t\t\t\t\t\t\t\t\t\t\t<img loading=\"lazy\" decoding=\"async\" src=\"https:\/\/sauceviejo.gob.ar\/sauceonline\/wp-content\/uploads\/2024\/09\/WhatsApp-Image-2024-09-11-at-08.51.06-1.jpeg\" width=\"780\" height=\"1040\" alt=\"\">\n\t\t\t\t\t\t<\/a>\n\t\t\t\t\t<\/div>\n\t\t\t\t<\/div>\n\t\t\t\t\t\t\t<h2 class=\"sp-pcp-title\">\n\t\t\t\t\t\t\t\t\t<a href=\"https:\/\/sauceviejo.gob.ar\/sauceonline\/seguimos-plantando-arboles-en-diferentes-puntos-de-la-ciudad\/\"  target=\"_self\">SEGUIMOS PLANTANDO \u00c1RBOLES EN DIFERENTES PUNTOS DE LA CIUDAD<\/a>\t\t\t\t\t\t\t<\/h2>\n\t\t\t\t\t\t<div class=\"sp-pcp-post-meta\">\n\t\t\t<ul><li>\t\t\t\t\t<i class=\"fa fa-user\"><\/i>\n\t\t\t\t\t<a href=\"https:\/\/sauceviejo.gob.ar\/sauceonline\/author\/vu000925\/\"\n\t\t\t\t\t\trel=\"author\">Pablo Bellafronte<\/a>\n\t\t\t\t\t<\/li> <li>\t\t\t\t\t<i class=\"fa fa-calendar\"><\/i>\n\t\t\t\t\t<time class=\"entry-date published updated\">11\/09\/2024<\/time>\n\t\t\t\t\t<\/li><\/ul>\t\t<\/div>\n\t\t\t\t\t<div class=\"sp-pcp-post-content\">\n\t\t\t\t\t<div class=\"sp-pcp-readmore\">\n\t\t\t\t\t\t\t<a class=\"pcp-readmore-link\" target=\"_self\" href=\"https:\/\/sauceviejo.gob.ar\/sauceonline\/seguimos-plantando-arboles-en-diferentes-puntos-de-la-ciudad\/\" >\n\t\t\t\t\t\tConocer m\u00e1s <\/a>\n\t\t<\/div>\n\t\t\t\t\t<\/div>\n\t\t\t\t\t\t<\/div>\n\t\t\t\t\t<\/div>\n\t\t\t\t<div class=\" swiper-slide swiper-lazy\">\n\t\t\t\t\t\t<div class=\"sp-pcp-post pcp-item-9028\" data-id=\"9028\">\n\t\t\t\t\t\t\t\t<div class=\"pcp-post-thumb-wrapper\">\n\t\t\t\t\t<div class=\"sp-pcp-post-thumb-area\">\n\t\t\t\t\t\t\t\t\t\t\t\t<a class=\"sp-pcp-thumb\" href=\"https:\/\/sauceviejo.gob.ar\/sauceonline\/gracias-a-todas-y-a-todos-los-que-participaron-de-las-charlas-de-compostaje\/\" target=\"_self\" >\n\t\t\t\t\t\t\t\t\t\t\t\t\t<img loading=\"lazy\" decoding=\"async\" src=\"https:\/\/sauceviejo.gob.ar\/sauceonline\/wp-content\/uploads\/2024\/07\/WhatsApp-Image-2024-07-01-at-7.42.51-AM-2.jpeg\" width=\"1200\" height=\"1600\" alt=\"\">\n\t\t\t\t\t\t<\/a>\n\t\t\t\t\t<\/div>\n\t\t\t\t<\/div>\n\t\t\t\t\t\t\t<h2 class=\"sp-pcp-title\">\n\t\t\t\t\t\t\t\t\t<a href=\"https:\/\/sauceviejo.gob.ar\/sauceonline\/gracias-a-todas-y-a-todos-los-que-participaron-de-las-charlas-de-compostaje\/\"  target=\"_self\">\u00a1GRACIAS A TODAS Y A TODOS LOS QUE PARTICIPARON DE LAS CHARLAS DE COMPOSTAJE!<\/a>\t\t\t\t\t\t\t<\/h2>\n\t\t\t\t\t\t<div class=\"sp-pcp-post-meta\">\n\t\t\t<ul><li>\t\t\t\t\t<i class=\"fa fa-user\"><\/i>\n\t\t\t\t\t<a href=\"https:\/\/sauceviejo.gob.ar\/sauceonline\/author\/vu000925\/\"\n\t\t\t\t\t\trel=\"author\">Pablo Bellafronte<\/a>\n\t\t\t\t\t<\/li> <li>\t\t\t\t\t<i class=\"fa fa-calendar\"><\/i>\n\t\t\t\t\t<time class=\"entry-date published updated\">01\/07\/2024<\/time>\n\t\t\t\t\t<\/li><\/ul>\t\t<\/div>\n\t\t\t\t\t<div class=\"sp-pcp-post-content\">\n\t\t\t\t\t<div class=\"sp-pcp-readmore\">\n\t\t\t\t\t\t\t<a class=\"pcp-readmore-link\" target=\"_self\" href=\"https:\/\/sauceviejo.gob.ar\/sauceonline\/gracias-a-todas-y-a-todos-los-que-participaron-de-las-charlas-de-compostaje\/\" >\n\t\t\t\t\t\tConocer m\u00e1s <\/a>\n\t\t<\/div>\n\t\t\t\t\t<\/div>\n\t\t\t\t\t\t<\/div>\n\t\t\t\t\t<\/div>\n\t\t\t\t<div class=\" swiper-slide swiper-lazy\">\n\t\t\t\t\t\t<div class=\"sp-pcp-post pcp-item-8979\" data-id=\"8979\">\n\t\t\t\t\t\t\t\t<div class=\"pcp-post-thumb-wrapper\">\n\t\t\t\t\t<div class=\"sp-pcp-post-thumb-area\">\n\t\t\t\t\t\t\t\t\t\t\t\t<a class=\"sp-pcp-thumb\" href=\"https:\/\/sauceviejo.gob.ar\/sauceonline\/exitosa-jornada-de-la-muni-en-tu-barrio-en-san-cayetano\/\" target=\"_self\" >\n\t\t\t\t\t\t\t\t\t\t\t\t\t<img loading=\"lazy\" decoding=\"async\" src=\"https:\/\/sauceviejo.gob.ar\/sauceonline\/wp-content\/uploads\/2024\/06\/WhatsApp-Image-2024-06-24-at-8.05.11-AM.jpeg\" width=\"1080\" height=\"1080\" alt=\"\">\n\t\t\t\t\t\t<\/a>\n\t\t\t\t\t<\/div>\n\t\t\t\t<\/div>\n\t\t\t\t\t\t\t<h2 class=\"sp-pcp-title\">\n\t\t\t\t\t\t\t\t\t<a href=\"https:\/\/sauceviejo.gob.ar\/sauceonline\/exitosa-jornada-de-la-muni-en-tu-barrio-en-san-cayetano\/\"  target=\"_self\">EXITOSA JORNADA DE \u00abLA MUNI EN TU BARRIO\u00bb EN SAN CAYETANO<\/a>\t\t\t\t\t\t\t<\/h2>\n\t\t\t\t\t\t<div class=\"sp-pcp-post-meta\">\n\t\t\t<ul><li>\t\t\t\t\t<i class=\"fa fa-user\"><\/i>\n\t\t\t\t\t<a href=\"https:\/\/sauceviejo.gob.ar\/sauceonline\/author\/vu000925\/\"\n\t\t\t\t\t\trel=\"author\">Pablo Bellafronte<\/a>\n\t\t\t\t\t<\/li> <li>\t\t\t\t\t<i class=\"fa fa-calendar\"><\/i>\n\t\t\t\t\t<time class=\"entry-date published updated\">24\/06\/2024<\/time>\n\t\t\t\t\t<\/li><\/ul>\t\t<\/div>\n\t\t\t\t\t<div class=\"sp-pcp-post-content\">\n\t\t\t\t\t<div class=\"sp-pcp-readmore\">\n\t\t\t\t\t\t\t<a class=\"pcp-readmore-link\" target=\"_self\" href=\"https:\/\/sauceviejo.gob.ar\/sauceonline\/exitosa-jornada-de-la-muni-en-tu-barrio-en-san-cayetano\/\" >\n\t\t\t\t\t\tConocer m\u00e1s <\/a>\n\t\t<\/div>\n\t\t\t\t\t<\/div>\n\t\t\t\t\t\t<\/div>\n\t\t\t\t\t<\/div>\n\t\t\t\t<div class=\" swiper-slide swiper-lazy\">\n\t\t\t\t\t\t<div class=\"sp-pcp-post pcp-item-8808\" data-id=\"8808\">\n\t\t\t\t\t\t\t\t<div class=\"pcp-post-thumb-wrapper\">\n\t\t\t\t\t<div class=\"sp-pcp-post-thumb-area\">\n\t\t\t\t\t\t\t\t\t\t\t\t<a class=\"sp-pcp-thumb\" href=\"https:\/\/sauceviejo.gob.ar\/sauceonline\/el-dr-mario-papaleo-acompano-el-movil-de-atencion-veterinaria-en-barrio-adelina\/\" target=\"_self\" >\n\t\t\t\t\t\t\t\t\t\t\t\t\t<img loading=\"lazy\" decoding=\"async\" src=\"https:\/\/sauceviejo.gob.ar\/sauceonline\/wp-content\/uploads\/2024\/06\/WhatsApp-Image-2024-06-06-at-10.05.32-AM.jpeg\" width=\"934\" height=\"1600\" alt=\"\">\n\t\t\t\t\t\t<\/a>\n\t\t\t\t\t<\/div>\n\t\t\t\t<\/div>\n\t\t\t\t\t\t\t<h2 class=\"sp-pcp-title\">\n\t\t\t\t\t\t\t\t\t<a href=\"https:\/\/sauceviejo.gob.ar\/sauceonline\/el-dr-mario-papaleo-acompano-el-movil-de-atencion-veterinaria-en-barrio-adelina\/\"  target=\"_self\">EL DR. MARIO PAPALEO ACOMPA\u00d1\u00d3 EL M\u00d3VIL DE ATENCI\u00d3N VETERINARIA EN BARRIO ADELINA<\/a>\t\t\t\t\t\t\t<\/h2>\n\t\t\t\t\t\t<div class=\"sp-pcp-post-meta\">\n\t\t\t<ul><li>\t\t\t\t\t<i class=\"fa fa-user\"><\/i>\n\t\t\t\t\t<a href=\"https:\/\/sauceviejo.gob.ar\/sauceonline\/author\/vu000925\/\"\n\t\t\t\t\t\trel=\"author\">Pablo Bellafronte<\/a>\n\t\t\t\t\t<\/li> <li>\t\t\t\t\t<i class=\"fa fa-calendar\"><\/i>\n\t\t\t\t\t<time class=\"entry-date published updated\">06\/06\/2024<\/time>\n\t\t\t\t\t<\/li><\/ul>\t\t<\/div>\n\t\t\t\t\t<div class=\"sp-pcp-post-content\">\n\t\t\t\t\t<div class=\"sp-pcp-readmore\">\n\t\t\t\t\t\t\t<a class=\"pcp-readmore-link\" target=\"_self\" href=\"https:\/\/sauceviejo.gob.ar\/sauceonline\/el-dr-mario-papaleo-acompano-el-movil-de-atencion-veterinaria-en-barrio-adelina\/\" >\n\t\t\t\t\t\tConocer m\u00e1s <\/a>\n\t\t<\/div>\n\t\t\t\t\t<\/div>\n\t\t\t\t\t\t<\/div>\n\t\t\t\t\t<\/div>\n\t\t\t\t<div class=\" swiper-slide swiper-lazy\">\n\t\t\t\t\t\t<div class=\"sp-pcp-post pcp-item-8560\" data-id=\"8560\">\n\t\t\t\t\t\t\t\t<div class=\"pcp-post-thumb-wrapper\">\n\t\t\t\t\t<div class=\"sp-pcp-post-thumb-area\">\n\t\t\t\t\t\t\t\t\t\t\t\t<a class=\"sp-pcp-thumb\" href=\"https:\/\/sauceviejo.gob.ar\/sauceonline\/la-muni-en-tu-barrio-otra-jornada-de-cercania-el-miercoles-en-adelina-este\/\" target=\"_self\" >\n\t\t\t\t\t\t\t\t\t\t\t\t\t<img loading=\"lazy\" decoding=\"async\" src=\"https:\/\/sauceviejo.gob.ar\/sauceonline\/wp-content\/uploads\/2024\/05\/WhatsApp-Image-2024-05-21-at-8.12.39-PM.jpeg\" width=\"1080\" height=\"1080\" alt=\"\">\n\t\t\t\t\t\t<\/a>\n\t\t\t\t\t<\/div>\n\t\t\t\t<\/div>\n\t\t\t\t\t\t\t<h2 class=\"sp-pcp-title\">\n\t\t\t\t\t\t\t\t\t<a href=\"https:\/\/sauceviejo.gob.ar\/sauceonline\/la-muni-en-tu-barrio-otra-jornada-de-cercania-el-miercoles-en-adelina-este\/\"  target=\"_self\">\u00abLA MUNI EN TU BARRIO\u00bb: OTRA JORNADA DE CERCAN\u00cdA, EL MI\u00c9RCOLES EN ADELINA ESTE<\/a>\t\t\t\t\t\t\t<\/h2>\n\t\t\t\t\t\t<div class=\"sp-pcp-post-meta\">\n\t\t\t<ul><li>\t\t\t\t\t<i class=\"fa fa-user\"><\/i>\n\t\t\t\t\t<a href=\"https:\/\/sauceviejo.gob.ar\/sauceonline\/author\/vu000925\/\"\n\t\t\t\t\t\trel=\"author\">Pablo Bellafronte<\/a>\n\t\t\t\t\t<\/li> <li>\t\t\t\t\t<i class=\"fa fa-calendar\"><\/i>\n\t\t\t\t\t<time class=\"entry-date published updated\">22\/05\/2024<\/time>\n\t\t\t\t\t<\/li><\/ul>\t\t<\/div>\n\t\t\t\t\t<div class=\"sp-pcp-post-content\">\n\t\t\t\t\t<div class=\"sp-pcp-readmore\">\n\t\t\t\t\t\t\t<a class=\"pcp-readmore-link\" target=\"_self\" href=\"https:\/\/sauceviejo.gob.ar\/sauceonline\/la-muni-en-tu-barrio-otra-jornada-de-cercania-el-miercoles-en-adelina-este\/\" >\n\t\t\t\t\t\tConocer m\u00e1s <\/a>\n\t\t<\/div>\n\t\t\t\t\t<\/div>\n\t\t\t\t\t\t<\/div>\n\t\t\t\t\t<\/div>\n\t\t\t\t<div class=\" swiper-slide swiper-lazy\">\n\t\t\t\t\t\t<div class=\"sp-pcp-post pcp-item-8540\" data-id=\"8540\">\n\t\t\t\t\t\t\t\t<div class=\"pcp-post-thumb-wrapper\">\n\t\t\t\t\t<div class=\"sp-pcp-post-thumb-area\">\n\t\t\t\t\t\t\t\t\t\t\t\t<a class=\"sp-pcp-thumb\" href=\"https:\/\/sauceviejo.gob.ar\/sauceonline\/otra-gran-jornada-de-atencion-veterinaria-basica\/\" target=\"_self\" >\n\t\t\t\t\t\t\t\t\t\t\t\t\t<img loading=\"lazy\" decoding=\"async\" src=\"https:\/\/sauceviejo.gob.ar\/sauceonline\/wp-content\/uploads\/2024\/05\/WhatsApp-Image-2024-05-21-at-8.10.56-PM-2.jpeg\" width=\"720\" height=\"1280\" alt=\"\">\n\t\t\t\t\t\t<\/a>\n\t\t\t\t\t<\/div>\n\t\t\t\t<\/div>\n\t\t\t\t\t\t\t<h2 class=\"sp-pcp-title\">\n\t\t\t\t\t\t\t\t\t<a href=\"https:\/\/sauceviejo.gob.ar\/sauceonline\/otra-gran-jornada-de-atencion-veterinaria-basica\/\"  target=\"_self\">OTRA GRAN JORNADA DE ATENCI\u00d3N VETERINARIA B\u00c1SICA<\/a>\t\t\t\t\t\t\t<\/h2>\n\t\t\t\t\t\t<div class=\"sp-pcp-post-meta\">\n\t\t\t<ul><li>\t\t\t\t\t<i class=\"fa fa-user\"><\/i>\n\t\t\t\t\t<a href=\"https:\/\/sauceviejo.gob.ar\/sauceonline\/author\/vu000925\/\"\n\t\t\t\t\t\trel=\"author\">Pablo Bellafronte<\/a>\n\t\t\t\t\t<\/li> <li>\t\t\t\t\t<i class=\"fa fa-calendar\"><\/i>\n\t\t\t\t\t<time class=\"entry-date published updated\">22\/05\/2024<\/time>\n\t\t\t\t\t<\/li><\/ul>\t\t<\/div>\n\t\t\t\t\t<div class=\"sp-pcp-post-content\">\n\t\t\t\t\t<div class=\"sp-pcp-readmore\">\n\t\t\t\t\t\t\t<a class=\"pcp-readmore-link\" target=\"_self\" href=\"https:\/\/sauceviejo.gob.ar\/sauceonline\/otra-gran-jornada-de-atencion-veterinaria-basica\/\" >\n\t\t\t\t\t\tConocer m\u00e1s <\/a>\n\t\t<\/div>\n\t\t\t\t\t<\/div>\n\t\t\t\t\t\t<\/div>\n\t\t\t\t\t<\/div>\n\t\t\t\t<div class=\" swiper-slide swiper-lazy\">\n\t\t\t\t\t\t<div class=\"sp-pcp-post pcp-item-8508\" data-id=\"8508\">\n\t\t\t\t\t\t\t\t<div class=\"pcp-post-thumb-wrapper\">\n\t\t\t\t\t<div class=\"sp-pcp-post-thumb-area\">\n\t\t\t\t\t\t\t\t\t\t\t\t<a class=\"sp-pcp-thumb\" href=\"https:\/\/sauceviejo.gob.ar\/sauceonline\/atencion-se-viene-la-segunda-jornada-de-servicio-veterinario-basico\/\" target=\"_self\" >\n\t\t\t\t\t\t\t\t\t\t\t\t\t<img loading=\"lazy\" decoding=\"async\" src=\"https:\/\/sauceviejo.gob.ar\/sauceonline\/wp-content\/uploads\/2024\/05\/WhatsApp-Image-2024-05-13-at-11.20.23-AM.jpeg\" width=\"1080\" height=\"1080\" alt=\"\">\n\t\t\t\t\t\t<\/a>\n\t\t\t\t\t<\/div>\n\t\t\t\t<\/div>\n\t\t\t\t\t\t\t<h2 class=\"sp-pcp-title\">\n\t\t\t\t\t\t\t\t\t<a href=\"https:\/\/sauceviejo.gob.ar\/sauceonline\/atencion-se-viene-la-segunda-jornada-de-servicio-veterinario-basico\/\"  target=\"_self\">ATENCI\u00d3N: SE VIENE LA SEGUNDA JORNADA DE SERVICIO VETERINARIO B\u00c1SICO<\/a>\t\t\t\t\t\t\t<\/h2>\n\t\t\t\t\t\t<div class=\"sp-pcp-post-meta\">\n\t\t\t<ul><li>\t\t\t\t\t<i class=\"fa fa-user\"><\/i>\n\t\t\t\t\t<a href=\"https:\/\/sauceviejo.gob.ar\/sauceonline\/author\/vu000925\/\"\n\t\t\t\t\t\trel=\"author\">Pablo Bellafronte<\/a>\n\t\t\t\t\t<\/li> <li>\t\t\t\t\t<i class=\"fa fa-calendar\"><\/i>\n\t\t\t\t\t<time class=\"entry-date published updated\">14\/05\/2024<\/time>\n\t\t\t\t\t<\/li><\/ul>\t\t<\/div>\n\t\t\t\t\t<div class=\"sp-pcp-post-content\">\n\t\t\t\t\t<div class=\"sp-pcp-readmore\">\n\t\t\t\t\t\t\t<a class=\"pcp-readmore-link\" target=\"_self\" href=\"https:\/\/sauceviejo.gob.ar\/sauceonline\/atencion-se-viene-la-segunda-jornada-de-servicio-veterinario-basico\/\" >\n\t\t\t\t\t\tConocer m\u00e1s <\/a>\n\t\t<\/div>\n\t\t\t\t\t<\/div>\n\t\t\t\t\t\t<\/div>\n\t\t\t\t\t<\/div>\n\t\t\t\t<div class=\" swiper-slide swiper-lazy\">\n\t\t\t\t\t\t<div class=\"sp-pcp-post pcp-item-8261\" data-id=\"8261\">\n\t\t\t\t\t\t\t\t<div class=\"pcp-post-thumb-wrapper\">\n\t\t\t\t\t<div class=\"sp-pcp-post-thumb-area\">\n\t\t\t\t\t\t\t\t\t\t\t\t<a class=\"sp-pcp-thumb\" href=\"https:\/\/sauceviejo.gob.ar\/sauceonline\/por-primera-vez-en-sauce-viejo-se-brindara-servicio-veterinario-basico\/\" target=\"_self\" >\n\t\t\t\t\t\t\t\t\t\t\t\t\t<img loading=\"lazy\" decoding=\"async\" src=\"https:\/\/sauceviejo.gob.ar\/sauceonline\/wp-content\/uploads\/2024\/04\/WhatsApp-Image-2024-04-11-at-7.54.40-AM.jpeg\" width=\"1080\" height=\"1080\" alt=\"\">\n\t\t\t\t\t\t<\/a>\n\t\t\t\t\t<\/div>\n\t\t\t\t<\/div>\n\t\t\t\t\t\t\t<h2 class=\"sp-pcp-title\">\n\t\t\t\t\t\t\t\t\t<a href=\"https:\/\/sauceviejo.gob.ar\/sauceonline\/por-primera-vez-en-sauce-viejo-se-brindara-servicio-veterinario-basico\/\"  target=\"_self\">POR PRIMERA VEZ EN SAUCE VIEJO SE BRINDAR\u00c1 SERVICIO VETERINARIO B\u00c1SICO<\/a>\t\t\t\t\t\t\t<\/h2>\n\t\t\t\t\t\t<div class=\"sp-pcp-post-meta\">\n\t\t\t<ul><li>\t\t\t\t\t<i class=\"fa fa-user\"><\/i>\n\t\t\t\t\t<a href=\"https:\/\/sauceviejo.gob.ar\/sauceonline\/author\/vu000925\/\"\n\t\t\t\t\t\trel=\"author\">Pablo Bellafronte<\/a>\n\t\t\t\t\t<\/li> <li>\t\t\t\t\t<i class=\"fa fa-calendar\"><\/i>\n\t\t\t\t\t<time class=\"entry-date published updated\">11\/04\/2024<\/time>\n\t\t\t\t\t<\/li><\/ul>\t\t<\/div>\n\t\t\t\t\t<div class=\"sp-pcp-post-content\">\n\t\t\t\t\t<div class=\"sp-pcp-readmore\">\n\t\t\t\t\t\t\t<a class=\"pcp-readmore-link\" target=\"_self\" href=\"https:\/\/sauceviejo.gob.ar\/sauceonline\/por-primera-vez-en-sauce-viejo-se-brindara-servicio-veterinario-basico\/\" >\n\t\t\t\t\t\tConocer m\u00e1s <\/a>\n\t\t<\/div>\n\t\t\t\t\t<\/div>\n\t\t\t\t\t\t<\/div>\n\t\t\t\t\t<\/div>\n\t\t\t\t<div class=\" swiper-slide swiper-lazy\">\n\t\t\t\t\t\t<div class=\"sp-pcp-post pcp-item-8164\" data-id=\"8164\">\n\t\t\t\t\t\t\t\t<div class=\"pcp-post-thumb-wrapper\">\n\t\t\t\t\t<div class=\"sp-pcp-post-thumb-area\">\n\t\t\t\t\t\t\t\t\t\t\t\t<a class=\"sp-pcp-thumb\" href=\"https:\/\/sauceviejo.gob.ar\/sauceonline\/se-sumo-equipamiento-destinado-a-la-gestion-de-residuos-en-sauce-viejo\/\" target=\"_self\" >\n\t\t\t\t\t\t\t\t\t\t\t\t\t<img loading=\"lazy\" decoding=\"async\" src=\"https:\/\/sauceviejo.gob.ar\/sauceonline\/wp-content\/uploads\/2024\/03\/WhatsApp-Image-2024-03-18-at-8.26.18-AM.jpeg\" width=\"1200\" height=\"1600\" alt=\"\">\n\t\t\t\t\t\t<\/a>\n\t\t\t\t\t<\/div>\n\t\t\t\t<\/div>\n\t\t\t\t\t\t\t<h2 class=\"sp-pcp-title\">\n\t\t\t\t\t\t\t\t\t<a href=\"https:\/\/sauceviejo.gob.ar\/sauceonline\/se-sumo-equipamiento-destinado-a-la-gestion-de-residuos-en-sauce-viejo\/\"  target=\"_self\">SE SUM\u00d3 EQUIPAMIENTO DESTINADO A LA GESTI\u00d3N DE RESIDUOS EN SAUCE VIEJO<\/a>\t\t\t\t\t\t\t<\/h2>\n\t\t\t\t\t\t<div class=\"sp-pcp-post-meta\">\n\t\t\t<ul><li>\t\t\t\t\t<i class=\"fa fa-user\"><\/i>\n\t\t\t\t\t<a href=\"https:\/\/sauceviejo.gob.ar\/sauceonline\/author\/vu000925\/\"\n\t\t\t\t\t\trel=\"author\">Pablo Bellafronte<\/a>\n\t\t\t\t\t<\/li> <li>\t\t\t\t\t<i class=\"fa fa-calendar\"><\/i>\n\t\t\t\t\t<time class=\"entry-date published updated\">18\/03\/2024<\/time>\n\t\t\t\t\t<\/li><\/ul>\t\t<\/div>\n\t\t\t\t\t<div class=\"sp-pcp-post-content\">\n\t\t\t\t\t<div class=\"sp-pcp-readmore\">\n\t\t\t\t\t\t\t<a class=\"pcp-readmore-link\" target=\"_self\" href=\"https:\/\/sauceviejo.gob.ar\/sauceonline\/se-sumo-equipamiento-destinado-a-la-gestion-de-residuos-en-sauce-viejo\/\" >\n\t\t\t\t\t\tConocer m\u00e1s <\/a>\n\t\t<\/div>\n\t\t\t\t\t<\/div>\n\t\t\t\t\t\t<\/div>\n\t\t\t\t\t<\/div>\n\t\t\t\t<div class=\" swiper-slide swiper-lazy\">\n\t\t\t\t\t\t<div class=\"sp-pcp-post pcp-item-8148\" data-id=\"8148\">\n\t\t\t\t\t\t\t\t<div class=\"pcp-post-thumb-wrapper\">\n\t\t\t\t\t<div class=\"sp-pcp-post-thumb-area\">\n\t\t\t\t\t\t\t\t\t\t\t\t<a class=\"sp-pcp-thumb\" href=\"https:\/\/sauceviejo.gob.ar\/sauceonline\/prevenir-el-dengue-es-responsabilidad-de-cada-uno-de-nosotros\/\" target=\"_self\" >\n\t\t\t\t\t\t\t\t\t\t\t\t\t<img loading=\"lazy\" decoding=\"async\" src=\"https:\/\/sauceviejo.gob.ar\/sauceonline\/wp-content\/plugins\/post-carousel\/public\/assets\/img\/placeholder.png\" width=\"600\" height=\"450\" alt=\"\">\n\t\t\t\t\t\t<\/a>\n\t\t\t\t\t<\/div>\n\t\t\t\t<\/div>\n\t\t\t\t\t\t\t<h2 class=\"sp-pcp-title\">\n\t\t\t\t\t\t\t\t\t<a href=\"https:\/\/sauceviejo.gob.ar\/sauceonline\/prevenir-el-dengue-es-responsabilidad-de-cada-uno-de-nosotros\/\"  target=\"_self\">\u00a1PREVENIR EL DENGUE ES RESPONSABILIDAD DE CADA UNO DE NOSOTROS!<\/a>\t\t\t\t\t\t\t<\/h2>\n\t\t\t\t\t\t<div class=\"sp-pcp-post-meta\">\n\t\t\t<ul><li>\t\t\t\t\t<i class=\"fa fa-user\"><\/i>\n\t\t\t\t\t<a href=\"https:\/\/sauceviejo.gob.ar\/sauceonline\/author\/vu000925\/\"\n\t\t\t\t\t\trel=\"author\">Pablo Bellafronte<\/a>\n\t\t\t\t\t<\/li> <li>\t\t\t\t\t<i class=\"fa fa-calendar\"><\/i>\n\t\t\t\t\t<time class=\"entry-date published updated\">18\/03\/2024<\/time>\n\t\t\t\t\t<\/li><\/ul>\t\t<\/div>\n\t\t\t\t\t<div class=\"sp-pcp-post-content\">\n\t\t\t\t\t<div class=\"sp-pcp-readmore\">\n\t\t\t\t\t\t\t<a class=\"pcp-readmore-link\" target=\"_self\" href=\"https:\/\/sauceviejo.gob.ar\/sauceonline\/prevenir-el-dengue-es-responsabilidad-de-cada-uno-de-nosotros\/\" >\n\t\t\t\t\t\tConocer m\u00e1s <\/a>\n\t\t<\/div>\n\t\t\t\t\t<\/div>\n\t\t\t\t\t\t<\/div>\n\t\t\t\t\t<\/div>\n\t\t\t\t<div class=\" swiper-slide swiper-lazy\">\n\t\t\t\t\t\t<div class=\"sp-pcp-post pcp-item-8053\" data-id=\"8053\">\n\t\t\t\t\t\t\t\t<div class=\"pcp-post-thumb-wrapper\">\n\t\t\t\t\t<div class=\"sp-pcp-post-thumb-area\">\n\t\t\t\t\t\t\t\t\t\t\t\t<a class=\"sp-pcp-thumb\" href=\"https:\/\/sauceviejo.gob.ar\/sauceonline\/la-muni-en-tu-barrio-otra-jornada-de-cercania-este-miercoles-en-el-barrio-conquistadores\/\" target=\"_self\" >\n\t\t\t\t\t\t\t\t\t\t\t\t\t<img loading=\"lazy\" decoding=\"async\" src=\"https:\/\/sauceviejo.gob.ar\/sauceonline\/wp-content\/uploads\/2024\/03\/WhatsApp-Image-2024-03-05-at-8.52.28-AM.jpeg\" width=\"1280\" height=\"1600\" alt=\"\">\n\t\t\t\t\t\t<\/a>\n\t\t\t\t\t<\/div>\n\t\t\t\t<\/div>\n\t\t\t\t\t\t\t<h2 class=\"sp-pcp-title\">\n\t\t\t\t\t\t\t\t\t<a href=\"https:\/\/sauceviejo.gob.ar\/sauceonline\/la-muni-en-tu-barrio-otra-jornada-de-cercania-este-miercoles-en-el-barrio-conquistadores\/\"  target=\"_self\">\u00abLA MUNI EN TU BARRIO\u00bb: OTRA JORNADA DE CERCAN\u00cdA, ESTE MI\u00c9RCOLES EN EL BARRIO CONQUISTADORES<\/a>\t\t\t\t\t\t\t<\/h2>\n\t\t\t\t\t\t<div class=\"sp-pcp-post-meta\">\n\t\t\t<ul><li>\t\t\t\t\t<i class=\"fa fa-user\"><\/i>\n\t\t\t\t\t<a href=\"https:\/\/sauceviejo.gob.ar\/sauceonline\/author\/vu000925\/\"\n\t\t\t\t\t\trel=\"author\">Pablo Bellafronte<\/a>\n\t\t\t\t\t<\/li> <li>\t\t\t\t\t<i class=\"fa fa-calendar\"><\/i>\n\t\t\t\t\t<time class=\"entry-date published updated\">05\/03\/2024<\/time>\n\t\t\t\t\t<\/li><\/ul>\t\t<\/div>\n\t\t\t\t\t<div class=\"sp-pcp-post-content\">\n\t\t\t\t\t<div class=\"sp-pcp-readmore\">\n\t\t\t\t\t\t\t<a class=\"pcp-readmore-link\" target=\"_self\" href=\"https:\/\/sauceviejo.gob.ar\/sauceonline\/la-muni-en-tu-barrio-otra-jornada-de-cercania-este-miercoles-en-el-barrio-conquistadores\/\" >\n\t\t\t\t\t\tConocer m\u00e1s <\/a>\n\t\t<\/div>\n\t\t\t\t\t<\/div>\n\t\t\t\t\t\t<\/div>\n\t\t\t\t\t<\/div>\n\t\t\t\t<div class=\" swiper-slide swiper-lazy\">\n\t\t\t\t\t\t<div class=\"sp-pcp-post pcp-item-8040\" data-id=\"8040\">\n\t\t\t\t\t\t\t\t<div class=\"pcp-post-thumb-wrapper\">\n\t\t\t\t\t<div class=\"sp-pcp-post-thumb-area\">\n\t\t\t\t\t\t\t\t\t\t\t\t<a class=\"sp-pcp-thumb\" href=\"https:\/\/sauceviejo.gob.ar\/sauceonline\/se-realizaron-dos-bloqueos-por-casos-positivos-de-dengue\/\" target=\"_self\" >\n\t\t\t\t\t\t\t\t\t\t\t\t\t<img loading=\"lazy\" decoding=\"async\" src=\"https:\/\/sauceviejo.gob.ar\/sauceonline\/wp-content\/uploads\/2024\/03\/WhatsApp-Image-2024-03-05-at-8.55.13-AM.jpeg\" width=\"899\" height=\"1599\" alt=\"\">\n\t\t\t\t\t\t<\/a>\n\t\t\t\t\t<\/div>\n\t\t\t\t<\/div>\n\t\t\t\t\t\t\t<h2 class=\"sp-pcp-title\">\n\t\t\t\t\t\t\t\t\t<a href=\"https:\/\/sauceviejo.gob.ar\/sauceonline\/se-realizaron-dos-bloqueos-por-casos-positivos-de-dengue\/\"  target=\"_self\">SE REALIZARON DOS BLOQUEOS POR CASOS POSITIVOS DE DENGUE<\/a>\t\t\t\t\t\t\t<\/h2>\n\t\t\t\t\t\t<div class=\"sp-pcp-post-meta\">\n\t\t\t<ul><li>\t\t\t\t\t<i class=\"fa fa-user\"><\/i>\n\t\t\t\t\t<a href=\"https:\/\/sauceviejo.gob.ar\/sauceonline\/author\/vu000925\/\"\n\t\t\t\t\t\trel=\"author\">Pablo Bellafronte<\/a>\n\t\t\t\t\t<\/li> <li>\t\t\t\t\t<i class=\"fa fa-calendar\"><\/i>\n\t\t\t\t\t<time class=\"entry-date published updated\">05\/03\/2024<\/time>\n\t\t\t\t\t<\/li><\/ul>\t\t<\/div>\n\t\t\t\t\t<div class=\"sp-pcp-post-content\">\n\t\t\t\t\t<div class=\"sp-pcp-readmore\">\n\t\t\t\t\t\t\t<a class=\"pcp-readmore-link\" target=\"_self\" href=\"https:\/\/sauceviejo.gob.ar\/sauceonline\/se-realizaron-dos-bloqueos-por-casos-positivos-de-dengue\/\" >\n\t\t\t\t\t\tConocer m\u00e1s <\/a>\n\t\t<\/div>\n\t\t\t\t\t<\/div>\n\t\t\t\t\t\t<\/div>\n\t\t\t\t\t<\/div>\n\t\t\t\t<div class=\" swiper-slide swiper-lazy\">\n\t\t\t\t\t\t<div class=\"sp-pcp-post pcp-item-8009\" data-id=\"8009\">\n\t\t\t\t\t\t\t\t<div class=\"pcp-post-thumb-wrapper\">\n\t\t\t\t\t<div class=\"sp-pcp-post-thumb-area\">\n\t\t\t\t\t\t\t\t\t\t\t\t<a class=\"sp-pcp-thumb\" href=\"https:\/\/sauceviejo.gob.ar\/sauceonline\/exitosa-jornada-de-castracion-en-el-barrio-adelina-oeste\/\" target=\"_self\" >\n\t\t\t\t\t\t\t\t\t\t\t\t\t<img loading=\"lazy\" decoding=\"async\" src=\"https:\/\/sauceviejo.gob.ar\/sauceonline\/wp-content\/uploads\/2024\/03\/WhatsApp-Image-2024-03-01-at-8.05.15-AM.jpeg\" width=\"459\" height=\"1020\" alt=\"\">\n\t\t\t\t\t\t<\/a>\n\t\t\t\t\t<\/div>\n\t\t\t\t<\/div>\n\t\t\t\t\t\t\t<h2 class=\"sp-pcp-title\">\n\t\t\t\t\t\t\t\t\t<a href=\"https:\/\/sauceviejo.gob.ar\/sauceonline\/exitosa-jornada-de-castracion-en-el-barrio-adelina-oeste\/\"  target=\"_self\">EXITOSA JORNADA DE CASTRACI\u00d3N EN EL BARRIO ADELINA OESTE<\/a>\t\t\t\t\t\t\t<\/h2>\n\t\t\t\t\t\t<div class=\"sp-pcp-post-meta\">\n\t\t\t<ul><li>\t\t\t\t\t<i class=\"fa fa-user\"><\/i>\n\t\t\t\t\t<a href=\"https:\/\/sauceviejo.gob.ar\/sauceonline\/author\/vu000925\/\"\n\t\t\t\t\t\trel=\"author\">Pablo Bellafronte<\/a>\n\t\t\t\t\t<\/li> <li>\t\t\t\t\t<i class=\"fa fa-calendar\"><\/i>\n\t\t\t\t\t<time class=\"entry-date published updated\">01\/03\/2024<\/time>\n\t\t\t\t\t<\/li><\/ul>\t\t<\/div>\n\t\t\t\t\t<div class=\"sp-pcp-post-content\">\n\t\t\t\t\t<div class=\"sp-pcp-readmore\">\n\t\t\t\t\t\t\t<a class=\"pcp-readmore-link\" target=\"_self\" href=\"https:\/\/sauceviejo.gob.ar\/sauceonline\/exitosa-jornada-de-castracion-en-el-barrio-adelina-oeste\/\" >\n\t\t\t\t\t\tConocer m\u00e1s <\/a>\n\t\t<\/div>\n\t\t\t\t\t<\/div>\n\t\t\t\t\t\t<\/div>\n\t\t\t\t\t<\/div>\n\t\t\t\t<div class=\" swiper-slide swiper-lazy\">\n\t\t\t\t\t\t<div class=\"sp-pcp-post pcp-item-7961\" data-id=\"7961\">\n\t\t\t\t\t\t\t\t<div class=\"pcp-post-thumb-wrapper\">\n\t\t\t\t\t<div class=\"sp-pcp-post-thumb-area\">\n\t\t\t\t\t\t\t\t\t\t\t\t<a class=\"sp-pcp-thumb\" href=\"https:\/\/sauceviejo.gob.ar\/sauceonline\/se-cumplen-las-70-jornadas-de-castracion-quirurgica-gratuitas-en-sauce-viejo\/\" target=\"_self\" >\n\t\t\t\t\t\t\t\t\t\t\t\t\t<img loading=\"lazy\" decoding=\"async\" src=\"https:\/\/sauceviejo.gob.ar\/sauceonline\/wp-content\/uploads\/2024\/02\/WhatsApp-Image-2024-02-23-at-1.06.38-PM.jpeg\" width=\"1024\" height=\"1280\" alt=\"\">\n\t\t\t\t\t\t<\/a>\n\t\t\t\t\t<\/div>\n\t\t\t\t<\/div>\n\t\t\t\t\t\t\t<h2 class=\"sp-pcp-title\">\n\t\t\t\t\t\t\t\t\t<a href=\"https:\/\/sauceviejo.gob.ar\/sauceonline\/se-cumplen-las-70-jornadas-de-castracion-quirurgica-gratuitas-en-sauce-viejo\/\"  target=\"_self\">SE CUMPLEN LAS 70 JORNADAS DE CASTRACI\u00d3N QUIR\u00daRGICA GRATUITAS EN SAUCE VIEJO<\/a>\t\t\t\t\t\t\t<\/h2>\n\t\t\t\t\t\t<div class=\"sp-pcp-post-meta\">\n\t\t\t<ul><li>\t\t\t\t\t<i class=\"fa fa-user\"><\/i>\n\t\t\t\t\t<a href=\"https:\/\/sauceviejo.gob.ar\/sauceonline\/author\/vu000925\/\"\n\t\t\t\t\t\trel=\"author\">Pablo Bellafronte<\/a>\n\t\t\t\t\t<\/li> <li>\t\t\t\t\t<i class=\"fa fa-calendar\"><\/i>\n\t\t\t\t\t<time class=\"entry-date published updated\">26\/02\/2024<\/time>\n\t\t\t\t\t<\/li><\/ul>\t\t<\/div>\n\t\t\t\t\t<div class=\"sp-pcp-post-content\">\n\t\t\t\t\t<div class=\"sp-pcp-readmore\">\n\t\t\t\t\t\t\t<a class=\"pcp-readmore-link\" target=\"_self\" href=\"https:\/\/sauceviejo.gob.ar\/sauceonline\/se-cumplen-las-70-jornadas-de-castracion-quirurgica-gratuitas-en-sauce-viejo\/\" >\n\t\t\t\t\t\tConocer m\u00e1s <\/a>\n\t\t<\/div>\n\t\t\t\t\t<\/div>\n\t\t\t\t\t\t<\/div>\n\t\t\t\t\t<\/div>\n\t\t\t\t<div class=\" swiper-slide swiper-lazy\">\n\t\t\t\t\t\t<div class=\"sp-pcp-post pcp-item-7930\" data-id=\"7930\">\n\t\t\t\t\t\t\t\t<div class=\"pcp-post-thumb-wrapper\">\n\t\t\t\t\t<div class=\"sp-pcp-post-thumb-area\">\n\t\t\t\t\t\t\t\t\t\t\t\t<a class=\"sp-pcp-thumb\" href=\"https:\/\/sauceviejo.gob.ar\/sauceonline\/sauce-viejo-comprometida-con-la-red-de-municipios-frente-al-cambio-climatico\/\" target=\"_self\" >\n\t\t\t\t\t\t\t\t\t\t\t\t\t<img loading=\"lazy\" decoding=\"async\" src=\"https:\/\/sauceviejo.gob.ar\/sauceonline\/wp-content\/uploads\/2024\/02\/WhatsApp-Image-2024-02-21-at-2.29.47-PM.jpeg\" width=\"1600\" height=\"1200\" alt=\"\">\n\t\t\t\t\t\t<\/a>\n\t\t\t\t\t<\/div>\n\t\t\t\t<\/div>\n\t\t\t\t\t\t\t<h2 class=\"sp-pcp-title\">\n\t\t\t\t\t\t\t\t\t<a href=\"https:\/\/sauceviejo.gob.ar\/sauceonline\/sauce-viejo-comprometida-con-la-red-de-municipios-frente-al-cambio-climatico\/\"  target=\"_self\">SAUCE VIEJO COMPROMETIDA CON LA RED DE MUNICIPIOS FRENTE AL CAMBIO CLIM\u00c1TICO<\/a>\t\t\t\t\t\t\t<\/h2>\n\t\t\t\t\t\t<div class=\"sp-pcp-post-meta\">\n\t\t\t<ul><li>\t\t\t\t\t<i class=\"fa fa-user\"><\/i>\n\t\t\t\t\t<a href=\"https:\/\/sauceviejo.gob.ar\/sauceonline\/author\/vu000925\/\"\n\t\t\t\t\t\trel=\"author\">Pablo Bellafronte<\/a>\n\t\t\t\t\t<\/li> <li>\t\t\t\t\t<i class=\"fa fa-calendar\"><\/i>\n\t\t\t\t\t<time class=\"entry-date published updated\">22\/02\/2024<\/time>\n\t\t\t\t\t<\/li><\/ul>\t\t<\/div>\n\t\t\t\t\t<div class=\"sp-pcp-post-content\">\n\t\t\t\t\t<div class=\"sp-pcp-readmore\">\n\t\t\t\t\t\t\t<a class=\"pcp-readmore-link\" target=\"_self\" href=\"https:\/\/sauceviejo.gob.ar\/sauceonline\/sauce-viejo-comprometida-con-la-red-de-municipios-frente-al-cambio-climatico\/\" >\n\t\t\t\t\t\tConocer m\u00e1s <\/a>\n\t\t<\/div>\n\t\t\t\t\t<\/div>\n\t\t\t\t\t\t<\/div>\n\t\t\t\t\t<\/div>\n\t\t\t\t<div class=\" swiper-slide swiper-lazy\">\n\t\t\t\t\t\t<div class=\"sp-pcp-post pcp-item-7845\" data-id=\"7845\">\n\t\t\t\t\t\t\t\t<div class=\"pcp-post-thumb-wrapper\">\n\t\t\t\t\t<div class=\"sp-pcp-post-thumb-area\">\n\t\t\t\t\t\t\t\t\t\t\t\t<a class=\"sp-pcp-thumb\" href=\"https:\/\/sauceviejo.gob.ar\/sauceonline\/la-muni-en-tu-barrio-otra-jornada-de-cercania-este-miercoles-en-el-barrio-tembe-i-pora\/\" target=\"_self\" >\n\t\t\t\t\t\t\t\t\t\t\t\t\t<img loading=\"lazy\" decoding=\"async\" src=\"https:\/\/sauceviejo.gob.ar\/sauceonline\/wp-content\/uploads\/2024\/02\/WhatsApp-Image-2024-02-14-at-8.21.50-AM.jpeg\" width=\"1280\" height=\"1600\" alt=\"\">\n\t\t\t\t\t\t<\/a>\n\t\t\t\t\t<\/div>\n\t\t\t\t<\/div>\n\t\t\t\t\t\t\t<h2 class=\"sp-pcp-title\">\n\t\t\t\t\t\t\t\t\t<a href=\"https:\/\/sauceviejo.gob.ar\/sauceonline\/la-muni-en-tu-barrio-otra-jornada-de-cercania-este-miercoles-en-el-barrio-tembe-i-pora\/\"  target=\"_self\">\u00abLA MUNI EN TU BARRIO\u00bb: OTRA JORNADA DE CERCAN\u00cdA, ESTE MI\u00c9RCOLES EN EL BARRIO TEMBE I POR\u00c1<\/a>\t\t\t\t\t\t\t<\/h2>\n\t\t\t\t\t\t<div class=\"sp-pcp-post-meta\">\n\t\t\t<ul><li>\t\t\t\t\t<i class=\"fa fa-user\"><\/i>\n\t\t\t\t\t<a href=\"https:\/\/sauceviejo.gob.ar\/sauceonline\/author\/vu000925\/\"\n\t\t\t\t\t\trel=\"author\">Pablo Bellafronte<\/a>\n\t\t\t\t\t<\/li> <li>\t\t\t\t\t<i class=\"fa fa-calendar\"><\/i>\n\t\t\t\t\t<time class=\"entry-date published updated\">14\/02\/2024<\/time>\n\t\t\t\t\t<\/li><\/ul>\t\t<\/div>\n\t\t\t\t\t<div class=\"sp-pcp-post-content\">\n\t\t\t\t\t<div class=\"sp-pcp-readmore\">\n\t\t\t\t\t\t\t<a class=\"pcp-readmore-link\" target=\"_self\" href=\"https:\/\/sauceviejo.gob.ar\/sauceonline\/la-muni-en-tu-barrio-otra-jornada-de-cercania-este-miercoles-en-el-barrio-tembe-i-pora\/\" >\n\t\t\t\t\t\tConocer m\u00e1s <\/a>\n\t\t<\/div>\n\t\t\t\t\t<\/div>\n\t\t\t\t\t\t<\/div>\n\t\t\t\t\t<\/div>\n\t\t\t\t<div class=\" swiper-slide swiper-lazy\">\n\t\t\t\t\t\t<div class=\"sp-pcp-post pcp-item-7745\" data-id=\"7745\">\n\t\t\t\t\t\t\t\t<div class=\"pcp-post-thumb-wrapper\">\n\t\t\t\t\t<div class=\"sp-pcp-post-thumb-area\">\n\t\t\t\t\t\t\t\t\t\t\t\t<a class=\"sp-pcp-thumb\" href=\"https:\/\/sauceviejo.gob.ar\/sauceonline\/la-muni-en-tu-barrio-otra-jornada-de-cercania-este-miercoles-en-el-barrio-san-cayetano-sur\/\" target=\"_self\" >\n\t\t\t\t\t\t\t\t\t\t\t\t\t<img loading=\"lazy\" decoding=\"async\" src=\"https:\/\/sauceviejo.gob.ar\/sauceonline\/wp-content\/uploads\/2024\/02\/La-muni-en-tu-barrio.jpg\" width=\"1152\" height=\"1440\" alt=\"\">\n\t\t\t\t\t\t<\/a>\n\t\t\t\t\t<\/div>\n\t\t\t\t<\/div>\n\t\t\t\t\t\t\t<h2 class=\"sp-pcp-title\">\n\t\t\t\t\t\t\t\t\t<a href=\"https:\/\/sauceviejo.gob.ar\/sauceonline\/la-muni-en-tu-barrio-otra-jornada-de-cercania-este-miercoles-en-el-barrio-san-cayetano-sur\/\"  target=\"_self\">\u00abLA MUNI EN TU BARRIO\u00bb: OTRA JORNADA DE CERCAN\u00cdA, ESTE MI\u00c9RCOLES EN EL BARRIO SAN CAYETANO SUR<\/a>\t\t\t\t\t\t\t<\/h2>\n\t\t\t\t\t\t<div class=\"sp-pcp-post-meta\">\n\t\t\t<ul><li>\t\t\t\t\t<i class=\"fa fa-user\"><\/i>\n\t\t\t\t\t<a href=\"https:\/\/sauceviejo.gob.ar\/sauceonline\/author\/pablo-bellafronte\/\"\n\t\t\t\t\t\trel=\"author\">Pablo Bellafronte<\/a>\n\t\t\t\t\t<\/li> <li>\t\t\t\t\t<i class=\"fa fa-calendar\"><\/i>\n\t\t\t\t\t<time class=\"entry-date published updated\">05\/02\/2024<\/time>\n\t\t\t\t\t<\/li><\/ul>\t\t<\/div>\n\t\t\t\t\t<div class=\"sp-pcp-post-content\">\n\t\t\t\t\t<div class=\"sp-pcp-readmore\">\n\t\t\t\t\t\t\t<a class=\"pcp-readmore-link\" target=\"_self\" href=\"https:\/\/sauceviejo.gob.ar\/sauceonline\/la-muni-en-tu-barrio-otra-jornada-de-cercania-este-miercoles-en-el-barrio-san-cayetano-sur\/\" >\n\t\t\t\t\t\tConocer m\u00e1s <\/a>\n\t\t<\/div>\n\t\t\t\t\t<\/div>\n\t\t\t\t\t\t<\/div>\n\t\t\t\t\t<\/div>\n\t\t\t\t<div class=\" swiper-slide swiper-lazy\">\n\t\t\t\t\t\t<div class=\"sp-pcp-post pcp-item-7712\" data-id=\"7712\">\n\t\t\t\t\t\t\t\t<div class=\"pcp-post-thumb-wrapper\">\n\t\t\t\t\t<div class=\"sp-pcp-post-thumb-area\">\n\t\t\t\t\t\t\t\t\t\t\t\t<a class=\"sp-pcp-thumb\" href=\"https:\/\/sauceviejo.gob.ar\/sauceonline\/festival-sustentable-gracias-al-publico-por-sumarse-a-nuestra-propuesta\/\" target=\"_self\" >\n\t\t\t\t\t\t\t\t\t\t\t\t\t<img loading=\"lazy\" decoding=\"async\" src=\"https:\/\/sauceviejo.gob.ar\/sauceonline\/wp-content\/uploads\/2024\/01\/WhatsApp-Image-2024-01-15-at-1.01.04-PM-1-1.jpeg\" width=\"1280\" height=\"576\" alt=\"\">\n\t\t\t\t\t\t<\/a>\n\t\t\t\t\t<\/div>\n\t\t\t\t<\/div>\n\t\t\t\t\t\t\t<h2 class=\"sp-pcp-title\">\n\t\t\t\t\t\t\t\t\t<a href=\"https:\/\/sauceviejo.gob.ar\/sauceonline\/festival-sustentable-gracias-al-publico-por-sumarse-a-nuestra-propuesta\/\"  target=\"_self\">FESTIVAL SUSTENTABLE \u00a1GRACIAS AL P\u00daBLICO POR SUMARSE A NUESTRA PROPUESTA!<\/a>\t\t\t\t\t\t\t<\/h2>\n\t\t\t\t\t\t<div class=\"sp-pcp-post-meta\">\n\t\t\t<ul><li>\t\t\t\t\t<i class=\"fa fa-user\"><\/i>\n\t\t\t\t\t<a href=\"https:\/\/sauceviejo.gob.ar\/sauceonline\/author\/vu000925\/\"\n\t\t\t\t\t\trel=\"author\">Pablo Bellafronte<\/a>\n\t\t\t\t\t<\/li> <li>\t\t\t\t\t<i class=\"fa fa-calendar\"><\/i>\n\t\t\t\t\t<time class=\"entry-date published updated\">16\/01\/2024<\/time>\n\t\t\t\t\t<\/li><\/ul>\t\t<\/div>\n\t\t\t\t\t<div class=\"sp-pcp-post-content\">\n\t\t\t\t\t<div class=\"sp-pcp-readmore\">\n\t\t\t\t\t\t\t<a class=\"pcp-readmore-link\" target=\"_self\" href=\"https:\/\/sauceviejo.gob.ar\/sauceonline\/festival-sustentable-gracias-al-publico-por-sumarse-a-nuestra-propuesta\/\" >\n\t\t\t\t\t\tConocer m\u00e1s <\/a>\n\t\t<\/div>\n\t\t\t\t\t<\/div>\n\t\t\t\t\t\t<\/div>\n\t\t\t\t\t<\/div>\n\t\t\t\t<div class=\" swiper-slide swiper-lazy\">\n\t\t\t\t\t\t<div class=\"sp-pcp-post pcp-item-7670\" data-id=\"7670\">\n\t\t\t\t\t\t\t\t<div class=\"pcp-post-thumb-wrapper\">\n\t\t\t\t\t<div class=\"sp-pcp-post-thumb-area\">\n\t\t\t\t\t\t\t\t\t\t\t\t<a class=\"sp-pcp-thumb\" href=\"https:\/\/sauceviejo.gob.ar\/sauceonline\/el-intendente-dr-mario-papaleo-asistio-a-una-reunion-en-el-ministerio-de-ambiente-y-cambio-climatico\/\" target=\"_self\" >\n\t\t\t\t\t\t\t\t\t\t\t\t\t<img loading=\"lazy\" decoding=\"async\" src=\"https:\/\/sauceviejo.gob.ar\/sauceonline\/wp-content\/uploads\/2024\/01\/Medio-ambiente.jpg\" width=\"768\" height=\"960\" alt=\"\">\n\t\t\t\t\t\t<\/a>\n\t\t\t\t\t<\/div>\n\t\t\t\t<\/div>\n\t\t\t\t\t\t\t<h2 class=\"sp-pcp-title\">\n\t\t\t\t\t\t\t\t\t<a href=\"https:\/\/sauceviejo.gob.ar\/sauceonline\/el-intendente-dr-mario-papaleo-asistio-a-una-reunion-en-el-ministerio-de-ambiente-y-cambio-climatico\/\"  target=\"_self\">EL INTENDENTE DR. MARIO PAPALEO ASISTI\u00d3 A UNA REUNION EN EL MINISTERIO DE AMBIENTE Y CAMBIO CLIM\u00c1TICO<\/a>\t\t\t\t\t\t\t<\/h2>\n\t\t\t\t\t\t<div class=\"sp-pcp-post-meta\">\n\t\t\t<ul><li>\t\t\t\t\t<i class=\"fa fa-user\"><\/i>\n\t\t\t\t\t<a href=\"https:\/\/sauceviejo.gob.ar\/sauceonline\/author\/pablo-bellafronte\/\"\n\t\t\t\t\t\trel=\"author\">Pablo Bellafronte<\/a>\n\t\t\t\t\t<\/li> <li>\t\t\t\t\t<i class=\"fa fa-calendar\"><\/i>\n\t\t\t\t\t<time class=\"entry-date published updated\">06\/01\/2024<\/time>\n\t\t\t\t\t<\/li><\/ul>\t\t<\/div>\n\t\t\t\t\t<div class=\"sp-pcp-post-content\">\n\t\t\t\t\t<div class=\"sp-pcp-readmore\">\n\t\t\t\t\t\t\t<a class=\"pcp-readmore-link\" target=\"_self\" href=\"https:\/\/sauceviejo.gob.ar\/sauceonline\/el-intendente-dr-mario-papaleo-asistio-a-una-reunion-en-el-ministerio-de-ambiente-y-cambio-climatico\/\" >\n\t\t\t\t\t\tConocer m\u00e1s <\/a>\n\t\t<\/div>\n\t\t\t\t\t<\/div>\n\t\t\t\t\t\t<\/div>\n\t\t\t\t\t<\/div>\n\t\t\t\t<div class=\" swiper-slide swiper-lazy\">\n\t\t\t\t\t\t<div class=\"sp-pcp-post pcp-item-7429\" data-id=\"7429\">\n\t\t\t\t\t\t\t\t<div class=\"pcp-post-thumb-wrapper\">\n\t\t\t\t\t<div class=\"sp-pcp-post-thumb-area\">\n\t\t\t\t\t\t\t\t\t\t\t\t<a class=\"sp-pcp-thumb\" href=\"https:\/\/sauceviejo.gob.ar\/sauceonline\/cuidemos-nuestros-espacios\/\" target=\"_self\" >\n\t\t\t\t\t\t\t\t\t\t\t\t\t<img loading=\"lazy\" decoding=\"async\" src=\"https:\/\/sauceviejo.gob.ar\/sauceonline\/wp-content\/uploads\/2023\/11\/WhatsApp-Image-2023-11-29-at-10.22.35-AM.jpeg\" width=\"1280\" height=\"1600\" alt=\"\">\n\t\t\t\t\t\t<\/a>\n\t\t\t\t\t<\/div>\n\t\t\t\t<\/div>\n\t\t\t\t\t\t\t<h2 class=\"sp-pcp-title\">\n\t\t\t\t\t\t\t\t\t<a href=\"https:\/\/sauceviejo.gob.ar\/sauceonline\/cuidemos-nuestros-espacios\/\"  target=\"_self\">CUIDEMOS NUESTROS ESPACIOS<\/a>\t\t\t\t\t\t\t<\/h2>\n\t\t\t\t\t\t<div class=\"sp-pcp-post-meta\">\n\t\t\t<ul><li>\t\t\t\t\t<i class=\"fa fa-user\"><\/i>\n\t\t\t\t\t<a href=\"https:\/\/sauceviejo.gob.ar\/sauceonline\/author\/vu000925\/\"\n\t\t\t\t\t\trel=\"author\">Pablo Bellafronte<\/a>\n\t\t\t\t\t<\/li> <li>\t\t\t\t\t<i class=\"fa fa-calendar\"><\/i>\n\t\t\t\t\t<time class=\"entry-date published updated\">29\/11\/2023<\/time>\n\t\t\t\t\t<\/li><\/ul>\t\t<\/div>\n\t\t\t\t\t<div class=\"sp-pcp-post-content\">\n\t\t\t\t\t<div class=\"sp-pcp-readmore\">\n\t\t\t\t\t\t\t<a class=\"pcp-readmore-link\" target=\"_self\" href=\"https:\/\/sauceviejo.gob.ar\/sauceonline\/cuidemos-nuestros-espacios\/\" >\n\t\t\t\t\t\tConocer m\u00e1s <\/a>\n\t\t<\/div>\n\t\t\t\t\t<\/div>\n\t\t\t\t\t\t<\/div>\n\t\t\t\t\t<\/div>\n\t\t\t\t<div class=\" swiper-slide swiper-lazy\">\n\t\t\t\t\t\t<div class=\"sp-pcp-post pcp-item-6980\" data-id=\"6980\">\n\t\t\t\t\t\t\t\t<div class=\"pcp-post-thumb-wrapper\">\n\t\t\t\t\t<div class=\"sp-pcp-post-thumb-area\">\n\t\t\t\t\t\t\t\t\t\t\t\t<a class=\"sp-pcp-thumb\" href=\"https:\/\/sauceviejo.gob.ar\/sauceonline\/sabes-que-si-estamos-atentos-a-las-recomendaciones-entre-todos-as-podemos-prevenir-incendios\/\" target=\"_self\" >\n\t\t\t\t\t\t\t\t\t\t\t\t\t<img loading=\"lazy\" decoding=\"async\" src=\"https:\/\/sauceviejo.gob.ar\/sauceonline\/wp-content\/uploads\/2023\/10\/WhatsApp-Image-2023-10-03-at-8.33.10-AM-1.jpeg\" width=\"1280\" height=\"1600\" alt=\"\">\n\t\t\t\t\t\t<\/a>\n\t\t\t\t\t<\/div>\n\t\t\t\t<\/div>\n\t\t\t\t\t\t\t<h2 class=\"sp-pcp-title\">\n\t\t\t\t\t\t\t\t\t<a href=\"https:\/\/sauceviejo.gob.ar\/sauceonline\/sabes-que-si-estamos-atentos-a-las-recomendaciones-entre-todos-as-podemos-prevenir-incendios\/\"  target=\"_self\">\u00bfSAB\u00c9S QUE SI ESTAMOS ATENTOS A LAS RECOMENDACIONES, ENTRE TODOS\/AS PODEMOS PREVENIR INCENDIOS?<\/a>\t\t\t\t\t\t\t<\/h2>\n\t\t\t\t\t\t<div class=\"sp-pcp-post-meta\">\n\t\t\t<ul><li>\t\t\t\t\t<i class=\"fa fa-user\"><\/i>\n\t\t\t\t\t<a href=\"https:\/\/sauceviejo.gob.ar\/sauceonline\/author\/vu000925\/\"\n\t\t\t\t\t\trel=\"author\">Pablo Bellafronte<\/a>\n\t\t\t\t\t<\/li> <li>\t\t\t\t\t<i class=\"fa fa-calendar\"><\/i>\n\t\t\t\t\t<time class=\"entry-date published updated\">03\/10\/2023<\/time>\n\t\t\t\t\t<\/li><\/ul>\t\t<\/div>\n\t\t\t\t\t<div class=\"sp-pcp-post-content\">\n\t\t\t\t\t<div class=\"sp-pcp-readmore\">\n\t\t\t\t\t\t\t<a class=\"pcp-readmore-link\" target=\"_self\" href=\"https:\/\/sauceviejo.gob.ar\/sauceonline\/sabes-que-si-estamos-atentos-a-las-recomendaciones-entre-todos-as-podemos-prevenir-incendios\/\" >\n\t\t\t\t\t\tConocer m\u00e1s <\/a>\n\t\t<\/div>\n\t\t\t\t\t<\/div>\n\t\t\t\t\t\t<\/div>\n\t\t\t\t\t<\/div>\n\t\t\t\t<div class=\" swiper-slide swiper-lazy\">\n\t\t\t\t\t\t<div class=\"sp-pcp-post pcp-item-6864\" data-id=\"6864\">\n\t\t\t\t\t\t\t\t<div class=\"pcp-post-thumb-wrapper\">\n\t\t\t\t\t<div class=\"sp-pcp-post-thumb-area\">\n\t\t\t\t\t\t\t\t\t\t\t\t<a class=\"sp-pcp-thumb\" href=\"https:\/\/sauceviejo.gob.ar\/sauceonline\/dengue-la-municipalidad-visita-a-los-vecinos-para-concientizar-sobre-la-prevencion\/\" target=\"_self\" >\n\t\t\t\t\t\t\t\t\t\t\t\t\t<img loading=\"lazy\" decoding=\"async\" src=\"https:\/\/sauceviejo.gob.ar\/sauceonline\/wp-content\/uploads\/2023\/09\/WhatsApp-Image-2023-09-26-at-9.31.52-AM.jpeg\" width=\"963\" height=\"1280\" alt=\"\">\n\t\t\t\t\t\t<\/a>\n\t\t\t\t\t<\/div>\n\t\t\t\t<\/div>\n\t\t\t\t\t\t\t<h2 class=\"sp-pcp-title\">\n\t\t\t\t\t\t\t\t\t<a href=\"https:\/\/sauceviejo.gob.ar\/sauceonline\/dengue-la-municipalidad-visita-a-los-vecinos-para-concientizar-sobre-la-prevencion\/\"  target=\"_self\">DENGUE: LA MUNICIPALIDAD VISITA A LOS VECINOS PARA CONCIENTIZAR SOBRE LA PREVENCI\u00d3N<\/a>\t\t\t\t\t\t\t<\/h2>\n\t\t\t\t\t\t<div class=\"sp-pcp-post-meta\">\n\t\t\t<ul><li>\t\t\t\t\t<i class=\"fa fa-user\"><\/i>\n\t\t\t\t\t<a href=\"https:\/\/sauceviejo.gob.ar\/sauceonline\/author\/vu000925\/\"\n\t\t\t\t\t\trel=\"author\">Pablo Bellafronte<\/a>\n\t\t\t\t\t<\/li> <li>\t\t\t\t\t<i class=\"fa fa-calendar\"><\/i>\n\t\t\t\t\t<time class=\"entry-date published updated\">26\/09\/2023<\/time>\n\t\t\t\t\t<\/li><\/ul>\t\t<\/div>\n\t\t\t\t\t<div class=\"sp-pcp-post-content\">\n\t\t\t\t\t<div class=\"sp-pcp-readmore\">\n\t\t\t\t\t\t\t<a class=\"pcp-readmore-link\" target=\"_self\" href=\"https:\/\/sauceviejo.gob.ar\/sauceonline\/dengue-la-municipalidad-visita-a-los-vecinos-para-concientizar-sobre-la-prevencion\/\" >\n\t\t\t\t\t\tConocer m\u00e1s <\/a>\n\t\t<\/div>\n\t\t\t\t\t<\/div>\n\t\t\t\t\t\t<\/div>\n\t\t\t\t\t<\/div>\n\t\t\t\t<div class=\" swiper-slide swiper-lazy\">\n\t\t\t\t\t\t<div class=\"sp-pcp-post pcp-item-6760\" data-id=\"6760\">\n\t\t\t\t\t\t\t\t<div class=\"pcp-post-thumb-wrapper\">\n\t\t\t\t\t<div class=\"sp-pcp-post-thumb-area\">\n\t\t\t\t\t\t\t\t\t\t\t\t<a class=\"sp-pcp-thumb\" href=\"https:\/\/sauceviejo.gob.ar\/sauceonline\/semana-del-arbol-la-consigna-es-conocer-nuestras-especies-para-preservarlas\/\" target=\"_self\" >\n\t\t\t\t\t\t\t\t\t\t\t\t\t<img loading=\"lazy\" decoding=\"async\" src=\"https:\/\/sauceviejo.gob.ar\/sauceonline\/wp-content\/uploads\/2023\/09\/WhatsApp-Image-2023-09-01-at-10.11.27-AM.jpeg\" width=\"744\" height=\"931\" alt=\"\">\n\t\t\t\t\t\t<\/a>\n\t\t\t\t\t<\/div>\n\t\t\t\t<\/div>\n\t\t\t\t\t\t\t<h2 class=\"sp-pcp-title\">\n\t\t\t\t\t\t\t\t\t<a href=\"https:\/\/sauceviejo.gob.ar\/sauceonline\/semana-del-arbol-la-consigna-es-conocer-nuestras-especies-para-preservarlas\/\"  target=\"_self\">SEMANA DEL \u00c1RBOL: LA CONSIGNA ES CONOCER NUESTRAS ESPECIES PARA PRESERVARLAS<\/a>\t\t\t\t\t\t\t<\/h2>\n\t\t\t\t\t\t<div class=\"sp-pcp-post-meta\">\n\t\t\t<ul><li>\t\t\t\t\t<i class=\"fa fa-user\"><\/i>\n\t\t\t\t\t<a href=\"https:\/\/sauceviejo.gob.ar\/sauceonline\/author\/vu000925\/\"\n\t\t\t\t\t\trel=\"author\">Pablo Bellafronte<\/a>\n\t\t\t\t\t<\/li> <li>\t\t\t\t\t<i class=\"fa fa-calendar\"><\/i>\n\t\t\t\t\t<time class=\"entry-date published updated\">01\/09\/2023<\/time>\n\t\t\t\t\t<\/li><\/ul>\t\t<\/div>\n\t\t\t\t\t<div class=\"sp-pcp-post-content\">\n\t\t\t\t\t<div class=\"sp-pcp-readmore\">\n\t\t\t\t\t\t\t<a class=\"pcp-readmore-link\" target=\"_self\" href=\"https:\/\/sauceviejo.gob.ar\/sauceonline\/semana-del-arbol-la-consigna-es-conocer-nuestras-especies-para-preservarlas\/\" >\n\t\t\t\t\t\tConocer m\u00e1s <\/a>\n\t\t<\/div>\n\t\t\t\t\t<\/div>\n\t\t\t\t\t\t<\/div>\n\t\t\t\t\t<\/div>\n\t\t\t\t<div class=\" swiper-slide swiper-lazy\">\n\t\t\t\t\t\t<div class=\"sp-pcp-post pcp-item-6138\" data-id=\"6138\">\n\t\t\t\t\t\t\t\t<div class=\"pcp-post-thumb-wrapper\">\n\t\t\t\t\t<div class=\"sp-pcp-post-thumb-area\">\n\t\t\t\t\t\t\t\t\t\t\t\t<a class=\"sp-pcp-thumb\" href=\"https:\/\/sauceviejo.gob.ar\/sauceonline\/la-muni-en-tu-barrio-te-espera-en-el-barrio-san-cayetano-sur\/\" target=\"_self\" >\n\t\t\t\t\t\t\t\t\t\t\t\t\t<img loading=\"lazy\" decoding=\"async\" src=\"https:\/\/sauceviejo.gob.ar\/sauceonline\/wp-content\/uploads\/2023\/05\/La-muni-en-tu-barrio-1705-1.jpg\" width=\"480\" height=\"600\" alt=\"\">\n\t\t\t\t\t\t<\/a>\n\t\t\t\t\t<\/div>\n\t\t\t\t<\/div>\n\t\t\t\t\t\t\t<h2 class=\"sp-pcp-title\">\n\t\t\t\t\t\t\t\t\t<a href=\"https:\/\/sauceviejo.gob.ar\/sauceonline\/la-muni-en-tu-barrio-te-espera-en-el-barrio-san-cayetano-sur\/\"  target=\"_self\">La Muni en tu Barrio te espera en el Barrio San Cayetano Sur<\/a>\t\t\t\t\t\t\t<\/h2>\n\t\t\t\t\t\t<div class=\"sp-pcp-post-meta\">\n\t\t\t<ul><li>\t\t\t\t\t<i class=\"fa fa-user\"><\/i>\n\t\t\t\t\t<a href=\"https:\/\/sauceviejo.gob.ar\/sauceonline\/author\/vu000925\/\"\n\t\t\t\t\t\trel=\"author\">Pablo Bellafronte<\/a>\n\t\t\t\t\t<\/li> <li>\t\t\t\t\t<i class=\"fa fa-calendar\"><\/i>\n\t\t\t\t\t<time class=\"entry-date published updated\">17\/05\/2023<\/time>\n\t\t\t\t\t<\/li><\/ul>\t\t<\/div>\n\t\t\t\t\t<div class=\"sp-pcp-post-content\">\n\t\t\t\t\t<div class=\"sp-pcp-readmore\">\n\t\t\t\t\t\t\t<a class=\"pcp-readmore-link\" target=\"_self\" href=\"https:\/\/sauceviejo.gob.ar\/sauceonline\/la-muni-en-tu-barrio-te-espera-en-el-barrio-san-cayetano-sur\/\" >\n\t\t\t\t\t\tConocer m\u00e1s <\/a>\n\t\t<\/div>\n\t\t\t\t\t<\/div>\n\t\t\t\t\t\t<\/div>\n\t\t\t\t\t<\/div>\n\t\t\t\t<div class=\" swiper-slide swiper-lazy\">\n\t\t\t\t\t\t<div class=\"sp-pcp-post pcp-item-5718\" data-id=\"5718\">\n\t\t\t\t\t\t\t\t<div class=\"pcp-post-thumb-wrapper\">\n\t\t\t\t\t<div class=\"sp-pcp-post-thumb-area\">\n\t\t\t\t\t\t\t\t\t\t\t\t<a class=\"sp-pcp-thumb\" href=\"https:\/\/sauceviejo.gob.ar\/sauceonline\/el-intendente-papaleo-recibio-a-directivos-de-pb-leiner-en-la-municipalidad\/\" target=\"_self\" >\n\t\t\t\t\t\t\t\t\t\t\t\t\t<img loading=\"lazy\" decoding=\"async\" src=\"https:\/\/sauceviejo.gob.ar\/sauceonline\/wp-content\/uploads\/2023\/05\/Leiner-01.jpg\" width=\"1440\" height=\"1800\" alt=\"\">\n\t\t\t\t\t\t<\/a>\n\t\t\t\t\t<\/div>\n\t\t\t\t<\/div>\n\t\t\t\t\t\t\t<h2 class=\"sp-pcp-title\">\n\t\t\t\t\t\t\t\t\t<a href=\"https:\/\/sauceviejo.gob.ar\/sauceonline\/el-intendente-papaleo-recibio-a-directivos-de-pb-leiner-en-la-municipalidad\/\"  target=\"_self\">EL INTENDENTE PAPALEO RECIBI\u00d3 A DIRECTIVOS DE PB LEINER EN LA MUNICIPALIDAD<\/a>\t\t\t\t\t\t\t<\/h2>\n\t\t\t\t\t\t<div class=\"sp-pcp-post-meta\">\n\t\t\t<ul><li>\t\t\t\t\t<i class=\"fa fa-user\"><\/i>\n\t\t\t\t\t<a href=\"https:\/\/sauceviejo.gob.ar\/sauceonline\/author\/pablo-bellafronte\/\"\n\t\t\t\t\t\trel=\"author\">Pablo Bellafronte<\/a>\n\t\t\t\t\t<\/li> <li>\t\t\t\t\t<i class=\"fa fa-calendar\"><\/i>\n\t\t\t\t\t<time class=\"entry-date published updated\">12\/05\/2023<\/time>\n\t\t\t\t\t<\/li><\/ul>\t\t<\/div>\n\t\t\t\t\t<div class=\"sp-pcp-post-content\">\n\t\t\t\t\t<div class=\"sp-pcp-readmore\">\n\t\t\t\t\t\t\t<a class=\"pcp-readmore-link\" target=\"_self\" href=\"https:\/\/sauceviejo.gob.ar\/sauceonline\/el-intendente-papaleo-recibio-a-directivos-de-pb-leiner-en-la-municipalidad\/\" >\n\t\t\t\t\t\tConocer m\u00e1s <\/a>\n\t\t<\/div>\n\t\t\t\t\t<\/div>\n\t\t\t\t\t\t<\/div>\n\t\t\t\t\t<\/div>\n\t\t\t\t<div class=\" swiper-slide swiper-lazy\">\n\t\t\t\t\t\t<div class=\"sp-pcp-post pcp-item-5678\" data-id=\"5678\">\n\t\t\t\t\t\t\t\t<div class=\"pcp-post-thumb-wrapper\">\n\t\t\t\t\t<div class=\"sp-pcp-post-thumb-area\">\n\t\t\t\t\t\t\t\t\t\t\t\t<a class=\"sp-pcp-thumb\" href=\"https:\/\/sauceviejo.gob.ar\/sauceonline\/entrega-de-semillas-a-instituciones-educativas-2\/\" target=\"_self\" >\n\t\t\t\t\t\t\t\t\t\t\t\t\t<img loading=\"lazy\" decoding=\"async\" src=\"https:\/\/sauceviejo.gob.ar\/sauceonline\/wp-content\/uploads\/2023\/04\/Semillas-a-instituciones.jpg\" width=\"1440\" height=\"1800\" alt=\"\">\n\t\t\t\t\t\t<\/a>\n\t\t\t\t\t<\/div>\n\t\t\t\t<\/div>\n\t\t\t\t\t\t\t<h2 class=\"sp-pcp-title\">\n\t\t\t\t\t\t\t\t\t<a href=\"https:\/\/sauceviejo.gob.ar\/sauceonline\/entrega-de-semillas-a-instituciones-educativas-2\/\"  target=\"_self\">Entrega de semillas a Instituciones Educativas<\/a>\t\t\t\t\t\t\t<\/h2>\n\t\t\t\t\t\t<div class=\"sp-pcp-post-meta\">\n\t\t\t<ul><li>\t\t\t\t\t<i class=\"fa fa-user\"><\/i>\n\t\t\t\t\t<a href=\"https:\/\/sauceviejo.gob.ar\/sauceonline\/author\/vu000925\/\"\n\t\t\t\t\t\trel=\"author\">Pablo Bellafronte<\/a>\n\t\t\t\t\t<\/li> <li>\t\t\t\t\t<i class=\"fa fa-calendar\"><\/i>\n\t\t\t\t\t<time class=\"entry-date published updated\">09\/05\/2023<\/time>\n\t\t\t\t\t<\/li><\/ul>\t\t<\/div>\n\t\t\t\t\t<div class=\"sp-pcp-post-content\">\n\t\t\t\t\t<div class=\"sp-pcp-readmore\">\n\t\t\t\t\t\t\t<a class=\"pcp-readmore-link\" target=\"_self\" href=\"https:\/\/sauceviejo.gob.ar\/sauceonline\/entrega-de-semillas-a-instituciones-educativas-2\/\" >\n\t\t\t\t\t\tConocer m\u00e1s <\/a>\n\t\t<\/div>\n\t\t\t\t\t<\/div>\n\t\t\t\t\t\t<\/div>\n\t\t\t\t\t<\/div>\n\t\t\t\t<div class=\" swiper-slide swiper-lazy\">\n\t\t\t\t\t\t<div class=\"sp-pcp-post pcp-item-5640\" data-id=\"5640\">\n\t\t\t\t\t\t\t\t<div class=\"pcp-post-thumb-wrapper\">\n\t\t\t\t\t<div class=\"sp-pcp-post-thumb-area\">\n\t\t\t\t\t\t\t\t\t\t\t\t<a class=\"sp-pcp-thumb\" href=\"https:\/\/sauceviejo.gob.ar\/sauceonline\/numeros-altamente-positivos-de-la-muni-en-tu-barrio\/\" target=\"_self\" >\n\t\t\t\t\t\t\t\t\t\t\t\t\t<img loading=\"lazy\" decoding=\"async\" src=\"https:\/\/sauceviejo.gob.ar\/sauceonline\/wp-content\/uploads\/2023\/05\/En-tu-barrio-10.jpg\" width=\"1440\" height=\"1800\" alt=\"\">\n\t\t\t\t\t\t<\/a>\n\t\t\t\t\t<\/div>\n\t\t\t\t<\/div>\n\t\t\t\t\t\t\t<h2 class=\"sp-pcp-title\">\n\t\t\t\t\t\t\t\t\t<a href=\"https:\/\/sauceviejo.gob.ar\/sauceonline\/numeros-altamente-positivos-de-la-muni-en-tu-barrio\/\"  target=\"_self\">Numeros altamente positivos de \u00abLa Muni en tu barrio\u00bb<\/a>\t\t\t\t\t\t\t<\/h2>\n\t\t\t\t\t\t<div class=\"sp-pcp-post-meta\">\n\t\t\t<ul><li>\t\t\t\t\t<i class=\"fa fa-user\"><\/i>\n\t\t\t\t\t<a href=\"https:\/\/sauceviejo.gob.ar\/sauceonline\/author\/pablo-bellafronte\/\"\n\t\t\t\t\t\trel=\"author\">Pablo Bellafronte<\/a>\n\t\t\t\t\t<\/li> <li>\t\t\t\t\t<i class=\"fa fa-calendar\"><\/i>\n\t\t\t\t\t<time class=\"entry-date published updated\">07\/05\/2023<\/time>\n\t\t\t\t\t<\/li><\/ul>\t\t<\/div>\n\t\t\t\t\t<div class=\"sp-pcp-post-content\">\n\t\t\t\t\t<div class=\"sp-pcp-readmore\">\n\t\t\t\t\t\t\t<a class=\"pcp-readmore-link\" target=\"_self\" href=\"https:\/\/sauceviejo.gob.ar\/sauceonline\/numeros-altamente-positivos-de-la-muni-en-tu-barrio\/\" >\n\t\t\t\t\t\tConocer m\u00e1s <\/a>\n\t\t<\/div>\n\t\t\t\t\t<\/div>\n\t\t\t\t\t\t<\/div>\n\t\t\t\t\t<\/div>\n\t\t\t\t<div class=\" swiper-slide swiper-lazy\">\n\t\t\t\t\t\t<div class=\"sp-pcp-post pcp-item-5537\" data-id=\"5537\">\n\t\t\t\t\t\t\t\t<div class=\"pcp-post-thumb-wrapper\">\n\t\t\t\t\t<div class=\"sp-pcp-post-thumb-area\">\n\t\t\t\t\t\t\t\t\t\t\t\t<a class=\"sp-pcp-thumb\" href=\"https:\/\/sauceviejo.gob.ar\/sauceonline\/la-basura-no-vuelve-sola-actividad-con-los-vecinos-de-sauce\/\" target=\"_self\" >\n\t\t\t\t\t\t\t\t\t\t\t\t\t<img loading=\"lazy\" decoding=\"async\" src=\"https:\/\/sauceviejo.gob.ar\/sauceonline\/wp-content\/uploads\/2023\/04\/La-basura-no-vuelve-sola-01.jpg\" width=\"1280\" height=\"720\" alt=\"\">\n\t\t\t\t\t\t<\/a>\n\t\t\t\t\t<\/div>\n\t\t\t\t<\/div>\n\t\t\t\t\t\t\t<h2 class=\"sp-pcp-title\">\n\t\t\t\t\t\t\t\t\t<a href=\"https:\/\/sauceviejo.gob.ar\/sauceonline\/la-basura-no-vuelve-sola-actividad-con-los-vecinos-de-sauce\/\"  target=\"_self\">La basura no vuelve sola &#8211; Actividad con los vecinos de Sauce<\/a>\t\t\t\t\t\t\t<\/h2>\n\t\t\t\t\t\t<div class=\"sp-pcp-post-meta\">\n\t\t\t<ul><li>\t\t\t\t\t<i class=\"fa fa-user\"><\/i>\n\t\t\t\t\t<a href=\"https:\/\/sauceviejo.gob.ar\/sauceonline\/author\/vu000925\/\"\n\t\t\t\t\t\trel=\"author\">Pablo Bellafronte<\/a>\n\t\t\t\t\t<\/li> <li>\t\t\t\t\t<i class=\"fa fa-calendar\"><\/i>\n\t\t\t\t\t<time class=\"entry-date published updated\">30\/04\/2023<\/time>\n\t\t\t\t\t<\/li><\/ul>\t\t<\/div>\n\t\t\t\t\t<div class=\"sp-pcp-post-content\">\n\t\t\t\t\t<div class=\"sp-pcp-readmore\">\n\t\t\t\t\t\t\t<a class=\"pcp-readmore-link\" target=\"_self\" href=\"https:\/\/sauceviejo.gob.ar\/sauceonline\/la-basura-no-vuelve-sola-actividad-con-los-vecinos-de-sauce\/\" >\n\t\t\t\t\t\tConocer m\u00e1s <\/a>\n\t\t<\/div>\n\t\t\t\t\t<\/div>\n\t\t\t\t\t\t<\/div>\n\t\t\t\t\t<\/div>\n\t\t\t\t<div class=\" swiper-slide swiper-lazy\">\n\t\t\t\t\t\t<div class=\"sp-pcp-post pcp-item-5530\" data-id=\"5530\">\n\t\t\t\t\t\t\t\t<div class=\"pcp-post-thumb-wrapper\">\n\t\t\t\t\t<div class=\"sp-pcp-post-thumb-area\">\n\t\t\t\t\t\t\t\t\t\t\t\t<a class=\"sp-pcp-thumb\" href=\"https:\/\/sauceviejo.gob.ar\/sauceonline\/taller-de-compostaje-en-el-local-de-la-vecinal-conquistadores\/\" target=\"_self\" >\n\t\t\t\t\t\t\t\t\t\t\t\t\t<img loading=\"lazy\" decoding=\"async\" src=\"https:\/\/sauceviejo.gob.ar\/sauceonline\/wp-content\/uploads\/2023\/04\/compostaje.jpg\" width=\"1440\" height=\"1440\" alt=\"\">\n\t\t\t\t\t\t<\/a>\n\t\t\t\t\t<\/div>\n\t\t\t\t<\/div>\n\t\t\t\t\t\t\t<h2 class=\"sp-pcp-title\">\n\t\t\t\t\t\t\t\t\t<a href=\"https:\/\/sauceviejo.gob.ar\/sauceonline\/taller-de-compostaje-en-el-local-de-la-vecinal-conquistadores\/\"  target=\"_self\">Taller de compostaje en el local de la vecinal Conquistadores<\/a>\t\t\t\t\t\t\t<\/h2>\n\t\t\t\t\t\t<div class=\"sp-pcp-post-meta\">\n\t\t\t<ul><li>\t\t\t\t\t<i class=\"fa fa-user\"><\/i>\n\t\t\t\t\t<a href=\"https:\/\/sauceviejo.gob.ar\/sauceonline\/author\/vu000925\/\"\n\t\t\t\t\t\trel=\"author\">Pablo Bellafronte<\/a>\n\t\t\t\t\t<\/li> <li>\t\t\t\t\t<i class=\"fa fa-calendar\"><\/i>\n\t\t\t\t\t<time class=\"entry-date published updated\">28\/04\/2023<\/time>\n\t\t\t\t\t<\/li><\/ul>\t\t<\/div>\n\t\t\t\t\t<div class=\"sp-pcp-post-content\">\n\t\t\t\t\t<div class=\"sp-pcp-readmore\">\n\t\t\t\t\t\t\t<a class=\"pcp-readmore-link\" target=\"_self\" href=\"https:\/\/sauceviejo.gob.ar\/sauceonline\/taller-de-compostaje-en-el-local-de-la-vecinal-conquistadores\/\" >\n\t\t\t\t\t\tConocer m\u00e1s <\/a>\n\t\t<\/div>\n\t\t\t\t\t<\/div>\n\t\t\t\t\t\t<\/div>\n\t\t\t\t\t<\/div>\n\t\t\t\t<div class=\" swiper-slide swiper-lazy\">\n\t\t\t\t\t\t<div class=\"sp-pcp-post pcp-item-5527\" data-id=\"5527\">\n\t\t\t\t\t\t\t\t<div class=\"pcp-post-thumb-wrapper\">\n\t\t\t\t\t<div class=\"sp-pcp-post-thumb-area\">\n\t\t\t\t\t\t\t\t\t\t\t\t<a class=\"sp-pcp-thumb\" href=\"https:\/\/sauceviejo.gob.ar\/sauceonline\/entrega-de-semillas-a-instituciones-educativas\/\" target=\"_self\" >\n\t\t\t\t\t\t\t\t\t\t\t\t\t<img loading=\"lazy\" decoding=\"async\" src=\"https:\/\/sauceviejo.gob.ar\/sauceonline\/wp-content\/uploads\/2023\/04\/Semillas-a-instituciones.jpg\" width=\"1440\" height=\"1800\" alt=\"\">\n\t\t\t\t\t\t<\/a>\n\t\t\t\t\t<\/div>\n\t\t\t\t<\/div>\n\t\t\t\t\t\t\t<h2 class=\"sp-pcp-title\">\n\t\t\t\t\t\t\t\t\t<a href=\"https:\/\/sauceviejo.gob.ar\/sauceonline\/entrega-de-semillas-a-instituciones-educativas\/\"  target=\"_self\">Entrega de semillas a instituciones educativas<\/a>\t\t\t\t\t\t\t<\/h2>\n\t\t\t\t\t\t<div class=\"sp-pcp-post-meta\">\n\t\t\t<ul><li>\t\t\t\t\t<i class=\"fa fa-user\"><\/i>\n\t\t\t\t\t<a href=\"https:\/\/sauceviejo.gob.ar\/sauceonline\/author\/vu000925\/\"\n\t\t\t\t\t\trel=\"author\">Pablo Bellafronte<\/a>\n\t\t\t\t\t<\/li> <li>\t\t\t\t\t<i class=\"fa fa-calendar\"><\/i>\n\t\t\t\t\t<time class=\"entry-date published updated\">28\/04\/2023<\/time>\n\t\t\t\t\t<\/li><\/ul>\t\t<\/div>\n\t\t\t\t\t<div class=\"sp-pcp-post-content\">\n\t\t\t\t\t<div class=\"sp-pcp-readmore\">\n\t\t\t\t\t\t\t<a class=\"pcp-readmore-link\" target=\"_self\" href=\"https:\/\/sauceviejo.gob.ar\/sauceonline\/entrega-de-semillas-a-instituciones-educativas\/\" >\n\t\t\t\t\t\tConocer m\u00e1s <\/a>\n\t\t<\/div>\n\t\t\t\t\t<\/div>\n\t\t\t\t\t\t<\/div>\n\t\t\t\t\t<\/div>\n\t\t\t\t<div class=\" swiper-slide swiper-lazy\">\n\t\t\t\t\t\t<div class=\"sp-pcp-post pcp-item-5521\" data-id=\"5521\">\n\t\t\t\t\t\t\t\t<div class=\"pcp-post-thumb-wrapper\">\n\t\t\t\t\t<div class=\"sp-pcp-post-thumb-area\">\n\t\t\t\t\t\t\t\t\t\t\t\t<a class=\"sp-pcp-thumb\" href=\"https:\/\/sauceviejo.gob.ar\/sauceonline\/campana-de-castracion-en-barrios-saucenos\/\" target=\"_self\" >\n\t\t\t\t\t\t\t\t\t\t\t\t\t<img loading=\"lazy\" decoding=\"async\" src=\"https:\/\/sauceviejo.gob.ar\/sauceonline\/wp-content\/uploads\/2023\/04\/Castraciones-Mayo.jpg\" width=\"1280\" height=\"1599\" alt=\"\">\n\t\t\t\t\t\t<\/a>\n\t\t\t\t\t<\/div>\n\t\t\t\t<\/div>\n\t\t\t\t\t\t\t<h2 class=\"sp-pcp-title\">\n\t\t\t\t\t\t\t\t\t<a href=\"https:\/\/sauceviejo.gob.ar\/sauceonline\/campana-de-castracion-en-barrios-saucenos\/\"  target=\"_self\">Campa\u00f1a de castraci\u00f3n en barrios sauce\u00f1os<\/a>\t\t\t\t\t\t\t<\/h2>\n\t\t\t\t\t\t<div class=\"sp-pcp-post-meta\">\n\t\t\t<ul><li>\t\t\t\t\t<i class=\"fa fa-user\"><\/i>\n\t\t\t\t\t<a href=\"https:\/\/sauceviejo.gob.ar\/sauceonline\/author\/vu000925\/\"\n\t\t\t\t\t\trel=\"author\">Pablo Bellafronte<\/a>\n\t\t\t\t\t<\/li> <li>\t\t\t\t\t<i class=\"fa fa-calendar\"><\/i>\n\t\t\t\t\t<time class=\"entry-date published updated\">28\/04\/2023<\/time>\n\t\t\t\t\t<\/li><\/ul>\t\t<\/div>\n\t\t\t\t\t<div class=\"sp-pcp-post-content\">\n\t\t\t\t\t<div class=\"sp-pcp-readmore\">\n\t\t\t\t\t\t\t<a class=\"pcp-readmore-link\" target=\"_self\" href=\"https:\/\/sauceviejo.gob.ar\/sauceonline\/campana-de-castracion-en-barrios-saucenos\/\" >\n\t\t\t\t\t\tConocer m\u00e1s <\/a>\n\t\t<\/div>\n\t\t\t\t\t<\/div>\n\t\t\t\t\t\t<\/div>\n\t\t\t\t\t<\/div>\n\t\t\t\t<div class=\" swiper-slide swiper-lazy\">\n\t\t\t\t\t\t<div class=\"sp-pcp-post pcp-item-5482\" data-id=\"5482\">\n\t\t\t\t\t\t\t\t<div class=\"pcp-post-thumb-wrapper\">\n\t\t\t\t\t<div class=\"sp-pcp-post-thumb-area\">\n\t\t\t\t\t\t\t\t\t\t\t\t<a class=\"sp-pcp-thumb\" href=\"https:\/\/sauceviejo.gob.ar\/sauceonline\/la-muni-en-tu-barrio-visito-el-barrio-santa-teresita\/\" target=\"_self\" >\n\t\t\t\t\t\t\t\t\t\t\t\t\t<img loading=\"lazy\" decoding=\"async\" src=\"https:\/\/sauceviejo.gob.ar\/sauceonline\/wp-content\/uploads\/2023\/04\/Santa-Teresita-04.jpg\" width=\"1440\" height=\"1800\" alt=\"\">\n\t\t\t\t\t\t<\/a>\n\t\t\t\t\t<\/div>\n\t\t\t\t<\/div>\n\t\t\t\t\t\t\t<h2 class=\"sp-pcp-title\">\n\t\t\t\t\t\t\t\t\t<a href=\"https:\/\/sauceviejo.gob.ar\/sauceonline\/la-muni-en-tu-barrio-visito-el-barrio-santa-teresita\/\"  target=\"_self\">\u201cLa muni en tu barrio\u201d visit\u00f3 el barrio Santa Teresita<\/a>\t\t\t\t\t\t\t<\/h2>\n\t\t\t\t\t\t<div class=\"sp-pcp-post-meta\">\n\t\t\t<ul><li>\t\t\t\t\t<i class=\"fa fa-user\"><\/i>\n\t\t\t\t\t<a href=\"https:\/\/sauceviejo.gob.ar\/sauceonline\/author\/vu000925\/\"\n\t\t\t\t\t\trel=\"author\">Pablo Bellafronte<\/a>\n\t\t\t\t\t<\/li> <li>\t\t\t\t\t<i class=\"fa fa-calendar\"><\/i>\n\t\t\t\t\t<time class=\"entry-date published updated\">27\/04\/2023<\/time>\n\t\t\t\t\t<\/li><\/ul>\t\t<\/div>\n\t\t\t\t\t<div class=\"sp-pcp-post-content\">\n\t\t\t\t\t<div class=\"sp-pcp-readmore\">\n\t\t\t\t\t\t\t<a class=\"pcp-readmore-link\" target=\"_self\" href=\"https:\/\/sauceviejo.gob.ar\/sauceonline\/la-muni-en-tu-barrio-visito-el-barrio-santa-teresita\/\" >\n\t\t\t\t\t\tConocer m\u00e1s <\/a>\n\t\t<\/div>\n\t\t\t\t\t<\/div>\n\t\t\t\t\t\t<\/div>\n\t\t\t\t\t<\/div>\n\t\t\t\t<div class=\" swiper-slide swiper-lazy\">\n\t\t\t\t\t\t<div class=\"sp-pcp-post pcp-item-5476\" data-id=\"5476\">\n\t\t\t\t\t\t\t\t<div class=\"pcp-post-thumb-wrapper\">\n\t\t\t\t\t<div class=\"sp-pcp-post-thumb-area\">\n\t\t\t\t\t\t\t\t\t\t\t\t<a class=\"sp-pcp-thumb\" href=\"https:\/\/sauceviejo.gob.ar\/sauceonline\/taller-de-compostaje\/\" target=\"_self\" >\n\t\t\t\t\t\t\t\t\t\t\t\t\t<img loading=\"lazy\" decoding=\"async\" src=\"https:\/\/sauceviejo.gob.ar\/sauceonline\/wp-content\/uploads\/2023\/04\/compostaje.jpg\" width=\"1440\" height=\"1440\" alt=\"\">\n\t\t\t\t\t\t<\/a>\n\t\t\t\t\t<\/div>\n\t\t\t\t<\/div>\n\t\t\t\t\t\t\t<h2 class=\"sp-pcp-title\">\n\t\t\t\t\t\t\t\t\t<a href=\"https:\/\/sauceviejo.gob.ar\/sauceonline\/taller-de-compostaje\/\"  target=\"_self\">\u00a1TALLER DE COMPOSTAJE!<\/a>\t\t\t\t\t\t\t<\/h2>\n\t\t\t\t\t\t<div class=\"sp-pcp-post-meta\">\n\t\t\t<ul><li>\t\t\t\t\t<i class=\"fa fa-user\"><\/i>\n\t\t\t\t\t<a href=\"https:\/\/sauceviejo.gob.ar\/sauceonline\/author\/vu000925\/\"\n\t\t\t\t\t\trel=\"author\">Pablo Bellafronte<\/a>\n\t\t\t\t\t<\/li> <li>\t\t\t\t\t<i class=\"fa fa-calendar\"><\/i>\n\t\t\t\t\t<time class=\"entry-date published updated\">27\/04\/2023<\/time>\n\t\t\t\t\t<\/li><\/ul>\t\t<\/div>\n\t\t\t\t\t<div class=\"sp-pcp-post-content\">\n\t\t\t\t\t<div class=\"sp-pcp-readmore\">\n\t\t\t\t\t\t\t<a class=\"pcp-readmore-link\" target=\"_self\" href=\"https:\/\/sauceviejo.gob.ar\/sauceonline\/taller-de-compostaje\/\" >\n\t\t\t\t\t\tConocer m\u00e1s <\/a>\n\t\t<\/div>\n\t\t\t\t\t<\/div>\n\t\t\t\t\t\t<\/div>\n\t\t\t\t\t<\/div>\n\t\t\t\t<div class=\" swiper-slide swiper-lazy\">\n\t\t\t\t\t\t<div class=\"sp-pcp-post pcp-item-5463\" data-id=\"5463\">\n\t\t\t\t\t\t\t\t<div class=\"pcp-post-thumb-wrapper\">\n\t\t\t\t\t<div class=\"sp-pcp-post-thumb-area\">\n\t\t\t\t\t\t\t\t\t\t\t\t<a class=\"sp-pcp-thumb\" href=\"https:\/\/sauceviejo.gob.ar\/sauceonline\/entrega-de-semillas-de-la-temporada-otono-invierno-2023\/\" target=\"_self\" >\n\t\t\t\t\t\t\t\t\t\t\t\t\t<img loading=\"lazy\" decoding=\"async\" src=\"https:\/\/sauceviejo.gob.ar\/sauceonline\/wp-content\/uploads\/2023\/04\/Semillas-02.jpg\" width=\"868\" height=\"455\" alt=\"\">\n\t\t\t\t\t\t<\/a>\n\t\t\t\t\t<\/div>\n\t\t\t\t<\/div>\n\t\t\t\t\t\t\t<h2 class=\"sp-pcp-title\">\n\t\t\t\t\t\t\t\t\t<a href=\"https:\/\/sauceviejo.gob.ar\/sauceonline\/entrega-de-semillas-de-la-temporada-otono-invierno-2023\/\"  target=\"_self\">Entrega de semillas de la temporada oto\u00f1o-invierno\u00a02023<\/a>\t\t\t\t\t\t\t<\/h2>\n\t\t\t\t\t\t<div class=\"sp-pcp-post-meta\">\n\t\t\t<ul><li>\t\t\t\t\t<i class=\"fa fa-user\"><\/i>\n\t\t\t\t\t<a href=\"https:\/\/sauceviejo.gob.ar\/sauceonline\/author\/vu000925\/\"\n\t\t\t\t\t\trel=\"author\">Pablo Bellafronte<\/a>\n\t\t\t\t\t<\/li> <li>\t\t\t\t\t<i class=\"fa fa-calendar\"><\/i>\n\t\t\t\t\t<time class=\"entry-date published updated\">26\/04\/2023<\/time>\n\t\t\t\t\t<\/li><\/ul>\t\t<\/div>\n\t\t\t\t\t<div class=\"sp-pcp-post-content\">\n\t\t\t\t\t<div class=\"sp-pcp-readmore\">\n\t\t\t\t\t\t\t<a class=\"pcp-readmore-link\" target=\"_self\" href=\"https:\/\/sauceviejo.gob.ar\/sauceonline\/entrega-de-semillas-de-la-temporada-otono-invierno-2023\/\" >\n\t\t\t\t\t\tConocer m\u00e1s <\/a>\n\t\t<\/div>\n\t\t\t\t\t<\/div>\n\t\t\t\t\t\t<\/div>\n\t\t\t\t\t<\/div>\n\t\t\t\t<div class=\" swiper-slide swiper-lazy\">\n\t\t\t\t\t\t<div class=\"sp-pcp-post pcp-item-5334\" data-id=\"5334\">\n\t\t\t\t\t\t\t\t<div class=\"pcp-post-thumb-wrapper\">\n\t\t\t\t\t<div class=\"sp-pcp-post-thumb-area\">\n\t\t\t\t\t\t\t\t\t\t\t\t<a class=\"sp-pcp-thumb\" href=\"https:\/\/sauceviejo.gob.ar\/sauceonline\/la-muni-en-barrio-santa-teresita\/\" target=\"_self\" >\n\t\t\t\t\t\t\t\t\t\t\t\t\t<img loading=\"lazy\" decoding=\"async\" src=\"https:\/\/sauceviejo.gob.ar\/sauceonline\/wp-content\/uploads\/2023\/04\/La-muni-en-tu-barrio-2604-01.jpg\" width=\"512\" height=\"640\" alt=\"\">\n\t\t\t\t\t\t<\/a>\n\t\t\t\t\t<\/div>\n\t\t\t\t<\/div>\n\t\t\t\t\t\t\t<h2 class=\"sp-pcp-title\">\n\t\t\t\t\t\t\t\t\t<a href=\"https:\/\/sauceviejo.gob.ar\/sauceonline\/la-muni-en-barrio-santa-teresita\/\"  target=\"_self\">La Muni en Barrio Santa Teresita<\/a>\t\t\t\t\t\t\t<\/h2>\n\t\t\t\t\t\t<div class=\"sp-pcp-post-meta\">\n\t\t\t<ul><li>\t\t\t\t\t<i class=\"fa fa-user\"><\/i>\n\t\t\t\t\t<a href=\"https:\/\/sauceviejo.gob.ar\/sauceonline\/author\/vu000925\/\"\n\t\t\t\t\t\trel=\"author\">Pablo Bellafronte<\/a>\n\t\t\t\t\t<\/li> <li>\t\t\t\t\t<i class=\"fa fa-calendar\"><\/i>\n\t\t\t\t\t<time class=\"entry-date published updated\">24\/04\/2023<\/time>\n\t\t\t\t\t<\/li><\/ul>\t\t<\/div>\n\t\t\t\t\t<div class=\"sp-pcp-post-content\">\n\t\t\t\t\t<div class=\"sp-pcp-readmore\">\n\t\t\t\t\t\t\t<a class=\"pcp-readmore-link\" target=\"_self\" href=\"https:\/\/sauceviejo.gob.ar\/sauceonline\/la-muni-en-barrio-santa-teresita\/\" >\n\t\t\t\t\t\tConocer m\u00e1s <\/a>\n\t\t<\/div>\n\t\t\t\t\t<\/div>\n\t\t\t\t\t\t<\/div>\n\t\t\t\t\t<\/div>\n\t\t\t\t<div class=\" swiper-slide swiper-lazy\">\n\t\t\t\t\t\t<div class=\"sp-pcp-post pcp-item-5331\" data-id=\"5331\">\n\t\t\t\t\t\t\t\t<div class=\"pcp-post-thumb-wrapper\">\n\t\t\t\t\t<div class=\"sp-pcp-post-thumb-area\">\n\t\t\t\t\t\t\t\t\t\t\t\t<a class=\"sp-pcp-thumb\" href=\"https:\/\/sauceviejo.gob.ar\/sauceonline\/campana-de-vacunacion-antirrabica-gratuita-2\/\" target=\"_self\" >\n\t\t\t\t\t\t\t\t\t\t\t\t\t<img loading=\"lazy\" decoding=\"async\" src=\"https:\/\/sauceviejo.gob.ar\/sauceonline\/wp-content\/uploads\/2023\/04\/Vacunacion-20.jpg\" width=\"1440\" height=\"1782\" alt=\"\">\n\t\t\t\t\t\t<\/a>\n\t\t\t\t\t<\/div>\n\t\t\t\t<\/div>\n\t\t\t\t\t\t\t<h2 class=\"sp-pcp-title\">\n\t\t\t\t\t\t\t\t\t<a href=\"https:\/\/sauceviejo.gob.ar\/sauceonline\/campana-de-vacunacion-antirrabica-gratuita-2\/\"  target=\"_self\">Campa\u00f1a de vacunaci\u00f3n antirr\u00e1bica gratuita<\/a>\t\t\t\t\t\t\t<\/h2>\n\t\t\t\t\t\t<div class=\"sp-pcp-post-meta\">\n\t\t\t<ul><li>\t\t\t\t\t<i class=\"fa fa-user\"><\/i>\n\t\t\t\t\t<a href=\"https:\/\/sauceviejo.gob.ar\/sauceonline\/author\/vu000925\/\"\n\t\t\t\t\t\trel=\"author\">Pablo Bellafronte<\/a>\n\t\t\t\t\t<\/li> <li>\t\t\t\t\t<i class=\"fa fa-calendar\"><\/i>\n\t\t\t\t\t<time class=\"entry-date published updated\">24\/04\/2023<\/time>\n\t\t\t\t\t<\/li><\/ul>\t\t<\/div>\n\t\t\t\t\t<div class=\"sp-pcp-post-content\">\n\t\t\t\t\t<div class=\"sp-pcp-readmore\">\n\t\t\t\t\t\t\t<a class=\"pcp-readmore-link\" target=\"_self\" href=\"https:\/\/sauceviejo.gob.ar\/sauceonline\/campana-de-vacunacion-antirrabica-gratuita-2\/\" >\n\t\t\t\t\t\tConocer m\u00e1s <\/a>\n\t\t<\/div>\n\t\t\t\t\t<\/div>\n\t\t\t\t\t\t<\/div>\n\t\t\t\t\t<\/div>\n\t\t\t\t<div class=\" swiper-slide swiper-lazy\">\n\t\t\t\t\t\t<div class=\"sp-pcp-post pcp-item-5099\" data-id=\"5099\">\n\t\t\t\t\t\t\t\t<div class=\"pcp-post-thumb-wrapper\">\n\t\t\t\t\t<div class=\"sp-pcp-post-thumb-area\">\n\t\t\t\t\t\t\t\t\t\t\t\t<a class=\"sp-pcp-thumb\" href=\"https:\/\/sauceviejo.gob.ar\/sauceonline\/26-de-abril-la-muni-en-barrio-santa-teresita\/\" target=\"_self\" >\n\t\t\t\t\t\t\t\t\t\t\t\t\t<img loading=\"lazy\" decoding=\"async\" src=\"https:\/\/sauceviejo.gob.ar\/sauceonline\/wp-content\/uploads\/2023\/04\/La-muni-en-tu-barrio-2604-01.jpg\" width=\"512\" height=\"640\" alt=\"\">\n\t\t\t\t\t\t<\/a>\n\t\t\t\t\t<\/div>\n\t\t\t\t<\/div>\n\t\t\t\t\t\t\t<h2 class=\"sp-pcp-title\">\n\t\t\t\t\t\t\t\t\t<a href=\"https:\/\/sauceviejo.gob.ar\/sauceonline\/26-de-abril-la-muni-en-barrio-santa-teresita\/\"  target=\"_self\">26 de abril &#8211; La Muni en Barrio Santa Teresita<\/a>\t\t\t\t\t\t\t<\/h2>\n\t\t\t\t\t\t<div class=\"sp-pcp-post-meta\">\n\t\t\t<ul><li>\t\t\t\t\t<i class=\"fa fa-user\"><\/i>\n\t\t\t\t\t<a href=\"https:\/\/sauceviejo.gob.ar\/sauceonline\/author\/vu000925\/\"\n\t\t\t\t\t\trel=\"author\">Pablo Bellafronte<\/a>\n\t\t\t\t\t<\/li> <li>\t\t\t\t\t<i class=\"fa fa-calendar\"><\/i>\n\t\t\t\t\t<time class=\"entry-date published updated\">19\/04\/2023<\/time>\n\t\t\t\t\t<\/li><\/ul>\t\t<\/div>\n\t\t\t\t\t<div class=\"sp-pcp-post-content\">\n\t\t\t\t\t<div class=\"sp-pcp-readmore\">\n\t\t\t\t\t\t\t<a class=\"pcp-readmore-link\" target=\"_self\" href=\"https:\/\/sauceviejo.gob.ar\/sauceonline\/26-de-abril-la-muni-en-barrio-santa-teresita\/\" >\n\t\t\t\t\t\tConocer m\u00e1s <\/a>\n\t\t<\/div>\n\t\t\t\t\t<\/div>\n\t\t\t\t\t\t<\/div>\n\t\t\t\t\t<\/div>\n\t\t\t\t<div class=\" swiper-slide swiper-lazy\">\n\t\t\t\t\t\t<div class=\"sp-pcp-post pcp-item-4897\" data-id=\"4897\">\n\t\t\t\t\t\t\t\t<div class=\"pcp-post-thumb-wrapper\">\n\t\t\t\t\t<div class=\"sp-pcp-post-thumb-area\">\n\t\t\t\t\t\t\t\t\t\t\t\t<a class=\"sp-pcp-thumb\" href=\"https:\/\/sauceviejo.gob.ar\/sauceonline\/la-muni-en-tu-barrio-en-la-plaza-bernardino-rivadavia\/\" target=\"_self\" >\n\t\t\t\t\t\t\t\t\t\t\t\t\t<img loading=\"lazy\" decoding=\"async\" src=\"https:\/\/sauceviejo.gob.ar\/sauceonline\/wp-content\/uploads\/2023\/04\/La-muni-en-tu-barrio-1204.jpg\" width=\"1080\" height=\"525\" alt=\"\">\n\t\t\t\t\t\t<\/a>\n\t\t\t\t\t<\/div>\n\t\t\t\t<\/div>\n\t\t\t\t\t\t\t<h2 class=\"sp-pcp-title\">\n\t\t\t\t\t\t\t\t\t<a href=\"https:\/\/sauceviejo.gob.ar\/sauceonline\/la-muni-en-tu-barrio-en-la-plaza-bernardino-rivadavia\/\"  target=\"_self\">La Muni en tu Barrio en la Plaza Bernardino Rivadavia<\/a>\t\t\t\t\t\t\t<\/h2>\n\t\t\t\t\t\t<div class=\"sp-pcp-post-meta\">\n\t\t\t<ul><li>\t\t\t\t\t<i class=\"fa fa-user\"><\/i>\n\t\t\t\t\t<a href=\"https:\/\/sauceviejo.gob.ar\/sauceonline\/author\/vu000925\/\"\n\t\t\t\t\t\trel=\"author\">Pablo Bellafronte<\/a>\n\t\t\t\t\t<\/li> <li>\t\t\t\t\t<i class=\"fa fa-calendar\"><\/i>\n\t\t\t\t\t<time class=\"entry-date published updated\">12\/04\/2023<\/time>\n\t\t\t\t\t<\/li><\/ul>\t\t<\/div>\n\t\t\t\t\t<div class=\"sp-pcp-post-content\">\n\t\t\t\t\t<div class=\"sp-pcp-readmore\">\n\t\t\t\t\t\t\t<a class=\"pcp-readmore-link\" target=\"_self\" href=\"https:\/\/sauceviejo.gob.ar\/sauceonline\/la-muni-en-tu-barrio-en-la-plaza-bernardino-rivadavia\/\" >\n\t\t\t\t\t\tConocer m\u00e1s <\/a>\n\t\t<\/div>\n\t\t\t\t\t<\/div>\n\t\t\t\t\t\t<\/div>\n\t\t\t\t\t<\/div>\n\t\t\t\t<div class=\" swiper-slide swiper-lazy\">\n\t\t\t\t\t\t<div class=\"sp-pcp-post pcp-item-4887\" data-id=\"4887\">\n\t\t\t\t\t\t\t\t<div class=\"pcp-post-thumb-wrapper\">\n\t\t\t\t\t<div class=\"sp-pcp-post-thumb-area\">\n\t\t\t\t\t\t\t\t\t\t\t\t<a class=\"sp-pcp-thumb\" href=\"https:\/\/sauceviejo.gob.ar\/sauceonline\/ampana-de-vacunacion-antirrabica-gratuita\/\" target=\"_self\" >\n\t\t\t\t\t\t\t\t\t\t\t\t\t<img loading=\"lazy\" decoding=\"async\" src=\"https:\/\/sauceviejo.gob.ar\/sauceonline\/wp-content\/uploads\/2023\/04\/Vacunacion-antirrabica-02.jpg\" width=\"1280\" height=\"1600\" alt=\"\">\n\t\t\t\t\t\t<\/a>\n\t\t\t\t\t<\/div>\n\t\t\t\t<\/div>\n\t\t\t\t\t\t\t<h2 class=\"sp-pcp-title\">\n\t\t\t\t\t\t\t\t\t<a href=\"https:\/\/sauceviejo.gob.ar\/sauceonline\/ampana-de-vacunacion-antirrabica-gratuita\/\"  target=\"_self\">Campa\u00f1a de vacunaci\u00f3n antirr\u00e1bica gratuita<\/a>\t\t\t\t\t\t\t<\/h2>\n\t\t\t\t\t\t<div class=\"sp-pcp-post-meta\">\n\t\t\t<ul><li>\t\t\t\t\t<i class=\"fa fa-user\"><\/i>\n\t\t\t\t\t<a href=\"https:\/\/sauceviejo.gob.ar\/sauceonline\/author\/vu000925\/\"\n\t\t\t\t\t\trel=\"author\">Pablo Bellafronte<\/a>\n\t\t\t\t\t<\/li> <li>\t\t\t\t\t<i class=\"fa fa-calendar\"><\/i>\n\t\t\t\t\t<time class=\"entry-date published updated\">12\/04\/2023<\/time>\n\t\t\t\t\t<\/li><\/ul>\t\t<\/div>\n\t\t\t\t\t<div class=\"sp-pcp-post-content\">\n\t\t\t\t\t<div class=\"sp-pcp-readmore\">\n\t\t\t\t\t\t\t<a class=\"pcp-readmore-link\" target=\"_self\" href=\"https:\/\/sauceviejo.gob.ar\/sauceonline\/ampana-de-vacunacion-antirrabica-gratuita\/\" >\n\t\t\t\t\t\tConocer m\u00e1s <\/a>\n\t\t<\/div>\n\t\t\t\t\t<\/div>\n\t\t\t\t\t\t<\/div>\n\t\t\t\t\t<\/div>\n\t\t\t\t<div class=\" swiper-slide swiper-lazy\">\n\t\t\t\t\t\t<div class=\"sp-pcp-post pcp-item-4578\" data-id=\"4578\">\n\t\t\t\t\t\t\t\t<div class=\"pcp-post-thumb-wrapper\">\n\t\t\t\t\t<div class=\"sp-pcp-post-thumb-area\">\n\t\t\t\t\t\t\t\t\t\t\t\t<a class=\"sp-pcp-thumb\" href=\"https:\/\/sauceviejo.gob.ar\/sauceonline\/sauce-viejo-comprometida-en-la-lucha-contra-el-dengue\/\" target=\"_self\" >\n\t\t\t\t\t\t\t\t\t\t\t\t\t<img loading=\"lazy\" decoding=\"async\" src=\"https:\/\/sauceviejo.gob.ar\/sauceonline\/wp-content\/uploads\/2023\/04\/Dengue10.jpg\" width=\"488\" height=\"610\" alt=\"\">\n\t\t\t\t\t\t<\/a>\n\t\t\t\t\t<\/div>\n\t\t\t\t<\/div>\n\t\t\t\t\t\t\t<h2 class=\"sp-pcp-title\">\n\t\t\t\t\t\t\t\t\t<a href=\"https:\/\/sauceviejo.gob.ar\/sauceonline\/sauce-viejo-comprometida-en-la-lucha-contra-el-dengue\/\"  target=\"_self\">Sauce Viejo comprometida en la lucha contra el dengue<\/a>\t\t\t\t\t\t\t<\/h2>\n\t\t\t\t\t\t<div class=\"sp-pcp-post-meta\">\n\t\t\t<ul><li>\t\t\t\t\t<i class=\"fa fa-user\"><\/i>\n\t\t\t\t\t<a href=\"https:\/\/sauceviejo.gob.ar\/sauceonline\/author\/vu000925\/\"\n\t\t\t\t\t\trel=\"author\">Pablo Bellafronte<\/a>\n\t\t\t\t\t<\/li> <li>\t\t\t\t\t<i class=\"fa fa-calendar\"><\/i>\n\t\t\t\t\t<time class=\"entry-date published updated\">07\/04\/2023<\/time>\n\t\t\t\t\t<\/li><\/ul>\t\t<\/div>\n\t\t\t\t\t<div class=\"sp-pcp-post-content\">\n\t\t\t\t\t<div class=\"sp-pcp-readmore\">\n\t\t\t\t\t\t\t<a class=\"pcp-readmore-link\" target=\"_self\" href=\"https:\/\/sauceviejo.gob.ar\/sauceonline\/sauce-viejo-comprometida-en-la-lucha-contra-el-dengue\/\" >\n\t\t\t\t\t\tConocer m\u00e1s <\/a>\n\t\t<\/div>\n\t\t\t\t\t<\/div>\n\t\t\t\t\t\t<\/div>\n\t\t\t\t\t<\/div>\n\t\t\t\t<div class=\" swiper-slide swiper-lazy\">\n\t\t\t\t\t\t<div class=\"sp-pcp-post pcp-item-4487\" data-id=\"4487\">\n\t\t\t\t\t\t\t\t<div class=\"pcp-post-thumb-wrapper\">\n\t\t\t\t\t<div class=\"sp-pcp-post-thumb-area\">\n\t\t\t\t\t\t\t\t\t\t\t\t<a class=\"sp-pcp-thumb\" href=\"https:\/\/sauceviejo.gob.ar\/sauceonline\/la-muni-en-tu-barrio-presente-en-el-barrio-rio-parque-jardin\/\" target=\"_self\" >\n\t\t\t\t\t\t\t\t\t\t\t\t\t<img loading=\"lazy\" decoding=\"async\" src=\"https:\/\/sauceviejo.gob.ar\/sauceonline\/wp-content\/uploads\/2023\/04\/En-tu-barrio-06.jpg\" width=\"498\" height=\"622\" alt=\"\">\n\t\t\t\t\t\t<\/a>\n\t\t\t\t\t<\/div>\n\t\t\t\t<\/div>\n\t\t\t\t\t\t\t<h2 class=\"sp-pcp-title\">\n\t\t\t\t\t\t\t\t\t<a href=\"https:\/\/sauceviejo.gob.ar\/sauceonline\/la-muni-en-tu-barrio-presente-en-el-barrio-rio-parque-jardin\/\"  target=\"_self\">La Muni en tu Barrio presente en el barrio R\u00edo Parque Jard\u00edn<\/a>\t\t\t\t\t\t\t<\/h2>\n\t\t\t\t\t\t<div class=\"sp-pcp-post-meta\">\n\t\t\t<ul><li>\t\t\t\t\t<i class=\"fa fa-user\"><\/i>\n\t\t\t\t\t<a href=\"https:\/\/sauceviejo.gob.ar\/sauceonline\/author\/vu000925\/\"\n\t\t\t\t\t\trel=\"author\">Pablo Bellafronte<\/a>\n\t\t\t\t\t<\/li> <li>\t\t\t\t\t<i class=\"fa fa-calendar\"><\/i>\n\t\t\t\t\t<time class=\"entry-date published updated\">06\/04\/2023<\/time>\n\t\t\t\t\t<\/li><\/ul>\t\t<\/div>\n\t\t\t\t\t<div class=\"sp-pcp-post-content\">\n\t\t\t\t\t<div class=\"sp-pcp-readmore\">\n\t\t\t\t\t\t\t<a class=\"pcp-readmore-link\" target=\"_self\" href=\"https:\/\/sauceviejo.gob.ar\/sauceonline\/la-muni-en-tu-barrio-presente-en-el-barrio-rio-parque-jardin\/\" >\n\t\t\t\t\t\tConocer m\u00e1s <\/a>\n\t\t<\/div>\n\t\t\t\t\t<\/div>\n\t\t\t\t\t\t<\/div>\n\t\t\t\t\t<\/div>\n\t\t\t\t<div class=\" swiper-slide swiper-lazy\">\n\t\t\t\t\t\t<div class=\"sp-pcp-post pcp-item-4361\" data-id=\"4361\">\n\t\t\t\t\t\t\t\t<div class=\"pcp-post-thumb-wrapper\">\n\t\t\t\t\t<div class=\"sp-pcp-post-thumb-area\">\n\t\t\t\t\t\t\t\t\t\t\t\t<a class=\"sp-pcp-thumb\" href=\"https:\/\/sauceviejo.gob.ar\/sauceonline\/la-muni-en-tu-barrio-estara-en-rio-parque-jardin-2\/\" target=\"_self\" >\n\t\t\t\t\t\t\t\t\t\t\t\t\t<img loading=\"lazy\" decoding=\"async\" src=\"https:\/\/sauceviejo.gob.ar\/sauceonline\/wp-content\/uploads\/2023\/04\/La-muni-en-tu-barrio-0504-01.jpg\" width=\"793\" height=\"991\" alt=\"\">\n\t\t\t\t\t\t<\/a>\n\t\t\t\t\t<\/div>\n\t\t\t\t<\/div>\n\t\t\t\t\t\t\t<h2 class=\"sp-pcp-title\">\n\t\t\t\t\t\t\t\t\t<a href=\"https:\/\/sauceviejo.gob.ar\/sauceonline\/la-muni-en-tu-barrio-estara-en-rio-parque-jardin-2\/\"  target=\"_self\">La Muni en tu Barrio estar\u00e1 en R\u00edo Parque Jard\u00edn<\/a>\t\t\t\t\t\t\t<\/h2>\n\t\t\t\t\t\t<div class=\"sp-pcp-post-meta\">\n\t\t\t<ul><li>\t\t\t\t\t<i class=\"fa fa-user\"><\/i>\n\t\t\t\t\t<a href=\"https:\/\/sauceviejo.gob.ar\/sauceonline\/author\/vu000925\/\"\n\t\t\t\t\t\trel=\"author\">Pablo Bellafronte<\/a>\n\t\t\t\t\t<\/li> <li>\t\t\t\t\t<i class=\"fa fa-calendar\"><\/i>\n\t\t\t\t\t<time class=\"entry-date published updated\">05\/04\/2023<\/time>\n\t\t\t\t\t<\/li><\/ul>\t\t<\/div>\n\t\t\t\t\t<div class=\"sp-pcp-post-content\">\n\t\t\t\t\t<div class=\"sp-pcp-readmore\">\n\t\t\t\t\t\t\t<a class=\"pcp-readmore-link\" target=\"_self\" href=\"https:\/\/sauceviejo.gob.ar\/sauceonline\/la-muni-en-tu-barrio-estara-en-rio-parque-jardin-2\/\" >\n\t\t\t\t\t\tConocer m\u00e1s <\/a>\n\t\t<\/div>\n\t\t\t\t\t<\/div>\n\t\t\t\t\t\t<\/div>\n\t\t\t\t\t<\/div>\n\t\t\t\t<div class=\" swiper-slide swiper-lazy\">\n\t\t\t\t\t\t<div class=\"sp-pcp-post pcp-item-4351\" data-id=\"4351\">\n\t\t\t\t\t\t\t\t<div class=\"pcp-post-thumb-wrapper\">\n\t\t\t\t\t<div class=\"sp-pcp-post-thumb-area\">\n\t\t\t\t\t\t\t\t\t\t\t\t<a class=\"sp-pcp-thumb\" href=\"https:\/\/sauceviejo.gob.ar\/sauceonline\/la-muni-en-tu-barrio-estara-en-rio-parque-jardin\/\" target=\"_self\" >\n\t\t\t\t\t\t\t\t\t\t\t\t\t<img loading=\"lazy\" decoding=\"async\" src=\"https:\/\/sauceviejo.gob.ar\/sauceonline\/wp-content\/uploads\/2023\/04\/La-muni-en-tu-barrio-0504.jpg\" width=\"1280\" height=\"1599\" alt=\"\">\n\t\t\t\t\t\t<\/a>\n\t\t\t\t\t<\/div>\n\t\t\t\t<\/div>\n\t\t\t\t\t\t\t<h2 class=\"sp-pcp-title\">\n\t\t\t\t\t\t\t\t\t<a href=\"https:\/\/sauceviejo.gob.ar\/sauceonline\/la-muni-en-tu-barrio-estara-en-rio-parque-jardin\/\"  target=\"_self\">La Muni en tu Barrio estar\u00e1 en R\u00edo Parque Jard\u00edn<\/a>\t\t\t\t\t\t\t<\/h2>\n\t\t\t\t\t\t<div class=\"sp-pcp-post-meta\">\n\t\t\t<ul><li>\t\t\t\t\t<i class=\"fa fa-user\"><\/i>\n\t\t\t\t\t<a href=\"https:\/\/sauceviejo.gob.ar\/sauceonline\/author\/pablo-bellafronte\/\"\n\t\t\t\t\t\trel=\"author\">Pablo Bellafronte<\/a>\n\t\t\t\t\t<\/li> <li>\t\t\t\t\t<i class=\"fa fa-calendar\"><\/i>\n\t\t\t\t\t<time class=\"entry-date published updated\">04\/04\/2023<\/time>\n\t\t\t\t\t<\/li><\/ul>\t\t<\/div>\n\t\t\t\t\t<div class=\"sp-pcp-post-content\">\n\t\t\t\t\t<div class=\"sp-pcp-readmore\">\n\t\t\t\t\t\t\t<a class=\"pcp-readmore-link\" target=\"_self\" href=\"https:\/\/sauceviejo.gob.ar\/sauceonline\/la-muni-en-tu-barrio-estara-en-rio-parque-jardin\/\" >\n\t\t\t\t\t\tConocer m\u00e1s <\/a>\n\t\t<\/div>\n\t\t\t\t\t<\/div>\n\t\t\t\t\t\t<\/div>\n\t\t\t\t\t<\/div>\n\t\t\t\t<div class=\" swiper-slide swiper-lazy\">\n\t\t\t\t\t\t<div class=\"sp-pcp-post pcp-item-4335\" data-id=\"4335\">\n\t\t\t\t\t\t\t\t<div class=\"pcp-post-thumb-wrapper\">\n\t\t\t\t\t<div class=\"sp-pcp-post-thumb-area\">\n\t\t\t\t\t\t\t\t\t\t\t\t<a class=\"sp-pcp-thumb\" href=\"https:\/\/sauceviejo.gob.ar\/sauceonline\/campana-de-vacunacion-antirrabica-gratuita\/\" target=\"_self\" >\n\t\t\t\t\t\t\t\t\t\t\t\t\t<img loading=\"lazy\" decoding=\"async\" src=\"https:\/\/sauceviejo.gob.ar\/sauceonline\/wp-content\/uploads\/2023\/04\/Vacunacion-antirrabica-01.jpg\" width=\"1280\" height=\"1600\" alt=\"\">\n\t\t\t\t\t\t<\/a>\n\t\t\t\t\t<\/div>\n\t\t\t\t<\/div>\n\t\t\t\t\t\t\t<h2 class=\"sp-pcp-title\">\n\t\t\t\t\t\t\t\t\t<a href=\"https:\/\/sauceviejo.gob.ar\/sauceonline\/campana-de-vacunacion-antirrabica-gratuita\/\"  target=\"_self\">Campa\u00f1a de vacunaci\u00f3n antirr\u00e1bica gratuita<\/a>\t\t\t\t\t\t\t<\/h2>\n\t\t\t\t\t\t<div class=\"sp-pcp-post-meta\">\n\t\t\t<ul><li>\t\t\t\t\t<i class=\"fa fa-user\"><\/i>\n\t\t\t\t\t<a href=\"https:\/\/sauceviejo.gob.ar\/sauceonline\/author\/vu000925\/\"\n\t\t\t\t\t\trel=\"author\">Pablo Bellafronte<\/a>\n\t\t\t\t\t<\/li> <li>\t\t\t\t\t<i class=\"fa fa-calendar\"><\/i>\n\t\t\t\t\t<time class=\"entry-date published updated\">03\/04\/2023<\/time>\n\t\t\t\t\t<\/li><\/ul>\t\t<\/div>\n\t\t\t\t\t<div class=\"sp-pcp-post-content\">\n\t\t\t\t\t<div class=\"sp-pcp-readmore\">\n\t\t\t\t\t\t\t<a class=\"pcp-readmore-link\" target=\"_self\" href=\"https:\/\/sauceviejo.gob.ar\/sauceonline\/campana-de-vacunacion-antirrabica-gratuita\/\" >\n\t\t\t\t\t\tConocer m\u00e1s <\/a>\n\t\t<\/div>\n\t\t\t\t\t<\/div>\n\t\t\t\t\t\t<\/div>\n\t\t\t\t\t<\/div>\n\t\t\t\t<div class=\" swiper-slide swiper-lazy\">\n\t\t\t\t\t\t<div class=\"sp-pcp-post pcp-item-4331\" data-id=\"4331\">\n\t\t\t\t\t\t\t\t<div class=\"pcp-post-thumb-wrapper\">\n\t\t\t\t\t<div class=\"sp-pcp-post-thumb-area\">\n\t\t\t\t\t\t\t\t\t\t\t\t<a class=\"sp-pcp-thumb\" href=\"https:\/\/sauceviejo.gob.ar\/sauceonline\/cupos-completos-para-las-jornadas-de-castraciones-de-abril\/\" target=\"_self\" >\n\t\t\t\t\t\t\t\t\t\t\t\t\t<img loading=\"lazy\" decoding=\"async\" src=\"https:\/\/sauceviejo.gob.ar\/sauceonline\/wp-content\/uploads\/2023\/04\/Castracion-completa.jpg\" width=\"768\" height=\"960\" alt=\"\">\n\t\t\t\t\t\t<\/a>\n\t\t\t\t\t<\/div>\n\t\t\t\t<\/div>\n\t\t\t\t\t\t\t<h2 class=\"sp-pcp-title\">\n\t\t\t\t\t\t\t\t\t<a href=\"https:\/\/sauceviejo.gob.ar\/sauceonline\/cupos-completos-para-las-jornadas-de-castraciones-de-abril\/\"  target=\"_self\">Cupos completos para las jornadas de castraciones de abril<\/a>\t\t\t\t\t\t\t<\/h2>\n\t\t\t\t\t\t<div class=\"sp-pcp-post-meta\">\n\t\t\t<ul><li>\t\t\t\t\t<i class=\"fa fa-user\"><\/i>\n\t\t\t\t\t<a href=\"https:\/\/sauceviejo.gob.ar\/sauceonline\/author\/pablo-bellafronte\/\"\n\t\t\t\t\t\trel=\"author\">Pablo Bellafronte<\/a>\n\t\t\t\t\t<\/li> <li>\t\t\t\t\t<i class=\"fa fa-calendar\"><\/i>\n\t\t\t\t\t<time class=\"entry-date published updated\">03\/04\/2023<\/time>\n\t\t\t\t\t<\/li><\/ul>\t\t<\/div>\n\t\t\t\t\t<div class=\"sp-pcp-post-content\">\n\t\t\t\t\t<div class=\"sp-pcp-readmore\">\n\t\t\t\t\t\t\t<a class=\"pcp-readmore-link\" target=\"_self\" href=\"https:\/\/sauceviejo.gob.ar\/sauceonline\/cupos-completos-para-las-jornadas-de-castraciones-de-abril\/\" >\n\t\t\t\t\t\tConocer m\u00e1s <\/a>\n\t\t<\/div>\n\t\t\t\t\t<\/div>\n\t\t\t\t\t\t<\/div>\n\t\t\t\t\t<\/div>\n\t\t\t\t<div class=\" swiper-slide swiper-lazy\">\n\t\t\t\t\t\t<div class=\"sp-pcp-post pcp-item-4181\" data-id=\"4181\">\n\t\t\t\t\t\t\t\t<div class=\"pcp-post-thumb-wrapper\">\n\t\t\t\t\t<div class=\"sp-pcp-post-thumb-area\">\n\t\t\t\t\t\t\t\t\t\t\t\t<a class=\"sp-pcp-thumb\" href=\"https:\/\/sauceviejo.gob.ar\/sauceonline\/plan-de-forestacion-municipio-vecinos\/\" target=\"_self\" >\n\t\t\t\t\t\t\t\t\t\t\t\t\t<img loading=\"lazy\" decoding=\"async\" src=\"https:\/\/sauceviejo.gob.ar\/sauceonline\/wp-content\/uploads\/2023\/04\/Plan-04-1.jpg\" width=\"754\" height=\"942\" alt=\"\">\n\t\t\t\t\t\t<\/a>\n\t\t\t\t\t<\/div>\n\t\t\t\t<\/div>\n\t\t\t\t\t\t\t<h2 class=\"sp-pcp-title\">\n\t\t\t\t\t\t\t\t\t<a href=\"https:\/\/sauceviejo.gob.ar\/sauceonline\/plan-de-forestacion-municipio-vecinos\/\"  target=\"_self\">Plan de forestaci\u00f3n municipio\/vecinos<\/a>\t\t\t\t\t\t\t<\/h2>\n\t\t\t\t\t\t<div class=\"sp-pcp-post-meta\">\n\t\t\t<ul><li>\t\t\t\t\t<i class=\"fa fa-user\"><\/i>\n\t\t\t\t\t<a href=\"https:\/\/sauceviejo.gob.ar\/sauceonline\/author\/pablo-bellafronte\/\"\n\t\t\t\t\t\trel=\"author\">Pablo Bellafronte<\/a>\n\t\t\t\t\t<\/li> <li>\t\t\t\t\t<i class=\"fa fa-calendar\"><\/i>\n\t\t\t\t\t<time class=\"entry-date published updated\">02\/04\/2023<\/time>\n\t\t\t\t\t<\/li><\/ul>\t\t<\/div>\n\t\t\t\t\t<div class=\"sp-pcp-post-content\">\n\t\t\t\t\t<div class=\"sp-pcp-readmore\">\n\t\t\t\t\t\t\t<a class=\"pcp-readmore-link\" target=\"_self\" href=\"https:\/\/sauceviejo.gob.ar\/sauceonline\/plan-de-forestacion-municipio-vecinos\/\" >\n\t\t\t\t\t\tConocer m\u00e1s <\/a>\n\t\t<\/div>\n\t\t\t\t\t<\/div>\n\t\t\t\t\t\t<\/div>\n\t\t\t\t\t<\/div>\n\t\t\t\t<div class=\" swiper-slide swiper-lazy\">\n\t\t\t\t\t\t<div class=\"sp-pcp-post pcp-item-4079\" data-id=\"4079\">\n\t\t\t\t\t\t\t\t<div class=\"pcp-post-thumb-wrapper\">\n\t\t\t\t\t<div class=\"sp-pcp-post-thumb-area\">\n\t\t\t\t\t\t\t\t\t\t\t\t<a class=\"sp-pcp-thumb\" href=\"https:\/\/sauceviejo.gob.ar\/sauceonline\/plan-de-forestacion-en-los-barrios-de-sauce-viejo-una-tarde-para-compartir-con-los-vecinos-y-vecinas\/\" target=\"_self\" >\n\t\t\t\t\t\t\t\t\t\t\t\t\t<img loading=\"lazy\" decoding=\"async\" src=\"https:\/\/sauceviejo.gob.ar\/sauceonline\/wp-content\/uploads\/2023\/04\/Forestacion.jpg\" width=\"768\" height=\"960\" alt=\"\">\n\t\t\t\t\t\t<\/a>\n\t\t\t\t\t<\/div>\n\t\t\t\t<\/div>\n\t\t\t\t\t\t\t<h2 class=\"sp-pcp-title\">\n\t\t\t\t\t\t\t\t\t<a href=\"https:\/\/sauceviejo.gob.ar\/sauceonline\/plan-de-forestacion-en-los-barrios-de-sauce-viejo-una-tarde-para-compartir-con-los-vecinos-y-vecinas\/\"  target=\"_self\">Plan de forestaci\u00f3n en los barrios de Sauce Viejo: una tarde para compartir con los vecinos y vecinas<\/a>\t\t\t\t\t\t\t<\/h2>\n\t\t\t\t\t\t<div class=\"sp-pcp-post-meta\">\n\t\t\t<ul><li>\t\t\t\t\t<i class=\"fa fa-user\"><\/i>\n\t\t\t\t\t<a href=\"https:\/\/sauceviejo.gob.ar\/sauceonline\/author\/pablo-bellafronte\/\"\n\t\t\t\t\t\trel=\"author\">Pablo Bellafronte<\/a>\n\t\t\t\t\t<\/li> <li>\t\t\t\t\t<i class=\"fa fa-calendar\"><\/i>\n\t\t\t\t\t<time class=\"entry-date published updated\">01\/04\/2023<\/time>\n\t\t\t\t\t<\/li><\/ul>\t\t<\/div>\n\t\t\t\t\t<div class=\"sp-pcp-post-content\">\n\t\t\t\t\t<div class=\"sp-pcp-readmore\">\n\t\t\t\t\t\t\t<a class=\"pcp-readmore-link\" target=\"_self\" href=\"https:\/\/sauceviejo.gob.ar\/sauceonline\/plan-de-forestacion-en-los-barrios-de-sauce-viejo-una-tarde-para-compartir-con-los-vecinos-y-vecinas\/\" >\n\t\t\t\t\t\tConocer m\u00e1s <\/a>\n\t\t<\/div>\n\t\t\t\t\t<\/div>\n\t\t\t\t\t\t<\/div>\n\t\t\t\t\t<\/div>\n\t\t\t\t<div class=\" swiper-slide swiper-lazy\">\n\t\t\t\t\t\t<div class=\"sp-pcp-post pcp-item-4055\" data-id=\"4055\">\n\t\t\t\t\t\t\t\t<div class=\"pcp-post-thumb-wrapper\">\n\t\t\t\t\t<div class=\"sp-pcp-post-thumb-area\">\n\t\t\t\t\t\t\t\t\t\t\t\t<a class=\"sp-pcp-thumb\" href=\"https:\/\/sauceviejo.gob.ar\/sauceonline\/se-llevo-a-cabo-otra-jornada-de-castracion-de-animales-de-compania-en-barrio-dona-margarita\/\" target=\"_self\" >\n\t\t\t\t\t\t\t\t\t\t\t\t\t<img loading=\"lazy\" decoding=\"async\" src=\"https:\/\/sauceviejo.gob.ar\/sauceonline\/wp-content\/uploads\/2023\/04\/Castracion-04.jpg\" width=\"960\" height=\"960\" alt=\"\">\n\t\t\t\t\t\t<\/a>\n\t\t\t\t\t<\/div>\n\t\t\t\t<\/div>\n\t\t\t\t\t\t\t<h2 class=\"sp-pcp-title\">\n\t\t\t\t\t\t\t\t\t<a href=\"https:\/\/sauceviejo.gob.ar\/sauceonline\/se-llevo-a-cabo-otra-jornada-de-castracion-de-animales-de-compania-en-barrio-dona-margarita\/\"  target=\"_self\">Se llev\u00f3 a cabo otra jornada de castraci\u00f3n de animales de compa\u00f1\u00eda en Barrio Do\u00f1a Margarita<\/a>\t\t\t\t\t\t\t<\/h2>\n\t\t\t\t\t\t<div class=\"sp-pcp-post-meta\">\n\t\t\t<ul><li>\t\t\t\t\t<i class=\"fa fa-user\"><\/i>\n\t\t\t\t\t<a href=\"https:\/\/sauceviejo.gob.ar\/sauceonline\/author\/pablo-bellafronte\/\"\n\t\t\t\t\t\trel=\"author\">Pablo Bellafronte<\/a>\n\t\t\t\t\t<\/li> <li>\t\t\t\t\t<i class=\"fa fa-calendar\"><\/i>\n\t\t\t\t\t<time class=\"entry-date published updated\">01\/04\/2023<\/time>\n\t\t\t\t\t<\/li><\/ul>\t\t<\/div>\n\t\t\t\t\t<div class=\"sp-pcp-post-content\">\n\t\t\t\t\t<div class=\"sp-pcp-readmore\">\n\t\t\t\t\t\t\t<a class=\"pcp-readmore-link\" target=\"_self\" href=\"https:\/\/sauceviejo.gob.ar\/sauceonline\/se-llevo-a-cabo-otra-jornada-de-castracion-de-animales-de-compania-en-barrio-dona-margarita\/\" >\n\t\t\t\t\t\tConocer m\u00e1s <\/a>\n\t\t<\/div>\n\t\t\t\t\t<\/div>\n\t\t\t\t\t\t<\/div>\n\t\t\t\t\t<\/div>\n\t\t\t\t<div class=\" swiper-slide swiper-lazy\">\n\t\t\t\t\t\t<div class=\"sp-pcp-post pcp-item-4044\" data-id=\"4044\">\n\t\t\t\t\t\t\t\t<div class=\"pcp-post-thumb-wrapper\">\n\t\t\t\t\t<div class=\"sp-pcp-post-thumb-area\">\n\t\t\t\t\t\t\t\t\t\t\t\t<a class=\"sp-pcp-thumb\" href=\"https:\/\/sauceviejo.gob.ar\/sauceonline\/proximas-castraciones-del-mes-de-abril\/\" target=\"_self\" >\n\t\t\t\t\t\t\t\t\t\t\t\t\t<img loading=\"lazy\" decoding=\"async\" src=\"https:\/\/sauceviejo.gob.ar\/sauceonline\/wp-content\/uploads\/2023\/04\/Castracion-abril.jpg\" width=\"1280\" height=\"1599\" alt=\"\">\n\t\t\t\t\t\t<\/a>\n\t\t\t\t\t<\/div>\n\t\t\t\t<\/div>\n\t\t\t\t\t\t\t<h2 class=\"sp-pcp-title\">\n\t\t\t\t\t\t\t\t\t<a href=\"https:\/\/sauceviejo.gob.ar\/sauceonline\/proximas-castraciones-del-mes-de-abril\/\"  target=\"_self\">PR\u00d3XIMAS CASTRACIONES DEL MES DE ABRIL<\/a>\t\t\t\t\t\t\t<\/h2>\n\t\t\t\t\t\t<div class=\"sp-pcp-post-meta\">\n\t\t\t<ul><li>\t\t\t\t\t<i class=\"fa fa-user\"><\/i>\n\t\t\t\t\t<a href=\"https:\/\/sauceviejo.gob.ar\/sauceonline\/author\/pablo-bellafronte\/\"\n\t\t\t\t\t\trel=\"author\">Pablo Bellafronte<\/a>\n\t\t\t\t\t<\/li> <li>\t\t\t\t\t<i class=\"fa fa-calendar\"><\/i>\n\t\t\t\t\t<time class=\"entry-date published updated\">01\/04\/2023<\/time>\n\t\t\t\t\t<\/li><\/ul>\t\t<\/div>\n\t\t\t\t\t<div class=\"sp-pcp-post-content\">\n\t\t\t\t\t<div class=\"sp-pcp-readmore\">\n\t\t\t\t\t\t\t<a class=\"pcp-readmore-link\" target=\"_self\" href=\"https:\/\/sauceviejo.gob.ar\/sauceonline\/proximas-castraciones-del-mes-de-abril\/\" >\n\t\t\t\t\t\tConocer m\u00e1s <\/a>\n\t\t<\/div>\n\t\t\t\t\t<\/div>\n\t\t\t\t\t\t<\/div>\n\t\t\t\t\t<\/div>\n\t\t\t\t<div class=\" swiper-slide swiper-lazy\">\n\t\t\t\t\t\t<div class=\"sp-pcp-post pcp-item-4009\" data-id=\"4009\">\n\t\t\t\t\t\t\t\t<div class=\"pcp-post-thumb-wrapper\">\n\t\t\t\t\t<div class=\"sp-pcp-post-thumb-area\">\n\t\t\t\t\t\t\t\t\t\t\t\t<a class=\"sp-pcp-thumb\" href=\"https:\/\/sauceviejo.gob.ar\/sauceonline\/evitemos-la-proliferacion-del-dengue\/\" target=\"_self\" >\n\t\t\t\t\t\t\t\t\t\t\t\t\t<img loading=\"lazy\" decoding=\"async\" src=\"https:\/\/sauceviejo.gob.ar\/sauceonline\/wp-content\/uploads\/2023\/04\/Dengue-05.jpg\" width=\"768\" height=\"960\" alt=\"\">\n\t\t\t\t\t\t<\/a>\n\t\t\t\t\t<\/div>\n\t\t\t\t<\/div>\n\t\t\t\t\t\t\t<h2 class=\"sp-pcp-title\">\n\t\t\t\t\t\t\t\t\t<a href=\"https:\/\/sauceviejo.gob.ar\/sauceonline\/evitemos-la-proliferacion-del-dengue\/\"  target=\"_self\">EVITEMOS LA PROLIFERACI\u00d3N DEL DENGUE<\/a>\t\t\t\t\t\t\t<\/h2>\n\t\t\t\t\t\t<div class=\"sp-pcp-post-meta\">\n\t\t\t<ul><li>\t\t\t\t\t<i class=\"fa fa-user\"><\/i>\n\t\t\t\t\t<a href=\"https:\/\/sauceviejo.gob.ar\/sauceonline\/author\/pablo-bellafronte\/\"\n\t\t\t\t\t\trel=\"author\">Pablo Bellafronte<\/a>\n\t\t\t\t\t<\/li> <li>\t\t\t\t\t<i class=\"fa fa-calendar\"><\/i>\n\t\t\t\t\t<time class=\"entry-date published updated\">01\/04\/2023<\/time>\n\t\t\t\t\t<\/li><\/ul>\t\t<\/div>\n\t\t\t\t\t<div class=\"sp-pcp-post-content\">\n\t\t\t\t\t<div class=\"sp-pcp-readmore\">\n\t\t\t\t\t\t\t<a class=\"pcp-readmore-link\" target=\"_self\" href=\"https:\/\/sauceviejo.gob.ar\/sauceonline\/evitemos-la-proliferacion-del-dengue\/\" >\n\t\t\t\t\t\tConocer m\u00e1s <\/a>\n\t\t<\/div>\n\t\t\t\t\t<\/div>\n\t\t\t\t\t\t<\/div>\n\t\t\t\t\t<\/div>\n\t\t\t\t<div class=\" swiper-slide swiper-lazy\">\n\t\t\t\t\t\t<div class=\"sp-pcp-post pcp-item-3832\" data-id=\"3832\">\n\t\t\t\t\t\t\t\t<div class=\"pcp-post-thumb-wrapper\">\n\t\t\t\t\t<div class=\"sp-pcp-post-thumb-area\">\n\t\t\t\t\t\t\t\t\t\t\t\t<a class=\"sp-pcp-thumb\" href=\"https:\/\/sauceviejo.gob.ar\/sauceonline\/la-muni-en-tu-barrio-3\/\" target=\"_self\" >\n\t\t\t\t\t\t\t\t\t\t\t\t\t<img loading=\"lazy\" decoding=\"async\" src=\"https:\/\/sauceviejo.gob.ar\/sauceonline\/wp-content\/uploads\/2023\/03\/La-muni-en-tu-barrio-2903.jpg\" width=\"1280\" height=\"1599\" alt=\"\">\n\t\t\t\t\t\t<\/a>\n\t\t\t\t\t<\/div>\n\t\t\t\t<\/div>\n\t\t\t\t\t\t\t<h2 class=\"sp-pcp-title\">\n\t\t\t\t\t\t\t\t\t<a href=\"https:\/\/sauceviejo.gob.ar\/sauceonline\/la-muni-en-tu-barrio-3\/\"  target=\"_self\">LA MUNI EN TU BARRIO<\/a>\t\t\t\t\t\t\t<\/h2>\n\t\t\t\t\t\t<div class=\"sp-pcp-post-meta\">\n\t\t\t<ul><li>\t\t\t\t\t<i class=\"fa fa-user\"><\/i>\n\t\t\t\t\t<a href=\"https:\/\/sauceviejo.gob.ar\/sauceonline\/author\/pablo-bellafronte\/\"\n\t\t\t\t\t\trel=\"author\">Pablo Bellafronte<\/a>\n\t\t\t\t\t<\/li> <li>\t\t\t\t\t<i class=\"fa fa-calendar\"><\/i>\n\t\t\t\t\t<time class=\"entry-date published updated\">27\/03\/2023<\/time>\n\t\t\t\t\t<\/li><\/ul>\t\t<\/div>\n\t\t\t\t\t<div class=\"sp-pcp-post-content\">\n\t\t\t\t\t<div class=\"sp-pcp-readmore\">\n\t\t\t\t\t\t\t<a class=\"pcp-readmore-link\" target=\"_self\" href=\"https:\/\/sauceviejo.gob.ar\/sauceonline\/la-muni-en-tu-barrio-3\/\" >\n\t\t\t\t\t\tConocer m\u00e1s <\/a>\n\t\t<\/div>\n\t\t\t\t\t<\/div>\n\t\t\t\t\t\t<\/div>\n\t\t\t\t\t<\/div>\n\t\t\t\t<div class=\" swiper-slide swiper-lazy\">\n\t\t\t\t\t\t<div class=\"sp-pcp-post pcp-item-3625\" data-id=\"3625\">\n\t\t\t\t\t\t\t\t<div class=\"pcp-post-thumb-wrapper\">\n\t\t\t\t\t<div class=\"sp-pcp-post-thumb-area\">\n\t\t\t\t\t\t\t\t\t\t\t\t<a class=\"sp-pcp-thumb\" href=\"https:\/\/sauceviejo.gob.ar\/sauceonline\/22-de-marzo-dia-mundial-del-agua\/\" target=\"_self\" >\n\t\t\t\t\t\t\t\t\t\t\t\t\t<img loading=\"lazy\" decoding=\"async\" src=\"https:\/\/sauceviejo.gob.ar\/sauceonline\/wp-content\/uploads\/2023\/03\/Dia-mundial-del-agua.jpg\" width=\"768\" height=\"960\" alt=\"\">\n\t\t\t\t\t\t<\/a>\n\t\t\t\t\t<\/div>\n\t\t\t\t<\/div>\n\t\t\t\t\t\t\t<h2 class=\"sp-pcp-title\">\n\t\t\t\t\t\t\t\t\t<a href=\"https:\/\/sauceviejo.gob.ar\/sauceonline\/22-de-marzo-dia-mundial-del-agua\/\"  target=\"_self\">22 de marzo: D\u00eda Mundial del Agua<\/a>\t\t\t\t\t\t\t<\/h2>\n\t\t\t\t\t\t<div class=\"sp-pcp-post-meta\">\n\t\t\t<ul><li>\t\t\t\t\t<i class=\"fa fa-user\"><\/i>\n\t\t\t\t\t<a href=\"https:\/\/sauceviejo.gob.ar\/sauceonline\/author\/pablo-bellafronte\/\"\n\t\t\t\t\t\trel=\"author\">Pablo Bellafronte<\/a>\n\t\t\t\t\t<\/li> <li>\t\t\t\t\t<i class=\"fa fa-calendar\"><\/i>\n\t\t\t\t\t<time class=\"entry-date published updated\">23\/03\/2023<\/time>\n\t\t\t\t\t<\/li><\/ul>\t\t<\/div>\n\t\t\t\t\t<div class=\"sp-pcp-post-content\">\n\t\t\t\t\t<div class=\"sp-pcp-readmore\">\n\t\t\t\t\t\t\t<a class=\"pcp-readmore-link\" target=\"_self\" href=\"https:\/\/sauceviejo.gob.ar\/sauceonline\/22-de-marzo-dia-mundial-del-agua\/\" >\n\t\t\t\t\t\tConocer m\u00e1s <\/a>\n\t\t<\/div>\n\t\t\t\t\t<\/div>\n\t\t\t\t\t\t<\/div>\n\t\t\t\t\t<\/div>\n\t\t\t\t<div class=\" swiper-slide swiper-lazy\">\n\t\t\t\t\t\t<div class=\"sp-pcp-post pcp-item-3622\" data-id=\"3622\">\n\t\t\t\t\t\t\t\t<div class=\"pcp-post-thumb-wrapper\">\n\t\t\t\t\t<div class=\"sp-pcp-post-thumb-area\">\n\t\t\t\t\t\t\t\t\t\t\t\t<a class=\"sp-pcp-thumb\" href=\"https:\/\/sauceviejo.gob.ar\/sauceonline\/debido-a-las-lluvias-se-suspende-hasta-nuevo-aviso-la-limpieza-de-la-costa\/\" target=\"_self\" >\n\t\t\t\t\t\t\t\t\t\t\t\t\t<img loading=\"lazy\" decoding=\"async\" src=\"https:\/\/sauceviejo.gob.ar\/sauceonline\/wp-content\/uploads\/2023\/03\/Reprogramado-La-basura-no-vuelve-sola.jpg\" width=\"768\" height=\"960\" alt=\"\">\n\t\t\t\t\t\t<\/a>\n\t\t\t\t\t<\/div>\n\t\t\t\t<\/div>\n\t\t\t\t\t\t\t<h2 class=\"sp-pcp-title\">\n\t\t\t\t\t\t\t\t\t<a href=\"https:\/\/sauceviejo.gob.ar\/sauceonline\/debido-a-las-lluvias-se-suspende-hasta-nuevo-aviso-la-limpieza-de-la-costa\/\"  target=\"_self\">Debido a las lluvias, se suspende hasta nuevo aviso la limpieza de la costa<\/a>\t\t\t\t\t\t\t<\/h2>\n\t\t\t\t\t\t<div class=\"sp-pcp-post-meta\">\n\t\t\t<ul><li>\t\t\t\t\t<i class=\"fa fa-user\"><\/i>\n\t\t\t\t\t<a href=\"https:\/\/sauceviejo.gob.ar\/sauceonline\/author\/pablo-bellafronte\/\"\n\t\t\t\t\t\trel=\"author\">Pablo Bellafronte<\/a>\n\t\t\t\t\t<\/li> <li>\t\t\t\t\t<i class=\"fa fa-calendar\"><\/i>\n\t\t\t\t\t<time class=\"entry-date published updated\">23\/03\/2023<\/time>\n\t\t\t\t\t<\/li><\/ul>\t\t<\/div>\n\t\t\t\t\t<div class=\"sp-pcp-post-content\">\n\t\t\t\t\t<div class=\"sp-pcp-readmore\">\n\t\t\t\t\t\t\t<a class=\"pcp-readmore-link\" target=\"_self\" href=\"https:\/\/sauceviejo.gob.ar\/sauceonline\/debido-a-las-lluvias-se-suspende-hasta-nuevo-aviso-la-limpieza-de-la-costa\/\" >\n\t\t\t\t\t\tConocer m\u00e1s <\/a>\n\t\t<\/div>\n\t\t\t\t\t<\/div>\n\t\t\t\t\t\t<\/div>\n\t\t\t\t\t<\/div>\n\t\t\t\t<div class=\" swiper-slide swiper-lazy\">\n\t\t\t\t\t\t<div class=\"sp-pcp-post pcp-item-3613\" data-id=\"3613\">\n\t\t\t\t\t\t\t\t<div class=\"pcp-post-thumb-wrapper\">\n\t\t\t\t\t<div class=\"sp-pcp-post-thumb-area\">\n\t\t\t\t\t\t\t\t\t\t\t\t<a class=\"sp-pcp-thumb\" href=\"https:\/\/sauceviejo.gob.ar\/sauceonline\/se-reprograma-la-jornada-de-castracion-en-barrio-dona-margarita\/\" target=\"_self\" >\n\t\t\t\t\t\t\t\t\t\t\t\t\t<img loading=\"lazy\" decoding=\"async\" src=\"https:\/\/sauceviejo.gob.ar\/sauceonline\/wp-content\/uploads\/2023\/03\/Reprogramado-La-muni-en-tu-barrio.jpg\" width=\"1280\" height=\"1599\" alt=\"\">\n\t\t\t\t\t\t<\/a>\n\t\t\t\t\t<\/div>\n\t\t\t\t<\/div>\n\t\t\t\t\t\t\t<h2 class=\"sp-pcp-title\">\n\t\t\t\t\t\t\t\t\t<a href=\"https:\/\/sauceviejo.gob.ar\/sauceonline\/se-reprograma-la-jornada-de-castracion-en-barrio-dona-margarita\/\"  target=\"_self\">Se reprograma la jornada de castraci\u00f3n en Barrio Do\u00f1a Margarita<\/a>\t\t\t\t\t\t\t<\/h2>\n\t\t\t\t\t\t<div class=\"sp-pcp-post-meta\">\n\t\t\t<ul><li>\t\t\t\t\t<i class=\"fa fa-user\"><\/i>\n\t\t\t\t\t<a href=\"https:\/\/sauceviejo.gob.ar\/sauceonline\/author\/pablo-bellafronte\/\"\n\t\t\t\t\t\trel=\"author\">Pablo Bellafronte<\/a>\n\t\t\t\t\t<\/li> <li>\t\t\t\t\t<i class=\"fa fa-calendar\"><\/i>\n\t\t\t\t\t<time class=\"entry-date published updated\">23\/03\/2023<\/time>\n\t\t\t\t\t<\/li><\/ul>\t\t<\/div>\n\t\t\t\t\t<div class=\"sp-pcp-post-content\">\n\t\t\t\t\t<div class=\"sp-pcp-readmore\">\n\t\t\t\t\t\t\t<a class=\"pcp-readmore-link\" target=\"_self\" href=\"https:\/\/sauceviejo.gob.ar\/sauceonline\/se-reprograma-la-jornada-de-castracion-en-barrio-dona-margarita\/\" >\n\t\t\t\t\t\tConocer m\u00e1s <\/a>\n\t\t<\/div>\n\t\t\t\t\t<\/div>\n\t\t\t\t\t\t<\/div>\n\t\t\t\t\t<\/div>\n\t\t\t\t<div class=\" swiper-slide swiper-lazy\">\n\t\t\t\t\t\t<div class=\"sp-pcp-post pcp-item-3382\" data-id=\"3382\">\n\t\t\t\t\t\t\t\t<div class=\"pcp-post-thumb-wrapper\">\n\t\t\t\t\t<div class=\"sp-pcp-post-thumb-area\">\n\t\t\t\t\t\t\t\t\t\t\t\t<a class=\"sp-pcp-thumb\" href=\"https:\/\/sauceviejo.gob.ar\/sauceonline\/se-realizo-el-dispositivo-la-muni-en-tu-barrio\/\" target=\"_self\" >\n\t\t\t\t\t\t\t\t\t\t\t\t\t<img loading=\"lazy\" decoding=\"async\" src=\"https:\/\/sauceviejo.gob.ar\/sauceonline\/wp-content\/uploads\/2023\/03\/La-muni-05.jpg\" width=\"960\" height=\"723\" alt=\"\">\n\t\t\t\t\t\t<\/a>\n\t\t\t\t\t<\/div>\n\t\t\t\t<\/div>\n\t\t\t\t\t\t\t<h2 class=\"sp-pcp-title\">\n\t\t\t\t\t\t\t\t\t<a href=\"https:\/\/sauceviejo.gob.ar\/sauceonline\/se-realizo-el-dispositivo-la-muni-en-tu-barrio\/\"  target=\"_self\">SE REALIZ\u00d3 EL DISPOSITIVO LA MUNI EN TU BARRIO<\/a>\t\t\t\t\t\t\t<\/h2>\n\t\t\t\t\t\t<div class=\"sp-pcp-post-meta\">\n\t\t\t<ul><li>\t\t\t\t\t<i class=\"fa fa-user\"><\/i>\n\t\t\t\t\t<a href=\"https:\/\/sauceviejo.gob.ar\/sauceonline\/author\/pablo-bellafronte\/\"\n\t\t\t\t\t\trel=\"author\">Pablo Bellafronte<\/a>\n\t\t\t\t\t<\/li> <li>\t\t\t\t\t<i class=\"fa fa-calendar\"><\/i>\n\t\t\t\t\t<time class=\"entry-date published updated\">20\/03\/2023<\/time>\n\t\t\t\t\t<\/li><\/ul>\t\t<\/div>\n\t\t\t\t\t<div class=\"sp-pcp-post-content\">\n\t\t\t\t\t<div class=\"sp-pcp-readmore\">\n\t\t\t\t\t\t\t<a class=\"pcp-readmore-link\" target=\"_self\" href=\"https:\/\/sauceviejo.gob.ar\/sauceonline\/se-realizo-el-dispositivo-la-muni-en-tu-barrio\/\" >\n\t\t\t\t\t\tConocer m\u00e1s <\/a>\n\t\t<\/div>\n\t\t\t\t\t<\/div>\n\t\t\t\t\t\t<\/div>\n\t\t\t\t\t<\/div>\n\t\t\t\t<div class=\" swiper-slide swiper-lazy\">\n\t\t\t\t\t\t<div class=\"sp-pcp-post pcp-item-3163\" data-id=\"3163\">\n\t\t\t\t\t\t\t\t<div class=\"pcp-post-thumb-wrapper\">\n\t\t\t\t\t<div class=\"sp-pcp-post-thumb-area\">\n\t\t\t\t\t\t\t\t\t\t\t\t<a class=\"sp-pcp-thumb\" href=\"https:\/\/sauceviejo.gob.ar\/sauceonline\/las-areas-de-salud-ambiente-y-zoonosis-y-desarrollo-social-municipal-realizan-operativo-de-bloqueo-por-caso-de-dengue-no-autoctono-en-nuestra-ciudad\/\" target=\"_self\" >\n\t\t\t\t\t\t\t\t\t\t\t\t\t<img loading=\"lazy\" decoding=\"async\" src=\"https:\/\/sauceviejo.gob.ar\/sauceonline\/wp-content\/uploads\/2023\/03\/dengue-04.jpg\" width=\"1440\" height=\"1083\" alt=\"\">\n\t\t\t\t\t\t<\/a>\n\t\t\t\t\t<\/div>\n\t\t\t\t<\/div>\n\t\t\t\t\t\t\t<h2 class=\"sp-pcp-title\">\n\t\t\t\t\t\t\t\t\t<a href=\"https:\/\/sauceviejo.gob.ar\/sauceonline\/las-areas-de-salud-ambiente-y-zoonosis-y-desarrollo-social-municipal-realizan-operativo-de-bloqueo-por-caso-de-dengue-no-autoctono-en-nuestra-ciudad\/\"  target=\"_self\">LAS \u00c1REAS DE SALUD, AMBIENTE Y ZOONOSIS, Y DESARROLLO SOCIAL MUNICIPAL REALIZAN OPERATIVO DE BLOQUEO POR CASO DE DENGUE NO AUT\u00d3CTONO EN NUESTRA CIUDAD<\/a>\t\t\t\t\t\t\t<\/h2>\n\t\t\t\t\t\t<div class=\"sp-pcp-post-meta\">\n\t\t\t<ul><li>\t\t\t\t\t<i class=\"fa fa-user\"><\/i>\n\t\t\t\t\t<a href=\"https:\/\/sauceviejo.gob.ar\/sauceonline\/author\/pablo-bellafronte\/\"\n\t\t\t\t\t\trel=\"author\">Pablo Bellafronte<\/a>\n\t\t\t\t\t<\/li> <li>\t\t\t\t\t<i class=\"fa fa-calendar\"><\/i>\n\t\t\t\t\t<time class=\"entry-date published updated\">17\/03\/2023<\/time>\n\t\t\t\t\t<\/li><\/ul>\t\t<\/div>\n\t\t\t\t\t<div class=\"sp-pcp-post-content\">\n\t\t\t\t\t<div class=\"sp-pcp-readmore\">\n\t\t\t\t\t\t\t<a class=\"pcp-readmore-link\" target=\"_self\" href=\"https:\/\/sauceviejo.gob.ar\/sauceonline\/las-areas-de-salud-ambiente-y-zoonosis-y-desarrollo-social-municipal-realizan-operativo-de-bloqueo-por-caso-de-dengue-no-autoctono-en-nuestra-ciudad\/\" >\n\t\t\t\t\t\tConocer m\u00e1s <\/a>\n\t\t<\/div>\n\t\t\t\t\t<\/div>\n\t\t\t\t\t\t<\/div>\n\t\t\t\t\t<\/div>\n\t\t\t\t<div class=\" swiper-slide swiper-lazy\">\n\t\t\t\t\t\t<div class=\"sp-pcp-post pcp-item-2503\" data-id=\"2503\">\n\t\t\t\t\t\t\t\t<div class=\"pcp-post-thumb-wrapper\">\n\t\t\t\t\t<div class=\"sp-pcp-post-thumb-area\">\n\t\t\t\t\t\t\t\t\t\t\t\t<a class=\"sp-pcp-thumb\" href=\"https:\/\/sauceviejo.gob.ar\/sauceonline\/la-muni-en-tu-barrio\/\" target=\"_self\" >\n\t\t\t\t\t\t\t\t\t\t\t\t\t<img loading=\"lazy\" decoding=\"async\" src=\"https:\/\/sauceviejo.gob.ar\/sauceonline\/wp-content\/uploads\/2023\/03\/La-muni-en-tu-barrio-1503.jpg\" width=\"1280\" height=\"1599\" alt=\"\">\n\t\t\t\t\t\t<\/a>\n\t\t\t\t\t<\/div>\n\t\t\t\t<\/div>\n\t\t\t\t\t\t\t<h2 class=\"sp-pcp-title\">\n\t\t\t\t\t\t\t\t\t<a href=\"https:\/\/sauceviejo.gob.ar\/sauceonline\/la-muni-en-tu-barrio\/\"  target=\"_self\">LA MUNI EN TU BARRIO + JORNADA DE CASTRACI\u00d3N<\/a>\t\t\t\t\t\t\t<\/h2>\n\t\t\t\t\t\t<div class=\"sp-pcp-post-meta\">\n\t\t\t<ul><li>\t\t\t\t\t<i class=\"fa fa-user\"><\/i>\n\t\t\t\t\t<a href=\"https:\/\/sauceviejo.gob.ar\/sauceonline\/author\/vu000925\/\"\n\t\t\t\t\t\trel=\"author\">Pablo Bellafronte<\/a>\n\t\t\t\t\t<\/li> <li>\t\t\t\t\t<i class=\"fa fa-calendar\"><\/i>\n\t\t\t\t\t<time class=\"entry-date published updated\">10\/03\/2023<\/time>\n\t\t\t\t\t<\/li><\/ul>\t\t<\/div>\n\t\t\t\t\t<div class=\"sp-pcp-post-content\">\n\t\t\t\t\t<div class=\"sp-pcp-readmore\">\n\t\t\t\t\t\t\t<a class=\"pcp-readmore-link\" target=\"_self\" href=\"https:\/\/sauceviejo.gob.ar\/sauceonline\/la-muni-en-tu-barrio\/\" >\n\t\t\t\t\t\tConocer m\u00e1s <\/a>\n\t\t<\/div>\n\t\t\t\t\t<\/div>\n\t\t\t\t\t\t<\/div>\n\t\t\t\t\t<\/div>\n\t\t\t\t<div class=\" swiper-slide swiper-lazy\">\n\t\t\t\t\t\t<div class=\"sp-pcp-post pcp-item-2468\" data-id=\"2468\">\n\t\t\t\t\t\t\t\t<div class=\"pcp-post-thumb-wrapper\">\n\t\t\t\t\t<div class=\"sp-pcp-post-thumb-area\">\n\t\t\t\t\t\t\t\t\t\t\t\t<a class=\"sp-pcp-thumb\" href=\"https:\/\/sauceviejo.gob.ar\/sauceonline\/proximas-castraciones-del-mes-de-marzo-2\/\" target=\"_self\" >\n\t\t\t\t\t\t\t\t\t\t\t\t\t<img loading=\"lazy\" decoding=\"async\" src=\"https:\/\/sauceviejo.gob.ar\/sauceonline\/wp-content\/uploads\/2023\/03\/Castraciones.jpg\" width=\"1280\" height=\"1599\" alt=\"\">\n\t\t\t\t\t\t<\/a>\n\t\t\t\t\t<\/div>\n\t\t\t\t<\/div>\n\t\t\t\t\t\t\t<h2 class=\"sp-pcp-title\">\n\t\t\t\t\t\t\t\t\t<a href=\"https:\/\/sauceviejo.gob.ar\/sauceonline\/proximas-castraciones-del-mes-de-marzo-2\/\"  target=\"_self\">PR\u00d3XIMAS CASTRACIONES DEL MES DE MARZO<\/a>\t\t\t\t\t\t\t<\/h2>\n\t\t\t\t\t\t<div class=\"sp-pcp-post-meta\">\n\t\t\t<ul><li>\t\t\t\t\t<i class=\"fa fa-user\"><\/i>\n\t\t\t\t\t<a href=\"https:\/\/sauceviejo.gob.ar\/sauceonline\/author\/vu000925\/\"\n\t\t\t\t\t\trel=\"author\">Pablo Bellafronte<\/a>\n\t\t\t\t\t<\/li> <li>\t\t\t\t\t<i class=\"fa fa-calendar\"><\/i>\n\t\t\t\t\t<time class=\"entry-date published updated\">09\/03\/2023<\/time>\n\t\t\t\t\t<\/li><\/ul>\t\t<\/div>\n\t\t\t\t\t<div class=\"sp-pcp-post-content\">\n\t\t\t\t\t<div class=\"sp-pcp-readmore\">\n\t\t\t\t\t\t\t<a class=\"pcp-readmore-link\" target=\"_self\" href=\"https:\/\/sauceviejo.gob.ar\/sauceonline\/proximas-castraciones-del-mes-de-marzo-2\/\" >\n\t\t\t\t\t\tConocer m\u00e1s <\/a>\n\t\t<\/div>\n\t\t\t\t\t<\/div>\n\t\t\t\t\t\t<\/div>\n\t\t\t\t\t<\/div>\n\t\t\t\t<div class=\" swiper-slide swiper-lazy\">\n\t\t\t\t\t\t<div class=\"sp-pcp-post pcp-item-2374\" data-id=\"2374\">\n\t\t\t\t\t\t\t\t<div class=\"pcp-post-thumb-wrapper\">\n\t\t\t\t\t<div class=\"sp-pcp-post-thumb-area\">\n\t\t\t\t\t\t\t\t\t\t\t\t<a class=\"sp-pcp-thumb\" href=\"https:\/\/sauceviejo.gob.ar\/sauceonline\/entrega-de-semillas-del-programa-huerta-familiar-santafesina-otono-invierno-2023\/\" target=\"_self\" >\n\t\t\t\t\t\t\t\t\t\t\t\t\t<img loading=\"lazy\" decoding=\"async\" src=\"https:\/\/sauceviejo.gob.ar\/sauceonline\/wp-content\/uploads\/2023\/03\/Entrega-de-semillas.jpg\" width=\"1280\" height=\"1600\" alt=\"\">\n\t\t\t\t\t\t<\/a>\n\t\t\t\t\t<\/div>\n\t\t\t\t<\/div>\n\t\t\t\t\t\t\t<h2 class=\"sp-pcp-title\">\n\t\t\t\t\t\t\t\t\t<a href=\"https:\/\/sauceviejo.gob.ar\/sauceonline\/entrega-de-semillas-del-programa-huerta-familiar-santafesina-otono-invierno-2023\/\"  target=\"_self\">ENTREGA DE SEMILLAS OTO\u00d1O-INVIERNO 2023<\/a>\t\t\t\t\t\t\t<\/h2>\n\t\t\t\t\t\t<div class=\"sp-pcp-post-meta\">\n\t\t\t<ul><li>\t\t\t\t\t<i class=\"fa fa-user\"><\/i>\n\t\t\t\t\t<a href=\"https:\/\/sauceviejo.gob.ar\/sauceonline\/author\/vu000925\/\"\n\t\t\t\t\t\trel=\"author\">Pablo Bellafronte<\/a>\n\t\t\t\t\t<\/li> <li>\t\t\t\t\t<i class=\"fa fa-calendar\"><\/i>\n\t\t\t\t\t<time class=\"entry-date published updated\">09\/03\/2023<\/time>\n\t\t\t\t\t<\/li><\/ul>\t\t<\/div>\n\t\t\t\t\t<div class=\"sp-pcp-post-content\">\n\t\t\t\t\t<div class=\"sp-pcp-readmore\">\n\t\t\t\t\t\t\t<a class=\"pcp-readmore-link\" target=\"_self\" href=\"https:\/\/sauceviejo.gob.ar\/sauceonline\/entrega-de-semillas-del-programa-huerta-familiar-santafesina-otono-invierno-2023\/\" >\n\t\t\t\t\t\tConocer m\u00e1s <\/a>\n\t\t<\/div>\n\t\t\t\t\t<\/div>\n\t\t\t\t\t\t<\/div>\n\t\t\t\t\t<\/div>\n\t\t\t\t<div class=\" swiper-slide swiper-lazy\">\n\t\t\t\t\t\t<div class=\"sp-pcp-post pcp-item-2364\" data-id=\"2364\">\n\t\t\t\t\t\t\t\t<div class=\"pcp-post-thumb-wrapper\">\n\t\t\t\t\t<div class=\"sp-pcp-post-thumb-area\">\n\t\t\t\t\t\t\t\t\t\t\t\t<a class=\"sp-pcp-thumb\" href=\"https:\/\/sauceviejo.gob.ar\/sauceonline\/proximas-castraciones-del-mes-de-marzo\/\" target=\"_self\" >\n\t\t\t\t\t\t\t\t\t\t\t\t\t<img loading=\"lazy\" decoding=\"async\" src=\"https:\/\/sauceviejo.gob.ar\/sauceonline\/wp-content\/uploads\/2023\/03\/Castraciones-Marzo-2023.jpg\" width=\"1280\" height=\"1600\" alt=\"\">\n\t\t\t\t\t\t<\/a>\n\t\t\t\t\t<\/div>\n\t\t\t\t<\/div>\n\t\t\t\t\t\t\t<h2 class=\"sp-pcp-title\">\n\t\t\t\t\t\t\t\t\t<a href=\"https:\/\/sauceviejo.gob.ar\/sauceonline\/proximas-castraciones-del-mes-de-marzo\/\"  target=\"_self\">PR\u00d3XIMAS CASTRACIONES DEL MES DE MARZO<\/a>\t\t\t\t\t\t\t<\/h2>\n\t\t\t\t\t\t<div class=\"sp-pcp-post-meta\">\n\t\t\t<ul><li>\t\t\t\t\t<i class=\"fa fa-user\"><\/i>\n\t\t\t\t\t<a href=\"https:\/\/sauceviejo.gob.ar\/sauceonline\/author\/vu000925\/\"\n\t\t\t\t\t\trel=\"author\">Pablo Bellafronte<\/a>\n\t\t\t\t\t<\/li> <li>\t\t\t\t\t<i class=\"fa fa-calendar\"><\/i>\n\t\t\t\t\t<time class=\"entry-date published updated\">09\/03\/2023<\/time>\n\t\t\t\t\t<\/li><\/ul>\t\t<\/div>\n\t\t\t\t\t<div class=\"sp-pcp-post-content\">\n\t\t\t\t\t<div class=\"sp-pcp-readmore\">\n\t\t\t\t\t\t\t<a class=\"pcp-readmore-link\" target=\"_self\" href=\"https:\/\/sauceviejo.gob.ar\/sauceonline\/proximas-castraciones-del-mes-de-marzo\/\" >\n\t\t\t\t\t\tConocer m\u00e1s <\/a>\n\t\t<\/div>\n\t\t\t\t\t<\/div>\n\t\t\t\t\t\t<\/div>\n\t\t\t\t\t<\/div>\n\t\t\t\t<div class=\" swiper-slide swiper-lazy\">\n\t\t\t\t\t\t<div class=\"sp-pcp-post pcp-item-1420\" data-id=\"1420\">\n\t\t\t\t\t\t\t\t<div class=\"pcp-post-thumb-wrapper\">\n\t\t\t\t\t<div class=\"sp-pcp-post-thumb-area\">\n\t\t\t\t\t\t\t\t\t\t\t\t<a class=\"sp-pcp-thumb\" href=\"https:\/\/sauceviejo.gob.ar\/sauceonline\/campana-de-castraciones-recorriendo-los-barrios\/\" target=\"_self\" >\n\t\t\t\t\t\t\t\t\t\t\t\t\t<img loading=\"lazy\" decoding=\"async\" src=\"https:\/\/sauceviejo.gob.ar\/sauceonline\/wp-content\/uploads\/2023\/03\/campania-castraciones-barrios.jpg\" width=\"770\" height=\"499\" alt=\"\">\n\t\t\t\t\t\t<\/a>\n\t\t\t\t\t<\/div>\n\t\t\t\t<\/div>\n\t\t\t\t\t\t\t<h2 class=\"sp-pcp-title\">\n\t\t\t\t\t\t\t\t\t<a href=\"https:\/\/sauceviejo.gob.ar\/sauceonline\/campana-de-castraciones-recorriendo-los-barrios\/\"  target=\"_self\">Campa\u00f1a de castraciones recorriendo los barrios<\/a>\t\t\t\t\t\t\t<\/h2>\n\t\t\t\t\t\t<div class=\"sp-pcp-post-meta\">\n\t\t\t<ul><li>\t\t\t\t\t<i class=\"fa fa-user\"><\/i>\n\t\t\t\t\t<a href=\"https:\/\/sauceviejo.gob.ar\/sauceonline\/author\/vu000925\/\"\n\t\t\t\t\t\trel=\"author\">Pablo Bellafronte<\/a>\n\t\t\t\t\t<\/li> <li>\t\t\t\t\t<i class=\"fa fa-calendar\"><\/i>\n\t\t\t\t\t<time class=\"entry-date published updated\">01\/03\/2023<\/time>\n\t\t\t\t\t<\/li><\/ul>\t\t<\/div>\n\t\t\t\t\t<div class=\"sp-pcp-post-content\">\n\t\t\t\t\t<div class=\"sp-pcp-readmore\">\n\t\t\t\t\t\t\t<a class=\"pcp-readmore-link\" target=\"_self\" href=\"https:\/\/sauceviejo.gob.ar\/sauceonline\/campana-de-castraciones-recorriendo-los-barrios\/\" >\n\t\t\t\t\t\tConocer m\u00e1s <\/a>\n\t\t<\/div>\n\t\t\t\t\t<\/div>\n\t\t\t\t\t\t<\/div>\n\t\t\t\t\t<\/div>\n\t\t\t\t<div class=\" swiper-slide swiper-lazy\">\n\t\t\t\t\t\t<div class=\"sp-pcp-post pcp-item-5710\" data-id=\"5710\">\n\t\t\t\t\t\t\t\t<div class=\"pcp-post-thumb-wrapper\">\n\t\t\t\t\t<div class=\"sp-pcp-post-thumb-area\">\n\t\t\t\t\t\t\t\t\t\t\t\t<a class=\"sp-pcp-thumb\" href=\"https:\/\/sauceviejo.gob.ar\/sauceonline\/con-gran-concurrencia-de-vecinos-y-vecinas-paso-una-jornada-mas-del-taller-de-compostaje\/\" target=\"_self\" >\n\t\t\t\t\t\t\t\t\t\t\t\t\t<img loading=\"lazy\" decoding=\"async\" src=\"https:\/\/sauceviejo.gob.ar\/sauceonline\/wp-content\/uploads\/2023\/05\/Compostaje-03.jpg\" width=\"1201\" height=\"901\" alt=\"\">\n\t\t\t\t\t\t<\/a>\n\t\t\t\t\t<\/div>\n\t\t\t\t<\/div>\n\t\t\t\t\t\t\t<h2 class=\"sp-pcp-title\">\n\t\t\t\t\t\t\t\t\t<a href=\"https:\/\/sauceviejo.gob.ar\/sauceonline\/con-gran-concurrencia-de-vecinos-y-vecinas-paso-una-jornada-mas-del-taller-de-compostaje\/\"  target=\"_self\">Tallere de compostaje: Gran concurrencia de vecinas y vecinos<\/a>\t\t\t\t\t\t\t<\/h2>\n\t\t\t\t\t\t<div class=\"sp-pcp-post-meta\">\n\t\t\t<ul><li>\t\t\t\t\t<i class=\"fa fa-user\"><\/i>\n\t\t\t\t\t<a href=\"https:\/\/sauceviejo.gob.ar\/sauceonline\/author\/vu000925\/\"\n\t\t\t\t\t\trel=\"author\">Pablo Bellafronte<\/a>\n\t\t\t\t\t<\/li> <li>\t\t\t\t\t<i class=\"fa fa-calendar\"><\/i>\n\t\t\t\t\t<time class=\"entry-date published updated\">12\/02\/2023<\/time>\n\t\t\t\t\t<\/li><\/ul>\t\t<\/div>\n\t\t\t\t\t<div class=\"sp-pcp-post-content\">\n\t\t\t\t\t<div class=\"sp-pcp-readmore\">\n\t\t\t\t\t\t\t<a class=\"pcp-readmore-link\" target=\"_self\" href=\"https:\/\/sauceviejo.gob.ar\/sauceonline\/con-gran-concurrencia-de-vecinos-y-vecinas-paso-una-jornada-mas-del-taller-de-compostaje\/\" >\n\t\t\t\t\t\tConocer m\u00e1s <\/a>\n\t\t<\/div>\n\t\t\t\t\t<\/div>\n\t\t\t\t\t\t<\/div>\n\t\t\t\t\t<\/div>\n\t\t\t\t\t<\/div>\n\t\t\t\t\t\t<div class=\"pcp-pagination swiper-pagination dots\"><\/div>\n\t\t\t\t\t\t\t\t\t\t<div class=\"pcp-button-next swiper-button-next top_right\"><i class=\"fa fa-angle-right\"><\/i><\/div>\n\t\t\t\t<div class=\"pcp-button-prev swiper-button-prev top_right\"><i class=\"fa fa-angle-left\"><\/i><\/div>\t<\/div>\n<\/div>\n<\/div>\n\n\n<div class=\"wp-block-buttons is-layout-flex wp-block-buttons-is-layout-flex\">\n<div class=\"wp-block-button aligncenter\"><a class=\"wp-block-button__link has-ast-global-color-6-color has-ast-global-color-0-background-color has-text-color has-background wp-element-button\" href=\"#inicio\">Volver<\/a><\/div>\n<\/div>\n\n\n\n<div style=\"height:67px\" aria-hidden=\"true\" class=\"wp-block-spacer\"><\/div>\n","protected":false},"excerpt":{"rendered":"<p>Ambiente y Zoonosis Desde el comienzo de la gesti\u00f3n se vacunaron contra la rabia a 5168 animales incluyendo en este mes vacunas antirrabicas en una jornada especial en veterinarias particulares. Fueron 3603 animales esterilizados enfatizando la importancia de dicha pr\u00e1ctica 23 jornadas de Atenci\u00f3n Veterinaria Basica d\u00e1ndole atenci\u00f3n primaria a 786 animales Trabajando en coordinaci\u00f3n&#8230;<\/p>\n","protected":false},"author":2,"featured_media":10720,"parent":0,"menu_order":0,"comment_status":"closed","ping_status":"closed","template":"","meta":{"_uag_custom_page_level_css":"","_kad_post_transparent":"","_kad_post_title":"","_kad_post_layout":"","_kad_post_sidebar_id":"","_kad_post_content_style":"","_kad_post_vertical_padding":"","_kad_post_feature":"","_kad_post_feature_position":"","_kad_post_header":false,"_kad_post_footer":false,"_kad_post_classname":"","footnotes":""},"class_list":["post-1489","page","type-page","status-publish","has-post-thumbnail","hentry"],"yoast_head":"<!-- This site is optimized with the Yoast SEO plugin v25.2 - https:\/\/yoast.com\/wordpress\/plugins\/seo\/ -->\n<title>Ambiente y Zoonosis - Municipalidad de Sauce Viejo<\/title>\n<meta name=\"robots\" content=\"index, follow, max-snippet:-1, max-image-preview:large, max-video-preview:-1\" \/>\n<link rel=\"canonical\" href=\"https:\/\/sauceviejo.gob.ar\/sauceonline\/medio-ambiente-y-zoonosis\/\" \/>\n<meta property=\"og:locale\" content=\"es_ES\" \/>\n<meta property=\"og:type\" content=\"article\" \/>\n<meta property=\"og:title\" content=\"Ambiente y Zoonosis - Municipalidad de Sauce Viejo\" \/>\n<meta property=\"og:description\" content=\"Ambiente y Zoonosis Desde el comienzo de la gesti\u00f3n se vacunaron contra la rabia a 5168 animales incluyendo en este mes vacunas antirrabicas en una jornada especial en veterinarias particulares. Fueron 3603 animales esterilizados enfatizando la importancia de dicha pr\u00e1ctica 23 jornadas de Atenci\u00f3n Veterinaria Basica d\u00e1ndole atenci\u00f3n primaria a 786 animales Trabajando en coordinaci\u00f3n...\" \/>\n<meta property=\"og:url\" content=\"https:\/\/sauceviejo.gob.ar\/sauceonline\/medio-ambiente-y-zoonosis\/\" \/>\n<meta property=\"og:site_name\" content=\"Municipalidad de Sauce Viejo\" \/>\n<meta property=\"article:publisher\" content=\"https:\/\/www.facebook.com\/MunicipalidadDeSauceViejo\" \/>\n<meta property=\"article:modified_time\" content=\"2025-04-30T08:35:44+00:00\" \/>\n<meta property=\"og:image\" content=\"https:\/\/sauceviejo.gob.ar\/sauceonline\/wp-content\/uploads\/2025\/04\/pexels-photo-1108099-1108099-scaled.jpg\" \/>\n\t<meta property=\"og:image:width\" content=\"2560\" \/>\n\t<meta property=\"og:image:height\" content=\"1920\" \/>\n\t<meta property=\"og:image:type\" content=\"image\/jpeg\" \/>\n<meta name=\"twitter:card\" content=\"summary_large_image\" \/>\n<meta name=\"twitter:site\" content=\"@sauceviejomuni\" \/>\n<meta name=\"twitter:label1\" content=\"Tiempo de lectura\" \/>\n\t<meta name=\"twitter:data1\" content=\"6 minutos\" \/>\n<script type=\"application\/ld+json\" class=\"yoast-schema-graph\">{\"@context\":\"https:\/\/schema.org\",\"@graph\":[{\"@type\":\"WebPage\",\"@id\":\"https:\/\/sauceviejo.gob.ar\/sauceonline\/medio-ambiente-y-zoonosis\/\",\"url\":\"https:\/\/sauceviejo.gob.ar\/sauceonline\/medio-ambiente-y-zoonosis\/\",\"name\":\"Ambiente y Zoonosis - Municipalidad de Sauce Viejo\",\"isPartOf\":{\"@id\":\"https:\/\/sauceviejo.gob.ar\/sauceonline\/#website\"},\"primaryImageOfPage\":{\"@id\":\"https:\/\/sauceviejo.gob.ar\/sauceonline\/medio-ambiente-y-zoonosis\/#primaryimage\"},\"image\":{\"@id\":\"https:\/\/sauceviejo.gob.ar\/sauceonline\/medio-ambiente-y-zoonosis\/#primaryimage\"},\"thumbnailUrl\":\"https:\/\/sauceviejo.gob.ar\/sauceonline\/wp-content\/uploads\/2025\/04\/pexels-photo-1108099-1108099-scaled.jpg\",\"datePublished\":\"2023-03-01T18:53:56+00:00\",\"dateModified\":\"2025-04-30T08:35:44+00:00\",\"breadcrumb\":{\"@id\":\"https:\/\/sauceviejo.gob.ar\/sauceonline\/medio-ambiente-y-zoonosis\/#breadcrumb\"},\"inLanguage\":\"es\",\"potentialAction\":[{\"@type\":\"ReadAction\",\"target\":[\"https:\/\/sauceviejo.gob.ar\/sauceonline\/medio-ambiente-y-zoonosis\/\"]}]},{\"@type\":\"ImageObject\",\"inLanguage\":\"es\",\"@id\":\"https:\/\/sauceviejo.gob.ar\/sauceonline\/medio-ambiente-y-zoonosis\/#primaryimage\",\"url\":\"https:\/\/sauceviejo.gob.ar\/sauceonline\/wp-content\/uploads\/2025\/04\/pexels-photo-1108099-1108099-scaled.jpg\",\"contentUrl\":\"https:\/\/sauceviejo.gob.ar\/sauceonline\/wp-content\/uploads\/2025\/04\/pexels-photo-1108099-1108099-scaled.jpg\",\"width\":2560,\"height\":1920,\"caption\":\"Adorable golden retriever puppies sitting in a field of flowers, enjoying a sunny day.\"},{\"@type\":\"BreadcrumbList\",\"@id\":\"https:\/\/sauceviejo.gob.ar\/sauceonline\/medio-ambiente-y-zoonosis\/#breadcrumb\",\"itemListElement\":[{\"@type\":\"ListItem\",\"position\":1,\"name\":\"Portada\",\"item\":\"https:\/\/sauceviejo.gob.ar\/sauceonline\/\"},{\"@type\":\"ListItem\",\"position\":2,\"name\":\"Ambiente y Zoonosis\"}]},{\"@type\":\"WebSite\",\"@id\":\"https:\/\/sauceviejo.gob.ar\/sauceonline\/#website\",\"url\":\"https:\/\/sauceviejo.gob.ar\/sauceonline\/\",\"name\":\"Municipalidad de Sauce Viejo\",\"description\":\"\",\"publisher\":{\"@id\":\"https:\/\/sauceviejo.gob.ar\/sauceonline\/#organization\"},\"potentialAction\":[{\"@type\":\"SearchAction\",\"target\":{\"@type\":\"EntryPoint\",\"urlTemplate\":\"https:\/\/sauceviejo.gob.ar\/sauceonline\/?s={search_term_string}\"},\"query-input\":{\"@type\":\"PropertyValueSpecification\",\"valueRequired\":true,\"valueName\":\"search_term_string\"}}],\"inLanguage\":\"es\"},{\"@type\":\"Organization\",\"@id\":\"https:\/\/sauceviejo.gob.ar\/sauceonline\/#organization\",\"name\":\"Municipalidad de Sauce Viejo\",\"url\":\"https:\/\/sauceviejo.gob.ar\/sauceonline\/\",\"logo\":{\"@type\":\"ImageObject\",\"inLanguage\":\"es\",\"@id\":\"https:\/\/sauceviejo.gob.ar\/sauceonline\/#\/schema\/logo\/image\/\",\"url\":\"https:\/\/sauceviejo.gob.ar\/sauceonline\/wp-content\/uploads\/2024\/11\/Logo.png\",\"contentUrl\":\"https:\/\/sauceviejo.gob.ar\/sauceonline\/wp-content\/uploads\/2024\/11\/Logo.png\",\"width\":225,\"height\":225,\"caption\":\"Municipalidad de Sauce Viejo\"},\"image\":{\"@id\":\"https:\/\/sauceviejo.gob.ar\/sauceonline\/#\/schema\/logo\/image\/\"},\"sameAs\":[\"https:\/\/www.facebook.com\/MunicipalidadDeSauceViejo\",\"https:\/\/x.com\/sauceviejomuni\"]}]}<\/script>\n<!-- \/ Yoast SEO plugin. -->","yoast_head_json":{"title":"Ambiente y Zoonosis - Municipalidad de Sauce Viejo","robots":{"index":"index","follow":"follow","max-snippet":"max-snippet:-1","max-image-preview":"max-image-preview:large","max-video-preview":"max-video-preview:-1"},"canonical":"https:\/\/sauceviejo.gob.ar\/sauceonline\/medio-ambiente-y-zoonosis\/","og_locale":"es_ES","og_type":"article","og_title":"Ambiente y Zoonosis - Municipalidad de Sauce Viejo","og_description":"Ambiente y Zoonosis Desde el comienzo de la gesti\u00f3n se vacunaron contra la rabia a 5168 animales incluyendo en este mes vacunas antirrabicas en una jornada especial en veterinarias particulares. Fueron 3603 animales esterilizados enfatizando la importancia de dicha pr\u00e1ctica 23 jornadas de Atenci\u00f3n Veterinaria Basica d\u00e1ndole atenci\u00f3n primaria a 786 animales Trabajando en coordinaci\u00f3n...","og_url":"https:\/\/sauceviejo.gob.ar\/sauceonline\/medio-ambiente-y-zoonosis\/","og_site_name":"Municipalidad de Sauce Viejo","article_publisher":"https:\/\/www.facebook.com\/MunicipalidadDeSauceViejo","article_modified_time":"2025-04-30T08:35:44+00:00","og_image":[{"width":2560,"height":1920,"url":"https:\/\/sauceviejo.gob.ar\/sauceonline\/wp-content\/uploads\/2025\/04\/pexels-photo-1108099-1108099-scaled.jpg","type":"image\/jpeg"}],"twitter_card":"summary_large_image","twitter_site":"@sauceviejomuni","twitter_misc":{"Tiempo de lectura":"6 minutos"},"schema":{"@context":"https:\/\/schema.org","@graph":[{"@type":"WebPage","@id":"https:\/\/sauceviejo.gob.ar\/sauceonline\/medio-ambiente-y-zoonosis\/","url":"https:\/\/sauceviejo.gob.ar\/sauceonline\/medio-ambiente-y-zoonosis\/","name":"Ambiente y Zoonosis - Municipalidad de Sauce Viejo","isPartOf":{"@id":"https:\/\/sauceviejo.gob.ar\/sauceonline\/#website"},"primaryImageOfPage":{"@id":"https:\/\/sauceviejo.gob.ar\/sauceonline\/medio-ambiente-y-zoonosis\/#primaryimage"},"image":{"@id":"https:\/\/sauceviejo.gob.ar\/sauceonline\/medio-ambiente-y-zoonosis\/#primaryimage"},"thumbnailUrl":"https:\/\/sauceviejo.gob.ar\/sauceonline\/wp-content\/uploads\/2025\/04\/pexels-photo-1108099-1108099-scaled.jpg","datePublished":"2023-03-01T18:53:56+00:00","dateModified":"2025-04-30T08:35:44+00:00","breadcrumb":{"@id":"https:\/\/sauceviejo.gob.ar\/sauceonline\/medio-ambiente-y-zoonosis\/#breadcrumb"},"inLanguage":"es","potentialAction":[{"@type":"ReadAction","target":["https:\/\/sauceviejo.gob.ar\/sauceonline\/medio-ambiente-y-zoonosis\/"]}]},{"@type":"ImageObject","inLanguage":"es","@id":"https:\/\/sauceviejo.gob.ar\/sauceonline\/medio-ambiente-y-zoonosis\/#primaryimage","url":"https:\/\/sauceviejo.gob.ar\/sauceonline\/wp-content\/uploads\/2025\/04\/pexels-photo-1108099-1108099-scaled.jpg","contentUrl":"https:\/\/sauceviejo.gob.ar\/sauceonline\/wp-content\/uploads\/2025\/04\/pexels-photo-1108099-1108099-scaled.jpg","width":2560,"height":1920,"caption":"Adorable golden retriever puppies sitting in a field of flowers, enjoying a sunny day."},{"@type":"BreadcrumbList","@id":"https:\/\/sauceviejo.gob.ar\/sauceonline\/medio-ambiente-y-zoonosis\/#breadcrumb","itemListElement":[{"@type":"ListItem","position":1,"name":"Portada","item":"https:\/\/sauceviejo.gob.ar\/sauceonline\/"},{"@type":"ListItem","position":2,"name":"Ambiente y Zoonosis"}]},{"@type":"WebSite","@id":"https:\/\/sauceviejo.gob.ar\/sauceonline\/#website","url":"https:\/\/sauceviejo.gob.ar\/sauceonline\/","name":"Municipalidad de Sauce Viejo","description":"","publisher":{"@id":"https:\/\/sauceviejo.gob.ar\/sauceonline\/#organization"},"potentialAction":[{"@type":"SearchAction","target":{"@type":"EntryPoint","urlTemplate":"https:\/\/sauceviejo.gob.ar\/sauceonline\/?s={search_term_string}"},"query-input":{"@type":"PropertyValueSpecification","valueRequired":true,"valueName":"search_term_string"}}],"inLanguage":"es"},{"@type":"Organization","@id":"https:\/\/sauceviejo.gob.ar\/sauceonline\/#organization","name":"Municipalidad de Sauce Viejo","url":"https:\/\/sauceviejo.gob.ar\/sauceonline\/","logo":{"@type":"ImageObject","inLanguage":"es","@id":"https:\/\/sauceviejo.gob.ar\/sauceonline\/#\/schema\/logo\/image\/","url":"https:\/\/sauceviejo.gob.ar\/sauceonline\/wp-content\/uploads\/2024\/11\/Logo.png","contentUrl":"https:\/\/sauceviejo.gob.ar\/sauceonline\/wp-content\/uploads\/2024\/11\/Logo.png","width":225,"height":225,"caption":"Municipalidad de Sauce Viejo"},"image":{"@id":"https:\/\/sauceviejo.gob.ar\/sauceonline\/#\/schema\/logo\/image\/"},"sameAs":["https:\/\/www.facebook.com\/MunicipalidadDeSauceViejo","https:\/\/x.com\/sauceviejomuni"]}]}},"uagb_featured_image_src":{"full":["https:\/\/sauceviejo.gob.ar\/sauceonline\/wp-content\/uploads\/2025\/04\/pexels-photo-1108099-1108099-scaled.jpg",2560,1920,false],"thumbnail":["https:\/\/sauceviejo.gob.ar\/sauceonline\/wp-content\/uploads\/2025\/04\/pexels-photo-1108099-1108099-150x150.jpg",150,150,true],"medium":["https:\/\/sauceviejo.gob.ar\/sauceonline\/wp-content\/uploads\/2025\/04\/pexels-photo-1108099-1108099-300x225.jpg",300,225,true],"medium_large":["https:\/\/sauceviejo.gob.ar\/sauceonline\/wp-content\/uploads\/2025\/04\/pexels-photo-1108099-1108099-768x576.jpg",768,576,true],"large":["https:\/\/sauceviejo.gob.ar\/sauceonline\/wp-content\/uploads\/2025\/04\/pexels-photo-1108099-1108099-1024x768.jpg",1024,768,true],"1536x1536":["https:\/\/sauceviejo.gob.ar\/sauceonline\/wp-content\/uploads\/2025\/04\/pexels-photo-1108099-1108099-1536x1152.jpg",1536,1152,true],"2048x2048":["https:\/\/sauceviejo.gob.ar\/sauceonline\/wp-content\/uploads\/2025\/04\/pexels-photo-1108099-1108099-2048x1536.jpg",2048,1536,true],"ultp_layout_landscape_large":["https:\/\/sauceviejo.gob.ar\/sauceonline\/wp-content\/uploads\/2025\/04\/pexels-photo-1108099-1108099-1200x800.jpg",1200,800,true],"ultp_layout_landscape":["https:\/\/sauceviejo.gob.ar\/sauceonline\/wp-content\/uploads\/2025\/04\/pexels-photo-1108099-1108099-870x570.jpg",870,570,true],"ultp_layout_portrait":["https:\/\/sauceviejo.gob.ar\/sauceonline\/wp-content\/uploads\/2025\/04\/pexels-photo-1108099-1108099-600x900.jpg",600,900,true],"ultp_layout_square":["https:\/\/sauceviejo.gob.ar\/sauceonline\/wp-content\/uploads\/2025\/04\/pexels-photo-1108099-1108099-600x600.jpg",600,600,true]},"uagb_author_info":{"display_name":"Pablo Bellafronte","author_link":"https:\/\/sauceviejo.gob.ar\/sauceonline\/author\/vu000925\/"},"uagb_comment_info":0,"uagb_excerpt":"Ambiente y Zoonosis Desde el comienzo de la gesti\u00f3n se vacunaron contra la rabia a 5168 animales incluyendo en este mes vacunas antirrabicas en una jornada especial en veterinarias particulares. Fueron 3603 animales esterilizados enfatizando la importancia de dicha pr\u00e1ctica 23 jornadas de Atenci\u00f3n Veterinaria Basica d\u00e1ndole atenci\u00f3n primaria a 786 animales Trabajando en coordinaci\u00f3n...","_links":{"self":[{"href":"https:\/\/sauceviejo.gob.ar\/sauceonline\/wp-json\/wp\/v2\/pages\/1489","targetHints":{"allow":["GET"]}}],"collection":[{"href":"https:\/\/sauceviejo.gob.ar\/sauceonline\/wp-json\/wp\/v2\/pages"}],"about":[{"href":"https:\/\/sauceviejo.gob.ar\/sauceonline\/wp-json\/wp\/v2\/types\/page"}],"author":[{"embeddable":true,"href":"https:\/\/sauceviejo.gob.ar\/sauceonline\/wp-json\/wp\/v2\/users\/2"}],"replies":[{"embeddable":true,"href":"https:\/\/sauceviejo.gob.ar\/sauceonline\/wp-json\/wp\/v2\/comments?post=1489"}],"version-history":[{"count":80,"href":"https:\/\/sauceviejo.gob.ar\/sauceonline\/wp-json\/wp\/v2\/pages\/1489\/revisions"}],"predecessor-version":[{"id":10718,"href":"https:\/\/sauceviejo.gob.ar\/sauceonline\/wp-json\/wp\/v2\/pages\/1489\/revisions\/10718"}],"wp:featuredmedia":[{"embeddable":true,"href":"https:\/\/sauceviejo.gob.ar\/sauceonline\/wp-json\/wp\/v2\/media\/10720"}],"wp:attachment":[{"href":"https:\/\/sauceviejo.gob.ar\/sauceonline\/wp-json\/wp\/v2\/media?parent=1489"}],"curies":[{"name":"wp","href":"https:\/\/api.w.org\/{rel}","templated":true}]}}