{"id":1528,"date":"2023-03-01T16:12:23","date_gmt":"2023-03-01T19:12:23","guid":{"rendered":"https:\/\/sauceviejo.gob.ar\/sauceonline\/?page_id=1528"},"modified":"2023-04-25T04:53:48","modified_gmt":"2023-04-25T07:53:48","slug":"ninez-adultos-mayores-discapacidad-y-genero","status":"publish","type":"page","link":"https:\/\/sauceviejo.gob.ar\/sauceonline\/ninez-adultos-mayores-discapacidad-y-genero\/","title":{"rendered":"Infancia y adolescencia, Adultos mayores, Discapacidad, G\u00e9nero y diversidad"},"content":{"rendered":"<!-- VideographyWP Plugin Message: Automatic video embedding prevented by plugin options. -->\n\n<div style=\"height:100px\" aria-hidden=\"true\" class=\"wp-block-spacer\"><\/div>\n\n\n\n<div class=\"wp-block-uagb-advanced-heading uagb-block-3944eaf0\"><h2 class=\"uagb-heading-text\">Infancia y adolescencia, Adultos mayores, Discapacidad, G\u00e9nero y diversidad<\/h2><\/div>\n\n\n\n<p class=\"has-ast-global-color-1-color has-text-color has-small-font-size\"><strong>Tec. Andrea Vanina Cueto<\/strong><\/p>\n\n\n\n<div class=\"wp-block-uagb-tabs uagb-block-1efa824a uagb-tabs__wrap uagb-tabs__vstyle7-desktop uagb-tabs__vstyle6-tablet uagb-tabs__stack1-mobile\" data-tab-active=\"0\"><ul class=\"uagb-tabs__panel uagb-tabs__align-left\" role=\"tablist\"><li class=\"uagb-tab uagb-tabs__active\" role=\"none\"><a href=\"#uagb-tabs__tab0\" class=\"uagb-tabs-list uagb-tabs__icon-position-bottom\" data-tab=\"0\" role=\"tab\"><strong>INFANCIAS Y ADOLESCENCIAS<\/strong><span class=\"uagb-tabs__icon\"><svg xmlns=\"https:\/\/www.w3.org\/2000\/svg\" viewBox=\"0 0 384 512\"><path d=\"M192 384c-8.188 0-16.38-3.125-22.62-9.375l-160-160c-12.5-12.5-12.5-32.75 0-45.25s32.75-12.5 45.25 0L192 306.8l137.4-137.4c12.5-12.5 32.75-12.5 45.25 0s12.5 32.75 0 45.25l-160 160C208.4 380.9 200.2 384 192 384z\"><\/path><\/svg><\/span><\/a><\/li><li class=\"uagb-tab \" role=\"none\"><a href=\"#uagb-tabs__tab1\" class=\"uagb-tabs-list uagb-tabs__icon-position-bottom\" data-tab=\"1\" role=\"tab\"><strong>ADULTOS MAYORES<\/strong><span class=\"uagb-tabs__icon\"><svg xmlns=\"https:\/\/www.w3.org\/2000\/svg\" viewBox=\"0 0 384 512\"><path d=\"M192 384c-8.188 0-16.38-3.125-22.62-9.375l-160-160c-12.5-12.5-12.5-32.75 0-45.25s32.75-12.5 45.25 0L192 306.8l137.4-137.4c12.5-12.5 32.75-12.5 45.25 0s12.5 32.75 0 45.25l-160 160C208.4 380.9 200.2 384 192 384z\"><\/path><\/svg><\/span><\/a><\/li><li class=\"uagb-tab \" role=\"none\"><a href=\"#uagb-tabs__tab2\" class=\"uagb-tabs-list uagb-tabs__icon-position-bottom\" data-tab=\"2\" role=\"tab\"><strong>DISCAPACIDAD E INCLUSION<\/strong><span class=\"uagb-tabs__icon\"><svg xmlns=\"https:\/\/www.w3.org\/2000\/svg\" viewBox=\"0 0 384 512\"><path d=\"M192 384c-8.188 0-16.38-3.125-22.62-9.375l-160-160c-12.5-12.5-12.5-32.75 0-45.25s32.75-12.5 45.25 0L192 306.8l137.4-137.4c12.5-12.5 32.75-12.5 45.25 0s12.5 32.75 0 45.25l-160 160C208.4 380.9 200.2 384 192 384z\"><\/path><\/svg><\/span><\/a><\/li><li class=\"uagb-tab \" role=\"none\"><a href=\"#uagb-tabs__tab3\" class=\"uagb-tabs-list uagb-tabs__icon-position-bottom\" data-tab=\"3\" role=\"tab\"><strong>G\u00c9NERO Y DIVERSIDAD<\/strong><span class=\"uagb-tabs__icon\"><svg xmlns=\"https:\/\/www.w3.org\/2000\/svg\" viewBox=\"0 0 384 512\"><path d=\"M192 384c-8.188 0-16.38-3.125-22.62-9.375l-160-160c-12.5-12.5-12.5-32.75 0-45.25s32.75-12.5 45.25 0L192 306.8l137.4-137.4c12.5-12.5 32.75-12.5 45.25 0s12.5 32.75 0 45.25l-160 160C208.4 380.9 200.2 384 192 384z\"><\/path><\/svg><\/span><\/a><\/li><\/ul><div class=\"uagb-tabs__body-wrap\">\n<div class=\"wp-block-uagb-tabs-child uagb-tabs__body-container uagb-inner-tab-0\" aria-labelledby=\"uagb-tabs__tab0\">\n<p><strong>EQUIPO DE INFANCIAS Y ADOLESCENCIAS<\/strong><\/p>\n\n\n\n<p>Recibe situaci\u00f3nes que involucren&nbsp; vulneraci\u00f3n de derechos hacia ni\u00f1os, ni\u00f1as y adolescentes trabajando como equipo de primer nivel de intervenci\u00f3n mediante la prevenci\u00f3n y promoci\u00f3n para &nbsp;garantizar derechos desde el modelo&nbsp; de Protecci\u00f3n Integral.<\/p>\n\n\n\n<p>&nbsp;El equipo local est\u00e1 conformado por psic\u00f3loga, trabajadora social y abogada que escuchan la situaci\u00f3n para luego acompa\u00f1ar, asesorar o derivar hacia las \u00e1reas que se consideren necesarias.&nbsp; As\u00ed como tambi\u00e9n contamos con psic\u00f3loga que realiza tratamiento cl\u00ednico y terap\u00e9utico hacia ni\u00f1os, ni\u00f1as y adolescentes.<\/p>\n\n\n\n<p>Se realiza un trabajo articulado en nuestra&nbsp; ciudad con los establecimientos educativos, Centros de atenci\u00f3n a la ni\u00f1ez y las familias, centros de salud, hospitales,&nbsp; comisarias, Secretaria de los Derechos de Ni\u00f1ez, Adolescencia y Familia,&nbsp; entre otros.<\/p>\n\n\n\n<p>LINEA 102: servicio gratuito y confidencial que brinda atenci\u00f3n y orientaci\u00f3n en temas vinculados a ni\u00f1os, ni\u00f1as y adolescentes.<\/p>\n\n\n\n<p>342 5366264 whatsaap 8 a 13 horas<\/p>\n\n\n\n<p>4950212 llamadas calle C\u00f3rdoba y Uruguay (Centro Integrador Comunitario)<\/p>\n\n\n\n<p>4995967 calle 6 Centro Municipal Norte.<\/p>\n<\/div>\n\n\n\n<div class=\"wp-block-uagb-tabs-child uagb-tabs__body-container uagb-inner-tab-1\" aria-labelledby=\"uagb-tabs__tab1\">\n<p><strong>ADULTOS MAYORES<\/strong><\/p>\n\n\n\n<p>La direcci\u00f3n de personas mayores de la Municipalidad de sauce viejo realiza atenciones en dos puntos de la ciudad mediante trabajadoras sociales que orientan sobre pensiones o tr\u00e1mites relacionados con los adultos mayores.<\/p>\n\n\n\n<p>Pensando al Adulto mayor desde el paradigma de Envejecimiento activo, el cual seg\u00fan la Organizaci\u00f3n Mundial de la Salud (OMS) consiste en optimizar el bienestar en tres niveles:<\/p>\n\n\n\n<p><strong>F\u00edsico<\/strong>: todo aquello que tenga que ver con nuestro organismo.<\/p>\n\n\n\n<p><strong>Social<\/strong>: en las interacciones que establecemos con otros.<\/p>\n\n\n\n<p><strong>Mental<\/strong>: relacionado con el mundo afectivo y cognitivo del ser humano.<\/p>\n\n\n\n<p>Es por esto que por medio de la implementaci\u00f3n de talleres se convoca al encuentro de las personas mayores para fortalecer el intercambio, la socializaci\u00f3n, favorecer la autoestima y permanecer activos.<\/p>\n\n\n\n<p>Actualmente se est\u00e1n desarrollando tres talleres:<\/p>\n\n\n\n<p><em>Taller de memoria y estimulaci\u00f3n cognitiva<\/em> basado en dos ejes tem\u00e1ticos: uno de ingenio con el fin de entretener, activar la mente y sociabilizar y el otro de razonamiento tendiente a mejorar el funcionamiento de la memoria, la capacidad l\u00f3gica y la comprensi\u00f3n.<\/p>\n\n\n\n<p><em>Taller de gimnasia terap\u00e9utica y ritmos:<\/em> basado en la realizaci\u00f3n de una seria de ejercicios que ayuden a suavizar molestias f\u00edsicas o restaurar funciones, as\u00ed como tambi\u00e9n promover la salud y las buenas pr\u00e1cticas de la actividad f\u00edsica para prevenir patolog\u00edas especificas en personas sanas como tambi\u00e9n tratar la rehabilitaci\u00f3n en personas donde haya una enfermedad instalada.<\/p>\n\n\n\n<p>A su vez evitar el sedentarismo, fomentar la socializaci\u00f3n y el deterioro tanto muscular como cognitivo.<\/p>\n\n\n\n<p><em>Taller de tejido y manualidaes:<\/em> para promover la creatividad y creaci\u00f3n&nbsp; de elementos con simples materiales de bajo costos. A su vez es un espacio de intercambio y socializaci\u00f3n que permite conocerse e incentivarse.<\/p>\n\n\n\n<p>Atenciones:<\/p>\n\n\n\n<p>&nbsp;Lunes, mi\u00e9rcoles y viernes de 8 a 13 horas Centro municipal Norte<\/p>\n\n\n\n<p>Martes y jueves: Centro Integrador comunitario del barrio Adelina este de 8 a 13 horas<\/p>\n\n\n\n<p>De lunes a viernes de 8 a 13 horas en el Centro Integrador comunitario de zona centro Calle Cordoba y Uruguay<\/p>\n<\/div>\n\n\n\n<div class=\"wp-block-uagb-tabs-child uagb-tabs__body-container uagb-inner-tab-2\" aria-labelledby=\"uagb-tabs__tab2\">\n<p><strong>DISCAPACIDAD E INCLUSION<\/strong><\/p>\n\n\n\n<p>La direcci\u00f3n de personas con discapacidad realiza asesoramiento y gestiones respecto a pensiones por discapacidad, jubilaci\u00f3n por invalidez, turnos para solicitar el certificado \u00fanico de discapacidad, acompa\u00f1amientos sobre asesor\u00eda legal gratuito&nbsp; en cuestiones de salud y discapacidad sobre prestaciones de obras sociales.<\/p>\n\n\n\n<p>Actualmente se est\u00e1 realizando un relevamiento \u00fanico de personas con discapacidad (hay un formulario google) con el objetivo de conocer las personas y las patolog\u00edas para ofrecer instancias de encuentros y posibles talleres acordes a los intereses, necesidades y gustos.<\/p>\n\n\n\n<p>De lunes a viernes el \u00e1rea cuenta con una trafic de discapacidad con capacidad de 7 asientos que traslada a ni\u00f1os, ni\u00f1as y adolescentes a las escuelas laborales y espaciales de a ciudad de santa fe y santo tome.<\/p>\n\n\n\n<p>Atenciones: todos los martes de 8 a 14 horas en las instalaciones del centro Integrador comunitario y en el Centro municipal Norte.<\/p>\n<\/div>\n\n\n\n<div class=\"wp-block-uagb-tabs-child uagb-tabs__body-container uagb-inner-tab-3\" aria-labelledby=\"uagb-tabs__tab3\">\n<p><strong>G\u00c9NERO Y DIVERSIDAD<\/strong><\/p>\n\n\n\n<p>La direcci\u00f3n de g\u00e9nero y diversidad cuenta con equipo interdisciplinario que recibe, escucha, asesora, acompa\u00f1a y gestiona situaciones de violencia de mujeres por motivos de g\u00e9nero. Asi como tambi\u00e9n a las personas de la diversidad acompa\u00f1ando y ofreciendo un espacio de intercambio y de encuentro.<\/p>\n\n\n\n<p>Se trabaja en prevenci\u00f3n y promoci\u00f3n de derechos bajo la Ley de protecci\u00f3n Integral a las mujeres N\u00b0 26485 y capacitando a aquellas personas que se encuentren en espacios de atenci\u00f3n del \u00e1mbito publico y privado.<\/p>\n\n\n\n<p>Atiende en las instalaciones del punto Violeta, calle Las Palmeras y Ruta 11 del Barrio Uspallata de lunes a viernes de 8 a 13 y cuenta con una guardia telef\u00f3nica las 24 horas 342 4289131<\/p>\n\n\n\n<p>Por urgencias: 911<\/p>\n\n\n\n<p>Denuncias: Centro territorial de denuncias calle 9 de julio y manuel Galvez<\/p>\n\n\n\n<p>Comisarias: sub 13 , 19 y sub 16.<\/p>\n<\/div>\n<\/div><\/div>\n","protected":false},"excerpt":{"rendered":"<p>Infancia y adolescencia, Adultos mayores, Discapacidad, G\u00e9nero y diversidad Tec. Andrea Vanina Cueto<\/p>\n","protected":false},"author":2,"featured_media":0,"parent":0,"menu_order":0,"comment_status":"closed","ping_status":"closed","template":"","meta":{"_uag_custom_page_level_css":"","_kad_post_transparent":"","_kad_post_title":"","_kad_post_layout":"","_kad_post_sidebar_id":"","_kad_post_content_style":"","_kad_post_vertical_padding":"","_kad_post_feature":"","_kad_post_feature_position":"","_kad_post_header":false,"_kad_post_footer":false,"_kad_post_classname":"","footnotes":""},"class_list":["post-1528","page","type-page","status-publish","hentry"],"yoast_head":"<!-- This site is optimized with the Yoast SEO plugin v25.2 - https:\/\/yoast.com\/wordpress\/plugins\/seo\/ -->\n<title>Infancia y adolescencia, Adultos mayores, Discapacidad, G\u00e9nero y diversidad - Municipalidad de Sauce Viejo<\/title>\n<meta name=\"robots\" content=\"index, follow, max-snippet:-1, max-image-preview:large, max-video-preview:-1\" \/>\n<link rel=\"canonical\" href=\"https:\/\/sauceviejo.gob.ar\/sauceonline\/ninez-adultos-mayores-discapacidad-y-genero\/\" \/>\n<meta property=\"og:locale\" content=\"es_ES\" \/>\n<meta property=\"og:type\" content=\"article\" \/>\n<meta property=\"og:title\" content=\"Infancia y adolescencia, Adultos mayores, Discapacidad, G\u00e9nero y diversidad - Municipalidad de Sauce Viejo\" \/>\n<meta property=\"og:description\" content=\"Infancia y adolescencia, Adultos mayores, Discapacidad, G\u00e9nero y diversidad Tec. Andrea Vanina Cueto\" \/>\n<meta property=\"og:url\" content=\"https:\/\/sauceviejo.gob.ar\/sauceonline\/ninez-adultos-mayores-discapacidad-y-genero\/\" \/>\n<meta property=\"og:site_name\" content=\"Municipalidad de Sauce Viejo\" \/>\n<meta property=\"article:publisher\" content=\"https:\/\/www.facebook.com\/MunicipalidadDeSauceViejo\" \/>\n<meta property=\"article:modified_time\" content=\"2023-04-25T07:53:48+00:00\" \/>\n<meta property=\"og:image\" content=\"https:\/\/sauceviejo.gob.ar\/sauceonline\/wp-content\/uploads\/2024\/11\/Sauce.jpg\" \/>\n\t<meta property=\"og:image:width\" content=\"1200\" \/>\n\t<meta property=\"og:image:height\" content=\"555\" \/>\n\t<meta property=\"og:image:type\" content=\"image\/jpeg\" \/>\n<meta name=\"twitter:card\" content=\"summary_large_image\" \/>\n<meta name=\"twitter:site\" content=\"@sauceviejomuni\" \/>\n<meta name=\"twitter:label1\" content=\"Tiempo de lectura\" \/>\n\t<meta name=\"twitter:data1\" content=\"4 minutos\" \/>\n<script type=\"application\/ld+json\" class=\"yoast-schema-graph\">{\"@context\":\"https:\/\/schema.org\",\"@graph\":[{\"@type\":\"WebPage\",\"@id\":\"https:\/\/sauceviejo.gob.ar\/sauceonline\/ninez-adultos-mayores-discapacidad-y-genero\/\",\"url\":\"https:\/\/sauceviejo.gob.ar\/sauceonline\/ninez-adultos-mayores-discapacidad-y-genero\/\",\"name\":\"Infancia y adolescencia, Adultos mayores, Discapacidad, G\u00e9nero y diversidad - Municipalidad de Sauce Viejo\",\"isPartOf\":{\"@id\":\"https:\/\/sauceviejo.gob.ar\/sauceonline\/#website\"},\"datePublished\":\"2023-03-01T19:12:23+00:00\",\"dateModified\":\"2023-04-25T07:53:48+00:00\",\"breadcrumb\":{\"@id\":\"https:\/\/sauceviejo.gob.ar\/sauceonline\/ninez-adultos-mayores-discapacidad-y-genero\/#breadcrumb\"},\"inLanguage\":\"es\",\"potentialAction\":[{\"@type\":\"ReadAction\",\"target\":[\"https:\/\/sauceviejo.gob.ar\/sauceonline\/ninez-adultos-mayores-discapacidad-y-genero\/\"]}]},{\"@type\":\"BreadcrumbList\",\"@id\":\"https:\/\/sauceviejo.gob.ar\/sauceonline\/ninez-adultos-mayores-discapacidad-y-genero\/#breadcrumb\",\"itemListElement\":[{\"@type\":\"ListItem\",\"position\":1,\"name\":\"Portada\",\"item\":\"https:\/\/sauceviejo.gob.ar\/sauceonline\/\"},{\"@type\":\"ListItem\",\"position\":2,\"name\":\"Infancia y adolescencia, Adultos mayores, Discapacidad, G\u00e9nero y diversidad\"}]},{\"@type\":\"WebSite\",\"@id\":\"https:\/\/sauceviejo.gob.ar\/sauceonline\/#website\",\"url\":\"https:\/\/sauceviejo.gob.ar\/sauceonline\/\",\"name\":\"Municipalidad de Sauce Viejo\",\"description\":\"\",\"publisher\":{\"@id\":\"https:\/\/sauceviejo.gob.ar\/sauceonline\/#organization\"},\"potentialAction\":[{\"@type\":\"SearchAction\",\"target\":{\"@type\":\"EntryPoint\",\"urlTemplate\":\"https:\/\/sauceviejo.gob.ar\/sauceonline\/?s={search_term_string}\"},\"query-input\":{\"@type\":\"PropertyValueSpecification\",\"valueRequired\":true,\"valueName\":\"search_term_string\"}}],\"inLanguage\":\"es\"},{\"@type\":\"Organization\",\"@id\":\"https:\/\/sauceviejo.gob.ar\/sauceonline\/#organization\",\"name\":\"Municipalidad de Sauce Viejo\",\"url\":\"https:\/\/sauceviejo.gob.ar\/sauceonline\/\",\"logo\":{\"@type\":\"ImageObject\",\"inLanguage\":\"es\",\"@id\":\"https:\/\/sauceviejo.gob.ar\/sauceonline\/#\/schema\/logo\/image\/\",\"url\":\"https:\/\/sauceviejo.gob.ar\/sauceonline\/wp-content\/uploads\/2024\/11\/Logo.png\",\"contentUrl\":\"https:\/\/sauceviejo.gob.ar\/sauceonline\/wp-content\/uploads\/2024\/11\/Logo.png\",\"width\":225,\"height\":225,\"caption\":\"Municipalidad de Sauce Viejo\"},\"image\":{\"@id\":\"https:\/\/sauceviejo.gob.ar\/sauceonline\/#\/schema\/logo\/image\/\"},\"sameAs\":[\"https:\/\/www.facebook.com\/MunicipalidadDeSauceViejo\",\"https:\/\/x.com\/sauceviejomuni\"]}]}<\/script>\n<!-- \/ Yoast SEO plugin. -->","yoast_head_json":{"title":"Infancia y adolescencia, Adultos mayores, Discapacidad, G\u00e9nero y diversidad - Municipalidad de Sauce Viejo","robots":{"index":"index","follow":"follow","max-snippet":"max-snippet:-1","max-image-preview":"max-image-preview:large","max-video-preview":"max-video-preview:-1"},"canonical":"https:\/\/sauceviejo.gob.ar\/sauceonline\/ninez-adultos-mayores-discapacidad-y-genero\/","og_locale":"es_ES","og_type":"article","og_title":"Infancia y adolescencia, Adultos mayores, Discapacidad, G\u00e9nero y diversidad - Municipalidad de Sauce Viejo","og_description":"Infancia y adolescencia, Adultos mayores, Discapacidad, G\u00e9nero y diversidad Tec. Andrea Vanina Cueto","og_url":"https:\/\/sauceviejo.gob.ar\/sauceonline\/ninez-adultos-mayores-discapacidad-y-genero\/","og_site_name":"Municipalidad de Sauce Viejo","article_publisher":"https:\/\/www.facebook.com\/MunicipalidadDeSauceViejo","article_modified_time":"2023-04-25T07:53:48+00:00","og_image":[{"width":1200,"height":555,"url":"https:\/\/sauceviejo.gob.ar\/sauceonline\/wp-content\/uploads\/2024\/11\/Sauce.jpg","type":"image\/jpeg"}],"twitter_card":"summary_large_image","twitter_site":"@sauceviejomuni","twitter_misc":{"Tiempo de lectura":"4 minutos"},"schema":{"@context":"https:\/\/schema.org","@graph":[{"@type":"WebPage","@id":"https:\/\/sauceviejo.gob.ar\/sauceonline\/ninez-adultos-mayores-discapacidad-y-genero\/","url":"https:\/\/sauceviejo.gob.ar\/sauceonline\/ninez-adultos-mayores-discapacidad-y-genero\/","name":"Infancia y adolescencia, Adultos mayores, Discapacidad, G\u00e9nero y diversidad - Municipalidad de Sauce Viejo","isPartOf":{"@id":"https:\/\/sauceviejo.gob.ar\/sauceonline\/#website"},"datePublished":"2023-03-01T19:12:23+00:00","dateModified":"2023-04-25T07:53:48+00:00","breadcrumb":{"@id":"https:\/\/sauceviejo.gob.ar\/sauceonline\/ninez-adultos-mayores-discapacidad-y-genero\/#breadcrumb"},"inLanguage":"es","potentialAction":[{"@type":"ReadAction","target":["https:\/\/sauceviejo.gob.ar\/sauceonline\/ninez-adultos-mayores-discapacidad-y-genero\/"]}]},{"@type":"BreadcrumbList","@id":"https:\/\/sauceviejo.gob.ar\/sauceonline\/ninez-adultos-mayores-discapacidad-y-genero\/#breadcrumb","itemListElement":[{"@type":"ListItem","position":1,"name":"Portada","item":"https:\/\/sauceviejo.gob.ar\/sauceonline\/"},{"@type":"ListItem","position":2,"name":"Infancia y adolescencia, Adultos mayores, Discapacidad, G\u00e9nero y diversidad"}]},{"@type":"WebSite","@id":"https:\/\/sauceviejo.gob.ar\/sauceonline\/#website","url":"https:\/\/sauceviejo.gob.ar\/sauceonline\/","name":"Municipalidad de Sauce Viejo","description":"","publisher":{"@id":"https:\/\/sauceviejo.gob.ar\/sauceonline\/#organization"},"potentialAction":[{"@type":"SearchAction","target":{"@type":"EntryPoint","urlTemplate":"https:\/\/sauceviejo.gob.ar\/sauceonline\/?s={search_term_string}"},"query-input":{"@type":"PropertyValueSpecification","valueRequired":true,"valueName":"search_term_string"}}],"inLanguage":"es"},{"@type":"Organization","@id":"https:\/\/sauceviejo.gob.ar\/sauceonline\/#organization","name":"Municipalidad de Sauce Viejo","url":"https:\/\/sauceviejo.gob.ar\/sauceonline\/","logo":{"@type":"ImageObject","inLanguage":"es","@id":"https:\/\/sauceviejo.gob.ar\/sauceonline\/#\/schema\/logo\/image\/","url":"https:\/\/sauceviejo.gob.ar\/sauceonline\/wp-content\/uploads\/2024\/11\/Logo.png","contentUrl":"https:\/\/sauceviejo.gob.ar\/sauceonline\/wp-content\/uploads\/2024\/11\/Logo.png","width":225,"height":225,"caption":"Municipalidad de Sauce Viejo"},"image":{"@id":"https:\/\/sauceviejo.gob.ar\/sauceonline\/#\/schema\/logo\/image\/"},"sameAs":["https:\/\/www.facebook.com\/MunicipalidadDeSauceViejo","https:\/\/x.com\/sauceviejomuni"]}]}},"uagb_featured_image_src":{"full":false,"thumbnail":false,"medium":false,"medium_large":false,"large":false,"1536x1536":false,"2048x2048":false,"ultp_layout_landscape_large":false,"ultp_layout_landscape":false,"ultp_layout_portrait":false,"ultp_layout_square":false},"uagb_author_info":{"display_name":"Pablo Bellafronte","author_link":"https:\/\/sauceviejo.gob.ar\/sauceonline\/author\/vu000925\/"},"uagb_comment_info":0,"uagb_excerpt":"Infancia y adolescencia, Adultos mayores, Discapacidad, G\u00e9nero y diversidad Tec. Andrea Vanina Cueto","_links":{"self":[{"href":"https:\/\/sauceviejo.gob.ar\/sauceonline\/wp-json\/wp\/v2\/pages\/1528","targetHints":{"allow":["GET"]}}],"collection":[{"href":"https:\/\/sauceviejo.gob.ar\/sauceonline\/wp-json\/wp\/v2\/pages"}],"about":[{"href":"https:\/\/sauceviejo.gob.ar\/sauceonline\/wp-json\/wp\/v2\/types\/page"}],"author":[{"embeddable":true,"href":"https:\/\/sauceviejo.gob.ar\/sauceonline\/wp-json\/wp\/v2\/users\/2"}],"replies":[{"embeddable":true,"href":"https:\/\/sauceviejo.gob.ar\/sauceonline\/wp-json\/wp\/v2\/comments?post=1528"}],"version-history":[{"count":8,"href":"https:\/\/sauceviejo.gob.ar\/sauceonline\/wp-json\/wp\/v2\/pages\/1528\/revisions"}],"predecessor-version":[{"id":5404,"href":"https:\/\/sauceviejo.gob.ar\/sauceonline\/wp-json\/wp\/v2\/pages\/1528\/revisions\/5404"}],"wp:attachment":[{"href":"https:\/\/sauceviejo.gob.ar\/sauceonline\/wp-json\/wp\/v2\/media?parent=1528"}],"curies":[{"name":"wp","href":"https:\/\/api.w.org\/{rel}","templated":true}]}}